{"id":4032,"date":"2016-05-20T09:55:31","date_gmt":"2016-05-20T07:55:31","guid":{"rendered":"https:\/\/icfrc.frthe-foundation\/gouvernance\/"},"modified":"2025-03-24T13:34:38","modified_gmt":"2025-03-24T12:34:38","slug":"gouvernance","status":"publish","type":"page","link":"https:\/\/fondation-lehn.fr\/en\/gouvernance\/","title":{"rendered":"La gouvernance"},"content":{"rendered":"\t\t<div data-elementor-type=\"wp-page\" data-elementor-id=\"4032\" class=\"elementor elementor-4032 elementor-19\" data-elementor-post-type=\"page\">\n\t\t\t\t\t\t<section class=\"elementor-section elementor-top-section elementor-element elementor-element-93e6315 elementor-section-stretched elementor-section-height-min-height elementor-section-boxed elementor-section-height-default elementor-section-items-middle\" data-id=\"93e6315\" data-element_type=\"section\" data-settings=\"{&quot;stretch_section&quot;:&quot;section-stretched&quot;,&quot;background_background&quot;:&quot;slideshow&quot;,&quot;background_slideshow_gallery&quot;:[{&quot;id&quot;:7139,&quot;url&quot;:&quot;https:\\\/\\\/fondation-lehn.fr\\\/\\\/wp-content\\\/uploads\\\/2020\\\/04\\\/O5MCDL0-2-tiny.jpg&quot;}],&quot;background_slideshow_loop&quot;:&quot;yes&quot;,&quot;background_slideshow_slide_duration&quot;:5000,&quot;background_slideshow_slide_transition&quot;:&quot;fade&quot;,&quot;background_slideshow_transition_duration&quot;:500}\">\n\t\t\t\t\t\t<div class=\"elementor-container elementor-column-gap-default\">\n\t\t\t\t\t<div class=\"elementor-column elementor-col-50 elementor-top-column elementor-element elementor-element-3de2658\" data-id=\"3de2658\" data-element_type=\"column\">\n\t\t\t<div class=\"elementor-widget-wrap elementor-element-populated\">\n\t\t\t\t\t\t<div class=\"elementor-element elementor-element-f591658 elementor-widget elementor-widget-heading\" data-id=\"f591658\" data-element_type=\"widget\" data-widget_type=\"heading.default\">\n\t\t\t\t<div class=\"elementor-widget-container\">\n\t\t\t<h1 class=\"elementor-heading-title elementor-size-default\">La gouvernance<\/h1>\t\t<\/div>\n\t\t\t\t<\/div>\n\t\t\t\t\t<\/div>\n\t\t<\/div>\n\t\t\t\t<div class=\"elementor-column elementor-col-50 elementor-top-column elementor-element elementor-element-fd2ff3f\" data-id=\"fd2ff3f\" data-element_type=\"column\">\n\t\t\t<div class=\"elementor-widget-wrap\">\n\t\t\t\t\t\t\t<\/div>\n\t\t<\/div>\n\t\t\t\t\t<\/div>\n\t\t<\/section>\n\t\t\t\t<section class=\"elementor-section elementor-top-section elementor-element elementor-element-1de49e1 elementor-section-stretched elementor-section-boxed elementor-section-height-default elementor-section-height-default\" data-id=\"1de49e1\" data-element_type=\"section\" data-settings=\"{&quot;stretch_section&quot;:&quot;section-stretched&quot;}\">\n\t\t\t\t\t\t<div class=\"elementor-container elementor-column-gap-default\">\n\t\t\t\t\t<div class=\"elementor-column elementor-col-50 elementor-top-column elementor-element elementor-element-8469d99\" data-id=\"8469d99\" data-element_type=\"column\" data-settings=\"{&quot;background_background&quot;:&quot;classic&quot;}\">\n\t\t\t<div class=\"elementor-widget-wrap elementor-element-populated\">\n\t\t\t\t\t\t<div class=\"elementor-element elementor-element-865b7dd elementor-widget elementor-widget-heading\" data-id=\"865b7dd\" data-element_type=\"widget\" data-widget_type=\"heading.default\">\n\t\t\t\t<div class=\"elementor-widget-container\">\n\t\t\t<h2 class=\"elementor-heading-title elementor-size-large\">Conseil d'administration<\/h2>\t\t<\/div>\n\t\t\t\t<\/div>\n\t\t\t\t<div class=\"elementor-element elementor-element-a84bb88 elementor-widget elementor-widget-text-editor\" data-id=\"a84bb88\" data-element_type=\"widget\" data-widget_type=\"text-editor.default\">\n\t\t\t\t<div class=\"elementor-widget-container\">\n\t\t\t\t\t\t\t<p>Des repr\u00e9sentants des fondateurs et d\u2019instances r\u00e9gionales et des personnalit\u00e9s qualifi\u00e9es, responsables des d\u00e9cisions et des axes strat\u00e9giques de la Fondation.<\/p>\t\t\t\t\t\t<\/div>\n\t\t\t\t<\/div>\n\t\t\t\t<div class=\"elementor-element elementor-element-65ed9fb elementor-align-center elementor-widget elementor-widget-button\" data-id=\"65ed9fb\" data-element_type=\"widget\" data-widget_type=\"button.default\">\n\t\t\t\t<div class=\"elementor-widget-container\">\n\t\t\t\t\t<div class=\"elementor-button-wrapper\">\n\t\t\t<a class=\"elementor-button elementor-button-link elementor-size-xs\" href=\"https:\/\/fondation-lehn.fr\/\/gouvernance\/conseil-dadministration\/\">\n\t\t\t\t\t\t<span class=\"elementor-button-content-wrapper\">\n\t\t\t\t\t\t<span class=\"elementor-button-icon\">\n\t\t\t\t<i aria-hidden=\"true\" class=\"fas fa-users\"><\/i>\t\t\t<\/span>\n\t\t\t\t\t\t\t\t\t<span class=\"elementor-button-text\">Voir la composition<\/span>\n\t\t\t\t\t<\/span>\n\t\t\t\t\t<\/a>\n\t\t<\/div>\n\t\t\t\t<\/div>\n\t\t\t\t<\/div>\n\t\t\t\t\t<\/div>\n\t\t<\/div>\n\t\t\t\t<div class=\"elementor-column elementor-col-50 elementor-top-column elementor-element elementor-element-7eb4806\" data-id=\"7eb4806\" data-element_type=\"column\" data-settings=\"{&quot;background_background&quot;:&quot;classic&quot;}\">\n\t\t\t<div class=\"elementor-widget-wrap elementor-element-populated\">\n\t\t\t\t\t\t<div class=\"elementor-element elementor-element-9733efe elementor-widget elementor-widget-heading\" data-id=\"9733efe\" data-element_type=\"widget\" data-widget_type=\"heading.default\">\n\t\t\t\t<div class=\"elementor-widget-container\">\n\t\t\t<h2 class=\"elementor-heading-title elementor-size-large\">Comit\u00e9 de parrainage<\/h2>\t\t<\/div>\n\t\t\t\t<\/div>\n\t\t\t\t<div class=\"elementor-element elementor-element-eadcf7b elementor-widget elementor-widget-text-editor\" data-id=\"eadcf7b\" data-element_type=\"widget\" data-widget_type=\"text-editor.default\">\n\t\t\t\t<div class=\"elementor-widget-container\">\n\t\t\t\t\t\t\t<p>Des personnalit\u00e9s du monde politique, scientifique et industriel qui apportent leur soutien aux actions de la Fondation et l\u2019aide dans la recherche de m\u00e9c\u00e9nat.<\/p>\t\t\t\t\t\t<\/div>\n\t\t\t\t<\/div>\n\t\t\t\t<div class=\"elementor-element elementor-element-4e4afa4 elementor-align-center elementor-widget elementor-widget-button\" data-id=\"4e4afa4\" data-element_type=\"widget\" data-widget_type=\"button.default\">\n\t\t\t\t<div class=\"elementor-widget-container\">\n\t\t\t\t\t<div class=\"elementor-button-wrapper\">\n\t\t\t<a class=\"elementor-button elementor-button-link elementor-size-xs\" href=\"https:\/\/fondation-lehn.fr\/\/gouvernance\/comite-de-parrainage\">\n\t\t\t\t\t\t<span class=\"elementor-button-content-wrapper\">\n\t\t\t\t\t\t<span class=\"elementor-button-icon\">\n\t\t\t\t<i aria-hidden=\"true\" class=\"fas fa-users\"><\/i>\t\t\t<\/span>\n\t\t\t\t\t\t\t\t\t<span class=\"elementor-button-text\">Voir la composition<\/span>\n\t\t\t\t\t<\/span>\n\t\t\t\t\t<\/a>\n\t\t<\/div>\n\t\t\t\t<\/div>\n\t\t\t\t<\/div>\n\t\t\t\t\t<\/div>\n\t\t<\/div>\n\t\t\t\t\t<\/div>\n\t\t<\/section>\n\t\t\t\t<section class=\"elementor-section elementor-top-section elementor-element elementor-element-16a2072 elementor-section-boxed elementor-section-height-default elementor-section-height-default\" data-id=\"16a2072\" data-element_type=\"section\">\n\t\t\t\t\t\t<div class=\"elementor-container elementor-column-gap-default\">\n\t\t\t\t\t<div class=\"elementor-column elementor-col-50 elementor-top-column elementor-element elementor-element-9ffb332\" data-id=\"9ffb332\" data-element_type=\"column\" data-settings=\"{&quot;background_background&quot;:&quot;classic&quot;}\">\n\t\t\t<div class=\"elementor-widget-wrap elementor-element-populated\">\n\t\t\t\t\t\t<div class=\"elementor-element elementor-element-057872c elementor-widget elementor-widget-heading\" data-id=\"057872c\" data-element_type=\"widget\" data-widget_type=\"heading.default\">\n\t\t\t\t<div class=\"elementor-widget-container\">\n\t\t\t<h2 class=\"elementor-heading-title elementor-size-large\">Comit\u00e9 de pilotage<\/h2>\t\t<\/div>\n\t\t\t\t<\/div>\n\t\t\t\t<div class=\"elementor-element elementor-element-1de3560 elementor-widget elementor-widget-text-editor\" data-id=\"1de3560\" data-element_type=\"widget\" data-widget_type=\"text-editor.default\">\n\t\t\t\t<div class=\"elementor-widget-container\">\n\t\t\t\t\t\t\t<p>Des membres de la communaut\u00e9 scientifique strasbourgeoise, qui sont force de propositions sur les actions \u00e0 mettre en \u0153uvre.<\/p>\t\t\t\t\t\t<\/div>\n\t\t\t\t<\/div>\n\t\t\t\t<div class=\"elementor-element elementor-element-ee7a9e0 elementor-align-center elementor-widget elementor-widget-button\" data-id=\"ee7a9e0\" data-element_type=\"widget\" data-widget_type=\"button.default\">\n\t\t\t\t<div class=\"elementor-widget-container\">\n\t\t\t\t\t<div class=\"elementor-button-wrapper\">\n\t\t\t<a class=\"elementor-button elementor-button-link elementor-size-xs\" href=\"https:\/\/fondation-lehn.fr\/\/gouvernance\/comite-de-pilotage\/\">\n\t\t\t\t\t\t<span class=\"elementor-button-content-wrapper\">\n\t\t\t\t\t\t<span class=\"elementor-button-icon\">\n\t\t\t\t<i aria-hidden=\"true\" class=\"fas fa-users\"><\/i>\t\t\t<\/span>\n\t\t\t\t\t\t\t\t\t<span class=\"elementor-button-text\">Voir la composition<\/span>\n\t\t\t\t\t<\/span>\n\t\t\t\t\t<\/a>\n\t\t<\/div>\n\t\t\t\t<\/div>\n\t\t\t\t<\/div>\n\t\t\t\t\t<\/div>\n\t\t<\/div>\n\t\t\t\t<div class=\"elementor-column elementor-col-50 elementor-top-column elementor-element elementor-element-500c5c2\" data-id=\"500c5c2\" data-element_type=\"column\" data-settings=\"{&quot;background_background&quot;:&quot;classic&quot;}\">\n\t\t\t<div class=\"elementor-widget-wrap elementor-element-populated\">\n\t\t\t\t\t\t<div class=\"elementor-element elementor-element-724ddb2 elementor-widget elementor-widget-heading\" data-id=\"724ddb2\" data-element_type=\"widget\" data-widget_type=\"heading.default\">\n\t\t\t\t<div class=\"elementor-widget-container\">\n\t\t\t<h2 class=\"elementor-heading-title elementor-size-large\">Conseil scientifique<\/h2>\t\t<\/div>\n\t\t\t\t<\/div>\n\t\t\t\t<div class=\"elementor-element elementor-element-52e78fa elementor-widget elementor-widget-text-editor\" data-id=\"52e78fa\" data-element_type=\"widget\" data-widget_type=\"text-editor.default\">\n\t\t\t\t<div class=\"elementor-widget-container\">\n\t\t\t\t\t\t\t<p>Des personnalit\u00e9s scientifiques\u00a0ext\u00e9rieures\u00a0\u00e0 la communaut\u00e9 strasbourgeoise, qui assurent de mani\u00e8re transparente la s\u00e9lection exigeante des projets les plus novateurs.<\/p>\t\t\t\t\t\t<\/div>\n\t\t\t\t<\/div>\n\t\t\t\t<div class=\"elementor-element elementor-element-000a2b6 elementor-align-center elementor-widget elementor-widget-button\" data-id=\"000a2b6\" data-element_type=\"widget\" data-widget_type=\"button.default\">\n\t\t\t\t<div class=\"elementor-widget-container\">\n\t\t\t\t\t<div class=\"elementor-button-wrapper\">\n\t\t\t<a class=\"elementor-button elementor-button-link elementor-size-xs\" href=\"https:\/\/fondation-lehn.fr\/\/gouvernance\/conseil-scientifique\/\">\n\t\t\t\t\t\t<span class=\"elementor-button-content-wrapper\">\n\t\t\t\t\t\t<span class=\"elementor-button-icon\">\n\t\t\t\t<i aria-hidden=\"true\" class=\"fas fa-users\"><\/i>\t\t\t<\/span>\n\t\t\t\t\t\t\t\t\t<span class=\"elementor-button-text\">Voir la composition<\/span>\n\t\t\t\t\t<\/span>\n\t\t\t\t\t<\/a>\n\t\t<\/div>\n\t\t\t\t<\/div>\n\t\t\t\t<\/div>\n\t\t\t\t\t<\/div>\n\t\t<\/div>\n\t\t\t\t\t<\/div>\n\t\t<\/section>\n\t\t\t\t<\/div>\n\t\t","protected":false},"excerpt":{"rendered":"<p>La gouvernance Conseil d&#8217;administration Des repr\u00e9sentants des fondateurs et d\u2019instances r\u00e9gionales et des personnalit\u00e9s qualifi\u00e9es, responsables des d\u00e9cisions et des axes strat\u00e9giques de la Fondation. Voir la composition Comit\u00e9 de parrainage Des personnalit\u00e9s du monde politique, scientifique et industriel qui apportent leur soutien aux actions de la Fondation et l\u2019aide dans la recherche de m\u00e9c\u00e9nat. [&hellip;]<\/p>\n","protected":false},"author":1,"featured_media":0,"parent":0,"menu_order":194,"comment_status":"closed","ping_status":"closed","template":"","meta":[],"acf":[],"yoast_head":"<!-- This site is optimized with the Yoast SEO plugin v15.5 - https:\/\/yoast.com\/wordpress\/plugins\/seo\/ -->\n<title>Gouvernance - Fondation pour la Recherche en Chimie<\/title>\n<meta name=\"description\" content=\"La gouvernance regroupe les acteurs de la fondation pour la recherche en chimie \u00e0 travers ses diff\u00e9rents conseils et son \u00e9quipe op\u00e9rationnelle.\" \/>\n<meta name=\"robots\" content=\"index, follow, max-snippet:-1, max-image-preview:large, max-video-preview:-1\" \/>\n<link rel=\"canonical\" href=\"https:\/\/fondation-lehn.fr\/en\/gouvernance\/\" \/>\n<meta property=\"og:locale\" content=\"en_US\" \/>\n<meta property=\"og:type\" content=\"article\" \/>\n<meta property=\"og:title\" content=\"Gouvernance - Fondation pour la Recherche en Chimie\" \/>\n<meta property=\"og:description\" content=\"La gouvernance regroupe les acteurs de la fondation pour la recherche en chimie \u00e0 travers ses diff\u00e9rents conseils et son \u00e9quipe op\u00e9rationnelle.\" \/>\n<meta property=\"og:url\" content=\"https:\/\/fondation-lehn.fr\/en\/gouvernance\/\" \/>\n<meta property=\"og:site_name\" content=\"Fondation Jean-Marie Lehn\" \/>\n<meta property=\"article:publisher\" content=\"https:\/\/www.facebook.com\/Fondation-pour-la-Recherche-en-Chimie-244345315919500\/?fref=ts\" \/>\n<meta property=\"article:modified_time\" content=\"2025-03-24T12:34:38+00:00\" \/>\n<meta name=\"twitter:card\" content=\"summary_large_image\" \/>\n<meta name=\"twitter:site\" content=\"@Fondation_FRC\" \/>\n<meta name=\"twitter:label1\" content=\"Est. reading time\">\n\t<meta name=\"twitter:data1\" content=\"0 minutes\">\n<script type=\"application\/ld+json\" class=\"yoast-schema-graph\">{\"@context\":\"https:\/\/schema.org\",\"@graph\":[{\"@type\":\"WebSite\",\"@id\":\"https:\/\/fondation-lehn.fr\/#website\",\"url\":\"https:\/\/fondation-lehn.fr\/\",\"name\":\"Fondation Jean-Marie Lehn\",\"description\":\"La Fondation accompagne le d\\u00e9veloppement du p\\u00f4le de recherche en chimie de l&#039;Universit\\u00e9 de Strasbourg et du CNRS\",\"potentialAction\":[{\"@type\":\"SearchAction\",\"target\":\"https:\/\/fondation-lehn.fr\/?s={search_term_string}\",\"query-input\":\"required name=search_term_string\"}],\"inLanguage\":\"en-US\"},{\"@type\":\"WebPage\",\"@id\":\"https:\/\/fondation-lehn.fr\/en\/gouvernance\/#webpage\",\"url\":\"https:\/\/fondation-lehn.fr\/en\/gouvernance\/\",\"name\":\"Gouvernance - Fondation pour la Recherche en Chimie\",\"isPartOf\":{\"@id\":\"https:\/\/fondation-lehn.fr\/#website\"},\"datePublished\":\"2016-05-20T07:55:31+00:00\",\"dateModified\":\"2025-03-24T12:34:38+00:00\",\"description\":\"La gouvernance regroupe les acteurs de la fondation pour la recherche en chimie \\u00e0 travers ses diff\\u00e9rents conseils et son \\u00e9quipe op\\u00e9rationnelle.\",\"inLanguage\":\"en-US\",\"potentialAction\":[{\"@type\":\"ReadAction\",\"target\":[\"https:\/\/fondation-lehn.fr\/en\/gouvernance\/\"]}]}]}<\/script>\n<!-- \/ Yoast SEO plugin. -->","_links":{"self":[{"href":"https:\/\/fondation-lehn.fr\/en\/wp-json\/wp\/v2\/pages\/4032"}],"collection":[{"href":"https:\/\/fondation-lehn.fr\/en\/wp-json\/wp\/v2\/pages"}],"about":[{"href":"https:\/\/fondation-lehn.fr\/en\/wp-json\/wp\/v2\/types\/page"}],"author":[{"embeddable":true,"href":"https:\/\/fondation-lehn.fr\/en\/wp-json\/wp\/v2\/users\/1"}],"replies":[{"embeddable":true,"href":"https:\/\/fondation-lehn.fr\/en\/wp-json\/wp\/v2\/comments?post=4032"}],"version-history":[{"count":17,"href":"https:\/\/fondation-lehn.fr\/en\/wp-json\/wp\/v2\/pages\/4032\/revisions"}],"predecessor-version":[{"id":26006,"href":"https:\/\/fondation-lehn.fr\/en\/wp-json\/wp\/v2\/pages\/4032\/revisions\/26006"}],"wp:attachment":[{"href":"https:\/\/fondation-lehn.fr\/en\/wp-json\/wp\/v2\/media?parent=4032"}],"curies":[{"name":"wp","href":"https:\/\/api.w.org\/{rel}","templated":true}]}}