{"id":6286,"date":"2019-09-27T16:30:57","date_gmt":"2019-09-27T14:30:57","guid":{"rendered":"https:\/\/icfrc.fr?page_id=6286"},"modified":"2025-01-08T15:17:44","modified_gmt":"2025-01-08T14:17:44","slug":"prix-nobel","status":"publish","type":"page","link":"https:\/\/fondation-lehn.fr\/en\/awards-and-honors\/prix-nobel\/","title":{"rendered":"Prix Nobel"},"content":{"rendered":"\t\t<div data-elementor-type=\"wp-page\" data-elementor-id=\"6286\" class=\"elementor elementor-6286 elementor-5926\" data-elementor-post-type=\"page\">\n\t\t\t\t\t\t<section class=\"elementor-section elementor-top-section elementor-element elementor-element-e77d174 elementor-section-stretched elementor-section-height-min-height elementor-section-boxed elementor-section-height-default elementor-section-items-middle\" data-id=\"e77d174\" data-element_type=\"section\" data-settings=\"{&quot;stretch_section&quot;:&quot;section-stretched&quot;,&quot;background_background&quot;:&quot;slideshow&quot;,&quot;background_slideshow_gallery&quot;:[{&quot;id&quot;:7247,&quot;url&quot;:&quot;https:\\\/\\\/fondation-lehn.fr\\\/\\\/wp-content\\\/uploads\\\/2020\\\/05\\\/AM_NobelWeek__342-cAlexander-Mahmoud-tiny.jpg&quot;}],&quot;background_slideshow_loop&quot;:&quot;yes&quot;,&quot;background_slideshow_slide_duration&quot;:5000,&quot;background_slideshow_slide_transition&quot;:&quot;fade&quot;,&quot;background_slideshow_transition_duration&quot;:500}\">\n\t\t\t\t\t\t<div class=\"elementor-container elementor-column-gap-default\">\n\t\t\t\t\t<div class=\"elementor-column elementor-col-50 elementor-top-column elementor-element elementor-element-6056ccc\" data-id=\"6056ccc\" data-element_type=\"column\" data-settings=\"{&quot;background_background&quot;:&quot;classic&quot;}\">\n\t\t\t<div class=\"elementor-widget-wrap elementor-element-populated\">\n\t\t\t\t\t\t<div class=\"elementor-element elementor-element-93a2753 elementor-widget elementor-widget-heading\" data-id=\"93a2753\" data-element_type=\"widget\" data-widget_type=\"heading.default\">\n\t\t\t\t<div class=\"elementor-widget-container\">\n\t\t\t<h1 class=\"elementor-heading-title elementor-size-default\">Prix et distinctions<\/h1>\t\t<\/div>\n\t\t\t\t<\/div>\n\t\t\t\t\t<\/div>\n\t\t<\/div>\n\t\t\t\t<div class=\"elementor-column elementor-col-50 elementor-top-column elementor-element elementor-element-98a88e7\" data-id=\"98a88e7\" data-element_type=\"column\">\n\t\t\t<div class=\"elementor-widget-wrap\">\n\t\t\t\t\t\t\t<\/div>\n\t\t<\/div>\n\t\t\t\t\t<\/div>\n\t\t<\/section>\n\t\t\t\t<section class=\"elementor-section elementor-top-section elementor-element elementor-element-e88887f elementor-section-boxed elementor-section-height-default elementor-section-height-default\" data-id=\"e88887f\" data-element_type=\"section\">\n\t\t\t\t\t\t<div class=\"elementor-container elementor-column-gap-default\">\n\t\t\t\t\t<div class=\"elementor-column elementor-col-100 elementor-top-column elementor-element elementor-element-8e66976\" data-id=\"8e66976\" data-element_type=\"column\">\n\t\t\t<div class=\"elementor-widget-wrap elementor-element-populated\">\n\t\t\t\t\t\t<div class=\"elementor-element elementor-element-51032d7 elementor-widget elementor-widget-heading\" data-id=\"51032d7\" data-element_type=\"widget\" data-widget_type=\"heading.default\">\n\t\t\t\t<div class=\"elementor-widget-container\">\n\t\t\t<h2 class=\"elementor-heading-title elementor-size-large\">Les laur\u00e9ats du prix Nobel de chimie en activit\u00e9 \u00e0 l'Universit\u00e9 de Strasbourg<\/h2>\t\t<\/div>\n\t\t\t\t<\/div>\n\t\t\t\t<section class=\"elementor-section elementor-inner-section elementor-element elementor-element-e5b36f1 elementor-section-boxed elementor-section-height-default elementor-section-height-default\" data-id=\"e5b36f1\" data-element_type=\"section\">\n\t\t\t\t\t\t<div class=\"elementor-container elementor-column-gap-default\">\n\t\t\t\t\t<div class=\"elementor-column elementor-col-33 elementor-inner-column elementor-element elementor-element-578094d\" data-id=\"578094d\" data-element_type=\"column\">\n\t\t\t<div class=\"elementor-widget-wrap elementor-element-populated\">\n\t\t\t\t\t\t<div class=\"elementor-element elementor-element-6355816 elementor-widget elementor-widget-image\" data-id=\"6355816\" data-element_type=\"widget\" data-widget_type=\"image.default\">\n\t\t\t\t<div class=\"elementor-widget-container\">\n\t\t\t\t\t\t\t\t\t\t<figure class=\"wp-caption\">\n\t\t\t\t\t\t\t\t\t\t<img fetchpriority=\"high\" width=\"464\" height=\"696\" src=\"https:\/\/fondation-lehn.fr\/wp-content\/uploads\/2019\/09\/Sauvage-cNobel-Media-AB.-A.-Mahmoud.jpg\" class=\"attachment-large size-large wp-image-5931\" alt=\"\" \/>\t\t\t\t\t\t\t\t\t\t\t<figcaption class=\"widget-image-caption wp-caption-text\">Jean-Pierre Sauvage (2016)<\/figcaption>\n\t\t\t\t\t\t\t\t\t\t<\/figure>\n\t\t\t\t\t\t\t<\/div>\n\t\t\t\t<\/div>\n\t\t\t\t\t<\/div>\n\t\t<\/div>\n\t\t\t\t<div class=\"elementor-column elementor-col-33 elementor-inner-column elementor-element elementor-element-d71351c\" data-id=\"d71351c\" data-element_type=\"column\">\n\t\t\t<div class=\"elementor-widget-wrap elementor-element-populated\">\n\t\t\t\t\t\t<div class=\"elementor-element elementor-element-e075628 elementor-widget elementor-widget-image\" data-id=\"e075628\" data-element_type=\"widget\" data-widget_type=\"image.default\">\n\t\t\t\t<div class=\"elementor-widget-container\">\n\t\t\t\t\t\t\t\t\t\t<figure class=\"wp-caption\">\n\t\t\t\t\t\t\t\t\t\t<img width=\"464\" height=\"696\" src=\"https:\/\/fondation-lehn.fr\/wp-content\/uploads\/2019\/09\/Schrock-cL.B.-Hetherington.jpg\" class=\"attachment-large size-large wp-image-5932\" alt=\"\" \/>\t\t\t\t\t\t\t\t\t\t\t<figcaption class=\"widget-image-caption wp-caption-text\">Richard Schrock (2005) <br> Professeur conventionn\u00e9 \u00e0 l'Universit\u00e9 de Strasbourg depuis 2019<\/figcaption>\n\t\t\t\t\t\t\t\t\t\t<\/figure>\n\t\t\t\t\t\t\t<\/div>\n\t\t\t\t<\/div>\n\t\t\t\t\t<\/div>\n\t\t<\/div>\n\t\t\t\t<div class=\"elementor-column elementor-col-33 elementor-inner-column elementor-element elementor-element-0363dcd\" data-id=\"0363dcd\" data-element_type=\"column\">\n\t\t\t<div class=\"elementor-widget-wrap elementor-element-populated\">\n\t\t\t\t\t\t<div class=\"elementor-element elementor-element-b66fdf2 elementor-widget elementor-widget-image\" data-id=\"b66fdf2\" data-element_type=\"widget\" data-widget_type=\"image.default\">\n\t\t\t\t<div class=\"elementor-widget-container\">\n\t\t\t\t\t\t\t\t\t\t<figure class=\"wp-caption\">\n\t\t\t\t\t\t\t\t\t\t<img width=\"333\" height=\"500\" src=\"https:\/\/fondation-lehn.fr\/wp-content\/uploads\/2019\/09\/lehn5_hd-small5002.jpg\" class=\"attachment-large size-large wp-image-5946\" alt=\"\" \/>\t\t\t\t\t\t\t\t\t\t\t<figcaption class=\"widget-image-caption wp-caption-text\">Jean-Marie Lehn (1987)<\/figcaption>\n\t\t\t\t\t\t\t\t\t\t<\/figure>\n\t\t\t\t\t\t\t<\/div>\n\t\t\t\t<\/div>\n\t\t\t\t\t<\/div>\n\t\t<\/div>\n\t\t\t\t\t<\/div>\n\t\t<\/section>\n\t\t\t\t<div class=\"elementor-element elementor-element-935e836 elementor-widget elementor-widget-heading\" data-id=\"935e836\" data-element_type=\"widget\" data-widget_type=\"heading.default\">\n\t\t\t\t<div class=\"elementor-widget-container\">\n\t\t\t<h2 class=\"elementor-heading-title elementor-size-large\">D\u00e9couvrez leurs portraits :<\/h2>\t\t<\/div>\n\t\t\t\t<\/div>\n\t\t\t\t<div class=\"elementor-element elementor-element-a744366 elementor-widget elementor-widget-text-editor\" data-id=\"a744366\" data-element_type=\"widget\" data-widget_type=\"text-editor.default\">\n\t\t\t\t<div class=\"elementor-widget-container\">\n\t\t\t\t\t\t\t<p><a href=\"https:\/\/www.nobelprize.org\/prizes\/chemistry\/2016\/sauvage\/facts\/\" target=\"_blank\" rel=\"noopener\">Jean-Pierre Sauvage<\/a> | <a href=\"https:\/\/www.nobelprize.org\/prizes\/chemistry\/2005\/schrock\/facts\/\" target=\"_blank\" rel=\"noopener\">Richard Schrock<\/a> | <a href=\"https:\/\/www.nobelprize.org\/prizes\/chemistry\/1987\/lehn\/facts\/\" target=\"_blank\" rel=\"noopener\">Jean-Marie Lehn<\/a><\/p>\t\t\t\t\t\t<\/div>\n\t\t\t\t<\/div>\n\t\t\t\t\t<\/div>\n\t\t<\/div>\n\t\t\t\t\t<\/div>\n\t\t<\/section>\n\t\t\t\t<\/div>\n\t\t","protected":false},"excerpt":{"rendered":"<p>Prix et distinctions Les laur\u00e9ats du prix Nobel de chimie en activit\u00e9 \u00e0 l&#8217;Universit\u00e9 de Strasbourg Jean-Pierre Sauvage (2016) Richard Schrock (2005) Professeur conventionn\u00e9 \u00e0 l&#8217;Universit\u00e9 de Strasbourg depuis 2019 Jean-Marie Lehn (1987) D\u00e9couvrez leurs portraits : Jean-Pierre Sauvage | Richard Schrock | Jean-Marie Lehn<\/p>\n","protected":false},"author":2,"featured_media":0,"parent":6277,"menu_order":57,"comment_status":"closed","ping_status":"closed","template":"","meta":[],"acf":[],"yoast_head":"<!-- This site is optimized with the Yoast SEO plugin v15.5 - https:\/\/yoast.com\/wordpress\/plugins\/seo\/ -->\n<title>Prix Nobel - Fondation Jean-Marie Lehn<\/title>\n<meta name=\"robots\" content=\"index, follow, max-snippet:-1, max-image-preview:large, max-video-preview:-1\" \/>\n<link rel=\"canonical\" href=\"https:\/\/fondation-lehn.fr\/en\/awards-and-honors\/prix-nobel\/\" \/>\n<meta property=\"og:locale\" content=\"en_US\" \/>\n<meta property=\"og:type\" content=\"article\" \/>\n<meta property=\"og:title\" content=\"Prix Nobel - Fondation Jean-Marie Lehn\" \/>\n<meta property=\"og:description\" content=\"Prix et distinctions Les laur\u00e9ats du prix Nobel de chimie en activit\u00e9 \u00e0 l&#8217;Universit\u00e9 de Strasbourg Jean-Pierre Sauvage (2016) Richard Schrock (2005) Professeur conventionn\u00e9 \u00e0 l&#8217;Universit\u00e9 de Strasbourg depuis 2019 Jean-Marie Lehn (1987) D\u00e9couvrez leurs portraits : Jean-Pierre Sauvage | Richard Schrock | Jean-Marie Lehn\" \/>\n<meta property=\"og:url\" content=\"https:\/\/fondation-lehn.fr\/en\/awards-and-honors\/prix-nobel\/\" \/>\n<meta property=\"og:site_name\" content=\"Fondation Jean-Marie Lehn\" \/>\n<meta property=\"article:publisher\" content=\"https:\/\/www.facebook.com\/Fondation-pour-la-Recherche-en-Chimie-244345315919500\/?fref=ts\" \/>\n<meta property=\"article:modified_time\" content=\"2025-01-08T14:17:44+00:00\" \/>\n<meta property=\"og:image\" content=\"https:\/\/fondation-lehn.fr\/wp-content\/uploads\/2019\/09\/Sauvage-cNobel-Media-AB.-A.-Mahmoud.jpg\" \/>\n<meta name=\"twitter:card\" content=\"summary_large_image\" \/>\n<meta name=\"twitter:site\" content=\"@Fondation_FRC\" \/>\n<meta name=\"twitter:label1\" content=\"Est. reading time\">\n\t<meta name=\"twitter:data1\" content=\"0 minutes\">\n<script type=\"application\/ld+json\" class=\"yoast-schema-graph\">{\"@context\":\"https:\/\/schema.org\",\"@graph\":[{\"@type\":\"WebSite\",\"@id\":\"https:\/\/fondation-lehn.fr\/#website\",\"url\":\"https:\/\/fondation-lehn.fr\/\",\"name\":\"Fondation Jean-Marie Lehn\",\"description\":\"La Fondation accompagne le d\\u00e9veloppement du p\\u00f4le de recherche en chimie de l&#039;Universit\\u00e9 de Strasbourg et du CNRS\",\"potentialAction\":[{\"@type\":\"SearchAction\",\"target\":\"https:\/\/fondation-lehn.fr\/?s={search_term_string}\",\"query-input\":\"required name=search_term_string\"}],\"inLanguage\":\"en-US\"},{\"@type\":\"ImageObject\",\"@id\":\"https:\/\/fondation-lehn.fr\/en\/awards-and-honors\/prix-nobel\/#primaryimage\",\"inLanguage\":\"en-US\",\"url\":\"https:\/\/fondation-lehn.fr\/wp-content\/uploads\/2019\/09\/Sauvage-cNobel-Media-AB.-A.-Mahmoud.jpg\",\"width\":464,\"height\":696,\"caption\":\"Jean-Pierre Sauvage (2016)\"},{\"@type\":\"WebPage\",\"@id\":\"https:\/\/fondation-lehn.fr\/en\/awards-and-honors\/prix-nobel\/#webpage\",\"url\":\"https:\/\/fondation-lehn.fr\/en\/awards-and-honors\/prix-nobel\/\",\"name\":\"Prix Nobel - Fondation Jean-Marie Lehn\",\"isPartOf\":{\"@id\":\"https:\/\/fondation-lehn.fr\/#website\"},\"primaryImageOfPage\":{\"@id\":\"https:\/\/fondation-lehn.fr\/en\/awards-and-honors\/prix-nobel\/#primaryimage\"},\"datePublished\":\"2019-09-27T14:30:57+00:00\",\"dateModified\":\"2025-01-08T14:17:44+00:00\",\"inLanguage\":\"en-US\",\"potentialAction\":[{\"@type\":\"ReadAction\",\"target\":[\"https:\/\/fondation-lehn.fr\/en\/awards-and-honors\/prix-nobel\/\"]}]}]}<\/script>\n<!-- \/ Yoast SEO plugin. -->","_links":{"self":[{"href":"https:\/\/fondation-lehn.fr\/en\/wp-json\/wp\/v2\/pages\/6286"}],"collection":[{"href":"https:\/\/fondation-lehn.fr\/en\/wp-json\/wp\/v2\/pages"}],"about":[{"href":"https:\/\/fondation-lehn.fr\/en\/wp-json\/wp\/v2\/types\/page"}],"author":[{"embeddable":true,"href":"https:\/\/fondation-lehn.fr\/en\/wp-json\/wp\/v2\/users\/2"}],"replies":[{"embeddable":true,"href":"https:\/\/fondation-lehn.fr\/en\/wp-json\/wp\/v2\/comments?post=6286"}],"version-history":[{"count":12,"href":"https:\/\/fondation-lehn.fr\/en\/wp-json\/wp\/v2\/pages\/6286\/revisions"}],"predecessor-version":[{"id":25589,"href":"https:\/\/fondation-lehn.fr\/en\/wp-json\/wp\/v2\/pages\/6286\/revisions\/25589"}],"up":[{"embeddable":true,"href":"https:\/\/fondation-lehn.fr\/en\/wp-json\/wp\/v2\/pages\/6277"}],"wp:attachment":[{"href":"https:\/\/fondation-lehn.fr\/en\/wp-json\/wp\/v2\/media?parent=6286"}],"curies":[{"name":"wp","href":"https:\/\/api.w.org\/{rel}","templated":true}]}}