{"id":12466,"date":"2021-03-29T16:36:03","date_gmt":"2021-03-29T14:36:03","guid":{"rendered":"https:\/\/icfrc.fr\/?post_type=product&#038;p=12466"},"modified":"2024-05-15T10:13:55","modified_gmt":"2024-05-15T08:13:55","slug":"aide-urgence-etudiants-chimie","status":"publish","type":"product","link":"https:\/\/fondation-lehn.fr\/en\/projet\/aide-urgence-etudiants-chimie\/","title":{"rendered":"Le programme d&#8217;aide d&#8217;urgence aux \u00e9tudiants de chimie"},"content":{"rendered":"\t\t<div data-elementor-type=\"product-post\" data-elementor-id=\"12466\" class=\"elementor elementor-12466\" data-elementor-post-type=\"product\">\n\t\t\t\t\t\t<section class=\"elementor-section elementor-top-section elementor-element elementor-element-7451ace elementor-section-stretched elementor-section-height-min-height elementor-section-items-bottom elementor-section-full_width elementor-section-height-default\" data-id=\"7451ace\" data-element_type=\"section\" data-settings=\"{&quot;stretch_section&quot;:&quot;section-stretched&quot;,&quot;background_background&quot;:&quot;slideshow&quot;,&quot;background_slideshow_gallery&quot;:[{&quot;id&quot;:17213,&quot;url&quot;:&quot;https:\\\/\\\/fondation-lehn.fr\\\/\\\/wp-content\\\/uploads\\\/2022\\\/06\\\/laptop-2557468_1280-2.jpg&quot;}],&quot;background_slideshow_loop&quot;:&quot;yes&quot;,&quot;background_slideshow_slide_duration&quot;:5000,&quot;background_slideshow_slide_transition&quot;:&quot;fade&quot;,&quot;background_slideshow_transition_duration&quot;:500}\">\n\t\t\t\t\t\t<div class=\"elementor-container elementor-column-gap-default\">\n\t\t\t\t\t<div class=\"elementor-column elementor-col-100 elementor-top-column elementor-element elementor-element-e4cf441\" data-id=\"e4cf441\" data-element_type=\"column\">\n\t\t\t<div class=\"elementor-widget-wrap elementor-element-populated\">\n\t\t\t\t\t\t<section class=\"elementor-section elementor-inner-section elementor-element elementor-element-7fdc80d elementor-section-boxed elementor-section-height-default elementor-section-height-default\" data-id=\"7fdc80d\" data-element_type=\"section\">\n\t\t\t\t\t\t<div class=\"elementor-container elementor-column-gap-default\">\n\t\t\t\t\t<div class=\"elementor-column elementor-col-50 elementor-inner-column elementor-element elementor-element-f5387a6\" data-id=\"f5387a6\" data-element_type=\"column\" data-settings=\"{&quot;background_background&quot;:&quot;classic&quot;}\">\n\t\t\t<div class=\"elementor-widget-wrap\">\n\t\t\t\t\t\t\t<\/div>\n\t\t<\/div>\n\t\t\t\t<div class=\"elementor-column elementor-col-50 elementor-inner-column elementor-element elementor-element-2bcca8b\" data-id=\"2bcca8b\" data-element_type=\"column\">\n\t\t\t<div class=\"elementor-widget-wrap\">\n\t\t\t\t\t\t\t<\/div>\n\t\t<\/div>\n\t\t\t\t\t<\/div>\n\t\t<\/section>\n\t\t\t\t<div class=\"elementor-element elementor-element-c16c1c5 elementor-align-left elementor-widget elementor-widget-button\" data-id=\"c16c1c5\" data-element_type=\"widget\" data-widget_type=\"button.default\">\n\t\t\t\t<div class=\"elementor-widget-container\">\n\t\t\t\t\t<div class=\"elementor-button-wrapper\">\n\t\t\t<a class=\"elementor-button elementor-button-link elementor-size-sm\" href=\"https:\/\/fondation-lehn.fr\/\/projet\/projets\/\">\n\t\t\t\t\t\t<span class=\"elementor-button-content-wrapper\">\n\t\t\t\t\t\t\t\t\t<span class=\"elementor-button-text\">Retour aux projets<\/span>\n\t\t\t\t\t<\/span>\n\t\t\t\t\t<\/a>\n\t\t<\/div>\n\t\t\t\t<\/div>\n\t\t\t\t<\/div>\n\t\t\t\t\t<\/div>\n\t\t<\/div>\n\t\t\t\t\t<\/div>\n\t\t<\/section>\n\t\t\t\t<section class=\"elementor-section elementor-top-section elementor-element elementor-element-9e67b16 elementor-section-boxed elementor-section-height-default elementor-section-height-default\" data-id=\"9e67b16\" data-element_type=\"section\">\n\t\t\t\t\t\t<div class=\"elementor-container elementor-column-gap-default\">\n\t\t\t\t\t<div class=\"elementor-column elementor-col-50 elementor-top-column elementor-element elementor-element-b7d208c\" data-id=\"b7d208c\" data-element_type=\"column\">\n\t\t\t<div class=\"elementor-widget-wrap elementor-element-populated\">\n\t\t\t\t\t\t<div class=\"elementor-element elementor-element-342ddbd elementor-widget elementor-widget-woocommerce-product-title elementor-page-title elementor-widget-heading\" data-id=\"342ddbd\" data-element_type=\"widget\" data-widget_type=\"woocommerce-product-title.default\">\n\t\t\t\t<div class=\"elementor-widget-container\">\n\t\t\t<h2 class=\"product_title entry-title elementor-heading-title elementor-size-xl\">Le programme d&#8217;aide d&#8217;urgence aux \u00e9tudiants de chimie<\/h2>\t\t<\/div>\n\t\t\t\t<\/div>\n\t\t\t\t<div class=\"elementor-element elementor-element-664f20a elementor-widget elementor-widget-heading\" data-id=\"664f20a\" data-element_type=\"widget\" data-widget_type=\"heading.default\">\n\t\t\t\t<div class=\"elementor-widget-container\">\n\t\t\t<h2 class=\"elementor-heading-title elementor-size-large\">Urgence \"Crise en Ukraine\"<\/h2>\t\t<\/div>\n\t\t\t\t<\/div>\n\t\t\t\t<div class=\"elementor-element elementor-element-bccbfb9 elementor-widget elementor-widget-text-editor\" data-id=\"bccbfb9\" data-element_type=\"widget\" data-widget_type=\"text-editor.default\">\n\t\t\t\t<div class=\"elementor-widget-container\">\n\t\t\t\t\t\t\t<p>La Facult\u00e9 de chimie de Strasbourg, via la Fondation Jean-Marie Lehn, lance un appel \u00e0 dons pour venir en aide d\u2019urgence aux \u00e9tudiants impact\u00e9s par la guerre en Ukraine.<\/p><p>Nous avons besoin, par exemple, de <span style=\"color: #ff6600; font-size: 24px;\">15 000 \u20ac<\/span> d\u00e8s le 1er septembre 2022 pour soutenir des <span style=\"color: #ff6600; font-size: 24px;\">\u00e9tudiants ukrainiens<\/span>, en master double dipl\u00f4me entre la Facult\u00e9 de chimie de Kiev et la n\u00f4tre, <span style=\"color: #ff6600; font-size: 24px;\">priv\u00e9s subitement de leurs bourses d\u2019\u00e9tudes<\/span>. Gr\u00e2ce \u00e0 vos dons, nous pourrons <span style=\"color: #ff6600; font-size: 24px;\">couvrir leurs besoins les plus essentiels<\/span> pour vivre et se focaliser sereinement sur leurs \u00e9tudes.<\/p><p>Sachez qu\u2019en recueillant <span style=\"color: #ff6600; font-size: 24px;\">8 dons de 100 \u20ac chacun<\/span> (soit <span style=\"color: #ff6600; font-size: 24px;\">34 \u20ac apr\u00e8s d\u00e9duction fiscale\u00a0!<\/span>), nous pourrons apporter les moyens n\u00e9cessaires \u00e0 un \u00e9tudiant ukrainien pour <span style=\"color: #ff6600; font-size: 24px;\">vivre d\u00e9cemment durant un mois<\/span>.<\/p><p>Dans une universit\u00e9 port\u00e9e par ses valeurs de solidarit\u00e9 et d\u2019humanisme pour la nouvelle g\u00e9n\u00e9ration, aidons nos jeunes \u00e0 b\u00e2tir leur avenir. Nous comptons sur votre mobilisation exceptionnelle.<\/p><p>Compte tenu de l\u2019urgence, la Fondation Jean-Marie Lehn apporte \u00e9galement une aide de <span style=\"font-size: 24px; color: #ff6600;\">50 000 \u20ac<\/span> sur ses fonds propres, permettant \u00e0 <span style=\"color: #ff6600; font-size: 24px;\">quatre doctorants<\/span> de terminer leurs th\u00e8ses \u00e0 Strasbourg.<\/p>\t\t\t\t\t\t<\/div>\n\t\t\t\t<\/div>\n\t\t\t\t<div class=\"elementor-element elementor-element-4540636 elementor-headline--style-highlight elementor-widget elementor-widget-animated-headline\" data-id=\"4540636\" data-element_type=\"widget\" data-settings=\"{&quot;marker&quot;:&quot;double_underline&quot;,&quot;highlighted_text&quot;:&quot;Merci pour votre soutien !&quot;,&quot;headline_style&quot;:&quot;highlight&quot;,&quot;loop&quot;:&quot;yes&quot;,&quot;highlight_animation_duration&quot;:1200,&quot;highlight_iteration_delay&quot;:8000}\" data-widget_type=\"animated-headline.default\">\n\t\t\t\t<div class=\"elementor-widget-container\">\n\t\t\t\t\t<h3 class=\"elementor-headline\">\n\t\t\t\t\t<span class=\"elementor-headline-plain-text elementor-headline-text-wrapper\">Chaque don compte ! <\/span>\n\t\t\t\t<span class=\"elementor-headline-dynamic-wrapper elementor-headline-text-wrapper\">\n\t\t\t\t\t<span class=\"elementor-headline-dynamic-text elementor-headline-text-active\">Merci pour votre soutien !<\/span>\n\t\t\t\t<\/span>\n\t\t\t\t<\/h3>\n\t\t\t\t<\/div>\n\t\t\t\t<\/div>\n\t\t\t\t<div class=\"elementor-element elementor-element-c6f69cb elementor-hidden-desktop elementor-hidden-tablet elementor-hidden-phone elementor-widget elementor-widget-text-editor\" data-id=\"c6f69cb\" data-element_type=\"widget\" data-widget_type=\"text-editor.default\">\n\t\t\t\t<div class=\"elementor-widget-container\">\n\t\t\t\t\t\t\t<p><span class=\"s1\">La Fondation pour la Recherche en Chimie s&#8217;associe avec le CROUS de Strasbourg <\/span><span class=\"s1\">pour aider les \u00e9tudiants en grande difficult\u00e9 financi\u00e8re. <\/span><\/p><p><span class=\"s1\">Ces aides d\u2019urgence permettront de payer les loyers et les surcharges financi\u00e8res (forfait internet, etc.) \u00e0 celles et ceux qui ont des besoins financiers urgents et dont la poursuite des \u00e9tudes pourrait \u00eatre compromise suite aux bouleversements entra\u00een\u00e9s notamment par la crise sanitaire sans pr\u00e9c\u00e9dent.<\/span><\/p><p>Vos dons permettront d&#8217;apporter des moyens d&#8217;action suppl\u00e9mentaires au profit des \u00e9tudiants les plus fragiles de l&#8217;Universit\u00e9 de Strasbourg, inscrits \u00e0 la Facult\u00e9 de chimie, \u00e0 l&#8217;IUT chimie et \u00e0 l&#8217;ECPM.\u00a0<\/p>\t\t\t\t\t\t<\/div>\n\t\t\t\t<\/div>\n\t\t\t\t\t<\/div>\n\t\t<\/div>\n\t\t\t\t<div class=\"elementor-column elementor-col-50 elementor-top-column elementor-element elementor-element-279c1a1\" data-id=\"279c1a1\" data-element_type=\"column\" data-settings=\"{&quot;background_background&quot;:&quot;classic&quot;}\">\n\t\t\t<div class=\"elementor-widget-wrap elementor-element-populated\">\n\t\t\t\t\t<div class=\"elementor-background-overlay\"><\/div>\n\t\t\t\t\t\t<div class=\"elementor-element elementor-element-01966ab elementor-widget elementor-widget-image\" data-id=\"01966ab\" data-element_type=\"widget\" data-widget_type=\"image.default\">\n\t\t\t\t<div class=\"elementor-widget-container\">\n\t\t\t\t\t\t\t\t\t\t\t\t\t<img fetchpriority=\"high\" width=\"1276\" height=\"485\" src=\"https:\/\/fondation-lehn.fr\/wp-content\/uploads\/2016\/07\/unistra.png\" class=\"attachment-full size-full wp-image-3461\" alt=\"\" \/>\t\t\t\t\t\t\t\t\t\t\t\t\t<\/div>\n\t\t\t\t<\/div>\n\t\t\t\t<div class=\"elementor-element elementor-element-7d32090 elementor-widget elementor-widget-heading\" data-id=\"7d32090\" data-element_type=\"widget\" data-widget_type=\"heading.default\">\n\t\t\t\t<div class=\"elementor-widget-container\">\n\t\t\t<h3 class=\"elementor-heading-title elementor-size-large\">Les \u00e9tudiants impact\u00e9s <br> par la crise en Ukraine <br> ont besoin de vous !<\/h3>\t\t<\/div>\n\t\t\t\t<\/div>\n\t\t\t\t<div class=\"elementor-element elementor-element-e932aa7 elementor-add-to-cart--layout-stacked e-add-to-cart--show-quantity-yes elementor-widget elementor-widget-woocommerce-product-add-to-cart\" data-id=\"e932aa7\" data-element_type=\"widget\" data-settings=\"{&quot;sticky_on&quot;:[&quot;desktop&quot;],&quot;sticky_offset&quot;:110,&quot;sticky_parent&quot;:&quot;yes&quot;,&quot;sticky&quot;:&quot;top&quot;,&quot;sticky_effects_offset&quot;:0}\" data-widget_type=\"woocommerce-product-add-to-cart.default\">\n\t\t\t\t<div class=\"elementor-widget-container\">\n\t\t\t\n\t\t<div class=\"elementor-add-to-cart elementor-product-simple\">\n\t\t\t\t\t<\/div>\n\n\t\t\t\t<\/div>\n\t\t\t\t<\/div>\n\t\t\t\t\t<\/div>\n\t\t<\/div>\n\t\t\t\t\t<\/div>\n\t\t<\/section>\n\t\t\t\t<section class=\"elementor-section elementor-top-section elementor-element elementor-element-9edfd0f elementor-section-boxed elementor-section-height-default elementor-section-height-default\" data-id=\"9edfd0f\" data-element_type=\"section\">\n\t\t\t\t\t\t<div class=\"elementor-container elementor-column-gap-default\">\n\t\t\t\t\t<div class=\"elementor-column elementor-col-50 elementor-top-column elementor-element elementor-element-82cbd2f\" data-id=\"82cbd2f\" data-element_type=\"column\">\n\t\t\t<div class=\"elementor-widget-wrap elementor-element-populated\">\n\t\t\t\t\t\t<div class=\"elementor-element elementor-element-fec1057 elementor-widget elementor-widget-heading\" data-id=\"fec1057\" data-element_type=\"widget\" data-widget_type=\"heading.default\">\n\t\t\t\t<div class=\"elementor-widget-container\">\n\t\t\t<h4 class=\"elementor-heading-title elementor-size-large\">Vos avantages fiscaux<\/h4>\t\t<\/div>\n\t\t\t\t<\/div>\n\t\t\t\t<div class=\"elementor-element elementor-element-cec7fe2 elementor-widget elementor-widget-text-editor\" data-id=\"cec7fe2\" data-element_type=\"widget\" data-widget_type=\"text-editor.default\">\n\t\t\t\t<div class=\"elementor-widget-container\">\n\t\t\t\t\t\t\t<p>La fondation vous d\u00e9livre un re\u00e7u fiscal pour d\u00e9duire votre don de vos imp\u00f4ts.<\/p><ul><li><strong>Si vous \u00eates assujetti(e) \u00e0 l\u2019Imp\u00f4t sur le Revenu<\/strong>, vous pouvez d\u00e9duire 66% du montant de votre don de votre imp\u00f4t, dans la limite de 20% du revenu imposable.<\/li><li><strong>Si vous \u00eates assujetti(e) \u00e0 l\u2019Imp\u00f4t sur la Fortune Immobili\u00e8re (IFI, ex ISF)<\/strong>, vous pouvez d\u00e9duire 75% du montant de votre don de votre IFI dans la limite de 50000 \u20ac.<\/li><\/ul>\t\t\t\t\t\t<\/div>\n\t\t\t\t<\/div>\n\t\t\t\t<div class=\"elementor-element elementor-element-ad52cd2 elementor-widget elementor-widget-heading\" data-id=\"ad52cd2\" data-element_type=\"widget\" data-widget_type=\"heading.default\">\n\t\t\t\t<div class=\"elementor-widget-container\">\n\t\t\t<h4 class=\"elementor-heading-title elementor-size-large\">Une question ?<\/h4>\t\t<\/div>\n\t\t\t\t<\/div>\n\t\t\t\t<div class=\"elementor-element elementor-element-bd97491 elementor-widget elementor-widget-text-editor\" data-id=\"bd97491\" data-element_type=\"widget\" data-widget_type=\"text-editor.default\">\n\t\t\t\t<div class=\"elementor-widget-container\">\n\t\t\t\t\t\t\t<p><strong>Ga\u00ebtan Chambon, <\/strong>Relations Donateurs<br \/>Tel : 03 68 85 53 05 | chambon@fondation-lehn.fr<\/p>\t\t\t\t\t\t<\/div>\n\t\t\t\t<\/div>\n\t\t\t\t\t<\/div>\n\t\t<\/div>\n\t\t\t\t<div class=\"elementor-column elementor-col-50 elementor-top-column elementor-element elementor-element-4b5646f\" data-id=\"4b5646f\" data-element_type=\"column\">\n\t\t\t<div class=\"elementor-widget-wrap elementor-element-populated\">\n\t\t\t\t\t\t<div class=\"elementor-element elementor-element-0812586 elementor-widget elementor-widget-heading\" data-id=\"0812586\" data-element_type=\"widget\" data-widget_type=\"heading.default\">\n\t\t\t\t<div class=\"elementor-widget-container\">\n\t\t\t<h4 class=\"elementor-heading-title elementor-size-large\">Vous remercier de votre soutien<\/h4>\t\t<\/div>\n\t\t\t\t<\/div>\n\t\t\t\t<div class=\"elementor-element elementor-element-7e1e06a elementor-widget elementor-widget-text-editor\" data-id=\"7e1e06a\" data-element_type=\"widget\" data-widget_type=\"text-editor.default\">\n\t\t\t\t<div class=\"elementor-widget-container\">\n\t\t\t\t\t\t\t<p>Pour tout don \u00e0 la Fondation Jean-Marie Lehn, vous b\u00e9n\u00e9ficiez de notre programme de reconnaissance. Selon le montant de votre don, nous nous engageons notamment \u00e0 :<\/p><ul><li>vous informer sur l\u2019impact de votre don et les avanc\u00e9es qu\u2019il aura permises<\/li><li>vous offrir une visibilit\u00e9 en associant votre nom au projet soutenu<\/li><li>vous faire participer aux temps forts de l\u2019Universit\u00e9 de Strasbourg<\/li><li>vous permettre un contact direct avec les b\u00e9n\u00e9ficiaires de votre don, qu\u2019ils soient boursiers ou experts<\/li><\/ul><p><a href=\"https:\/\/fondation-lehn.fr\/\/programme-de-reconnaissance\/\"><span style=\"color: #1797aa;\"><strong>\u00bb<\/strong> Consultez le programme d\u00e9taill\u00e9 de reconnaissance de la campagne 2018-2022.<\/span><\/a><\/p>\t\t\t\t\t\t<\/div>\n\t\t\t\t<\/div>\n\t\t\t\t\t<\/div>\n\t\t<\/div>\n\t\t\t\t\t<\/div>\n\t\t<\/section>\n\t\t\t\t<section class=\"elementor-section elementor-top-section elementor-element elementor-element-1c42705 elementor-section-boxed elementor-section-height-default elementor-section-height-default\" data-id=\"1c42705\" data-element_type=\"section\" data-settings=\"{&quot;background_background&quot;:&quot;classic&quot;}\">\n\t\t\t\t\t\t<div class=\"elementor-container elementor-column-gap-default\">\n\t\t\t\t\t<div class=\"elementor-column elementor-col-100 elementor-top-column elementor-element elementor-element-fac0630\" data-id=\"fac0630\" data-element_type=\"column\">\n\t\t\t<div class=\"elementor-widget-wrap elementor-element-populated\">\n\t\t\t\t\t\t<div class=\"elementor-element elementor-element-a85c40e elementor-widget-divider--view-line elementor-widget elementor-widget-divider\" data-id=\"a85c40e\" data-element_type=\"widget\" data-widget_type=\"divider.default\">\n\t\t\t\t<div class=\"elementor-widget-container\">\n\t\t\t\t\t<div class=\"elementor-divider\">\n\t\t\t<span class=\"elementor-divider-separator\">\n\t\t\t\t\t\t<\/span>\n\t\t<\/div>\n\t\t\t\t<\/div>\n\t\t\t\t<\/div>\n\t\t\t\t\t<\/div>\n\t\t<\/div>\n\t\t\t\t\t<\/div>\n\t\t<\/section>\n\t\t\t\t<\/div>\n\t\t","protected":false},"excerpt":{"rendered":"<p><img class=\"alignnone size-medium wp-image-17213\" src=\"https:\/\/icfrc.fr\/wp-content\/uploads\/2022\/06\/laptop-2557468_1280-2-300x141.jpg\" alt=\"\" width=\"300\" height=\"141\" srcset=\"https:\/\/fondation-lehn.fr\/wp-content\/uploads\/2022\/06\/laptop-2557468_1280-2-300x141.jpg 300w, https:\/\/fondation-lehn.fr\/wp-content\/uploads\/2022\/06\/laptop-2557468_1280-2-1024x481.jpg 1024w, https:\/\/fondation-lehn.fr\/wp-content\/uploads\/2022\/06\/laptop-2557468_1280-2-768x361.jpg 768w, https:\/\/fondation-lehn.fr\/wp-content\/uploads\/2022\/06\/laptop-2557468_1280-2-600x282.jpg 600w, https:\/\/fondation-lehn.fr\/wp-content\/uploads\/2022\/06\/laptop-2557468_1280-2.jpg 1280w\" sizes=\"(max-width: 300px) 100vw, 300px\" \/><\/p>\n","protected":false},"featured_media":17213,"template":"","meta":[],"acf":[],"yoast_head":"<!-- This site is optimized with the Yoast SEO plugin v15.5 - https:\/\/yoast.com\/wordpress\/plugins\/seo\/ -->\n<title>Le programme d&#039;aide d&#039;urgence aux \u00e9tudiants de chimie - Fondation Jean-Marie Lehn<\/title>\n<meta name=\"description\" content=\"La Facult\u00e9 de chimie de l\u2019Universit\u00e9 de Strasbourg lance un appel \u00e0 dons pour venir en aide d\u2019urgence aux \u00e9tudiants en chimie impact\u00e9s par la guerre en Ukraine. Nous avons besoin par exemple de 15 000 \u20ac d\u00e8s le 1er septembre 2022 pour soutenir des \u00e9tudiants ukrainiens, priv\u00e9s subitement de leurs bourses d\u2019\u00e9tudes.\" \/>\n<meta name=\"robots\" content=\"index, follow, max-snippet:-1, max-image-preview:large, max-video-preview:-1\" \/>\n<link rel=\"canonical\" href=\"https:\/\/fondation-lehn.fr\/projet\/aide-urgence-etudiants-chimie\/\" \/>\n<meta property=\"og:locale\" content=\"en_US\" \/>\n<meta property=\"og:type\" content=\"article\" \/>\n<meta property=\"og:title\" content=\"Le programme d&#039;aide d&#039;urgence aux \u00e9tudiants de chimie - Fondation Jean-Marie Lehn\" \/>\n<meta property=\"og:description\" content=\"La Facult\u00e9 de chimie de l\u2019Universit\u00e9 de Strasbourg lance un appel \u00e0 dons pour venir en aide d\u2019urgence aux \u00e9tudiants en chimie impact\u00e9s par la guerre en Ukraine. Nous avons besoin par exemple de 15 000 \u20ac d\u00e8s le 1er septembre 2022 pour soutenir des \u00e9tudiants ukrainiens, priv\u00e9s subitement de leurs bourses d\u2019\u00e9tudes.\" \/>\n<meta property=\"og:url\" content=\"https:\/\/fondation-lehn.fr\/projet\/aide-urgence-etudiants-chimie\/\" \/>\n<meta property=\"og:site_name\" content=\"Fondation Jean-Marie Lehn\" \/>\n<meta property=\"article:publisher\" content=\"https:\/\/www.facebook.com\/Fondation-pour-la-Recherche-en-Chimie-244345315919500\/?fref=ts\" \/>\n<meta property=\"article:modified_time\" content=\"2024-05-15T08:13:55+00:00\" \/>\n<meta property=\"og:image\" content=\"https:\/\/fondation-lehn.fr\/wp-content\/uploads\/2022\/06\/laptop-2557468_1280-2.jpg\" \/>\n\t<meta property=\"og:image:width\" content=\"1280\" \/>\n\t<meta property=\"og:image:height\" content=\"601\" \/>\n<meta name=\"twitter:card\" content=\"summary_large_image\" \/>\n<meta name=\"twitter:site\" content=\"@Fondation_FRC\" \/>\n<meta name=\"twitter:label1\" content=\"Est. reading time\">\n\t<meta name=\"twitter:data1\" content=\"2 minutes\">\n<script type=\"application\/ld+json\" class=\"yoast-schema-graph\">{\"@context\":\"https:\/\/schema.org\",\"@graph\":[{\"@type\":\"WebSite\",\"@id\":\"https:\/\/fondation-lehn.fr\/#website\",\"url\":\"https:\/\/fondation-lehn.fr\/\",\"name\":\"Fondation Jean-Marie Lehn\",\"description\":\"La Fondation accompagne le d\\u00e9veloppement du p\\u00f4le de recherche en chimie de l&#039;Universit\\u00e9 de Strasbourg et du CNRS\",\"potentialAction\":[{\"@type\":\"SearchAction\",\"target\":\"https:\/\/fondation-lehn.fr\/?s={search_term_string}\",\"query-input\":\"required name=search_term_string\"}],\"inLanguage\":\"en-US\"},{\"@type\":\"ImageObject\",\"@id\":\"https:\/\/fondation-lehn.fr\/projet\/aide-urgence-etudiants-chimie\/#primaryimage\",\"inLanguage\":\"en-US\",\"url\":\"https:\/\/fondation-lehn.fr\/wp-content\/uploads\/2022\/06\/laptop-2557468_1280-2.jpg\",\"width\":1280,\"height\":601},{\"@type\":\"WebPage\",\"@id\":\"https:\/\/fondation-lehn.fr\/projet\/aide-urgence-etudiants-chimie\/#webpage\",\"url\":\"https:\/\/fondation-lehn.fr\/projet\/aide-urgence-etudiants-chimie\/\",\"name\":\"Le programme d'aide d'urgence aux \\u00e9tudiants de chimie - Fondation Jean-Marie Lehn\",\"isPartOf\":{\"@id\":\"https:\/\/fondation-lehn.fr\/#website\"},\"primaryImageOfPage\":{\"@id\":\"https:\/\/fondation-lehn.fr\/projet\/aide-urgence-etudiants-chimie\/#primaryimage\"},\"datePublished\":\"2021-03-29T14:36:03+00:00\",\"dateModified\":\"2024-05-15T08:13:55+00:00\",\"description\":\"La Facult\\u00e9 de chimie de l\\u2019Universit\\u00e9 de Strasbourg lance un appel \\u00e0 dons pour venir en aide d\\u2019urgence aux \\u00e9tudiants en chimie impact\\u00e9s par la guerre en Ukraine. Nous avons besoin par exemple de 15 000 \\u20ac d\\u00e8s le 1er septembre 2022 pour soutenir des \\u00e9tudiants ukrainiens, priv\\u00e9s subitement de leurs bourses d\\u2019\\u00e9tudes.\",\"inLanguage\":\"en-US\",\"potentialAction\":[{\"@type\":\"ReadAction\",\"target\":[\"https:\/\/fondation-lehn.fr\/projet\/aide-urgence-etudiants-chimie\/\"]}]}]}<\/script>\n<!-- \/ Yoast SEO plugin. -->","_links":{"self":[{"href":"https:\/\/fondation-lehn.fr\/en\/wp-json\/wp\/v2\/product\/12466"}],"collection":[{"href":"https:\/\/fondation-lehn.fr\/en\/wp-json\/wp\/v2\/product"}],"about":[{"href":"https:\/\/fondation-lehn.fr\/en\/wp-json\/wp\/v2\/types\/product"}],"version-history":[{"count":131,"href":"https:\/\/fondation-lehn.fr\/en\/wp-json\/wp\/v2\/product\/12466\/revisions"}],"predecessor-version":[{"id":23505,"href":"https:\/\/fondation-lehn.fr\/en\/wp-json\/wp\/v2\/product\/12466\/revisions\/23505"}],"wp:featuredmedia":[{"embeddable":true,"href":"https:\/\/fondation-lehn.fr\/en\/wp-json\/wp\/v2\/media\/17213"}],"wp:attachment":[{"href":"https:\/\/fondation-lehn.fr\/en\/wp-json\/wp\/v2\/media?parent=12466"}],"curies":[{"name":"wp","href":"https:\/\/api.w.org\/{rel}","templated":true}]}}