{"id":6560,"date":"2020-04-09T17:08:47","date_gmt":"2020-04-09T15:08:47","guid":{"rendered":"https:\/\/icfrc.fr\/?post_type=product&#038;p=6560"},"modified":"2024-05-14T05:53:37","modified_gmt":"2024-05-14T03:53:37","slug":"dons","status":"publish","type":"product","link":"https:\/\/fondation-lehn.fr\/en\/projet\/dons\/","title":{"rendered":"Les projets"},"content":{"rendered":"\t\t<div data-elementor-type=\"product-post\" data-elementor-id=\"6560\" class=\"elementor elementor-6560\" data-elementor-post-type=\"product\">\n\t\t\t\t\t\t<section class=\"elementor-section elementor-top-section elementor-element elementor-element-9e67b16 elementor-section-boxed elementor-section-height-default elementor-section-height-default\" data-id=\"9e67b16\" data-element_type=\"section\">\n\t\t\t\t\t\t<div class=\"elementor-container elementor-column-gap-default\">\n\t\t\t\t\t<div class=\"elementor-column elementor-col-50 elementor-top-column elementor-element elementor-element-b7d208c\" data-id=\"b7d208c\" data-element_type=\"column\">\n\t\t\t<div class=\"elementor-widget-wrap elementor-element-populated\">\n\t\t\t\t\t\t<div class=\"elementor-element elementor-element-d0cd359 elementor-widget elementor-widget-text-editor\" data-id=\"d0cd359\" data-element_type=\"widget\" data-widget_type=\"text-editor.default\">\n\t\t\t\t<div class=\"elementor-widget-container\">\n\t\t\t\t\t\t\t<p>La Fondation Jean-Marie Lehn s&#8217;engage aux c\u00f4t\u00e9s de la Fondation Universit\u00e9 de Strasbourg \u00e0 soutenir l&#8217;excellence, la cr\u00e9ativit\u00e9 et l&#8217;innovation de l&#8217;Universit\u00e9 de Strasbourg et du CNRS.<\/p><p>\u00ab Tous Nobels! \u00bb est la plus ambitieuse campagne de collecte de dons port\u00e9e par les deux fondations. L\u2019objectif de 50 millions d\u2019euros \u00e0 l\u2019horizon 2022 permettra de relever de grands d\u00e9fis soci\u00e9taux. Diagnostiquer et gu\u00e9rir le cancer du foie, acc\u00e9l\u00e9rer la recherche sur de nouveaux mat\u00e9riaux respectueux de l\u2019environnement, comprendre et combattre la douleur, mieux vivre avec une maladie chronique, prendre soin des enfants atteints de maladies rares, aider les \u00e9tudiants en difficult\u00e9s financi\u00e8res\u2026<\/p>\t\t\t\t\t\t<\/div>\n\t\t\t\t<\/div>\n\t\t\t\t<div class=\"elementor-element elementor-element-342ddbd elementor-widget elementor-widget-woocommerce-product-title elementor-page-title elementor-widget-heading\" data-id=\"342ddbd\" data-element_type=\"widget\" data-widget_type=\"woocommerce-product-title.default\">\n\t\t\t\t<div class=\"elementor-widget-container\">\n\t\t\t<h1 class=\"product_title entry-title elementor-heading-title elementor-size-xl\">Les projets<\/h1>\t\t<\/div>\n\t\t\t\t<\/div>\n\t\t\t\t<div class=\"elementor-element elementor-element-7d837fc elementor-cta--layout-image-above elementor-cta--valign-top elementor-cta--skin-classic elementor-animated-content elementor-bg-transform elementor-bg-transform-zoom-in elementor-widget elementor-widget-call-to-action\" data-id=\"7d837fc\" data-element_type=\"widget\" data-widget_type=\"call-to-action.default\">\n\t\t\t\t<div class=\"elementor-widget-container\">\n\t\t\t\t\t<a class=\"elementor-cta\" data-e-bg-lazyload=\".elementor-bg\" href=\"https:\/\/fondation-lehn.fr\/\/ims\/\">\n\t\t\t\t\t<div class=\"elementor-cta__bg-wrapper\">\n\t\t\t\t<div class=\"elementor-cta__bg elementor-bg\" style=\"background-image: var(--e-bg-lazyload-loaded); --e-bg-lazyload: url(https:\/\/fondation-lehn.fr\/wp-content\/uploads\/2020\/11\/doctor-using-modern-computer-tiny-1024x806.jpg);\" role=\"img\" aria-label=\"doctor-using-modern-computer-tiny\"><\/div>\n\t\t\t\t<div class=\"elementor-cta__bg-overlay\"><\/div>\n\t\t\t<\/div>\n\t\t\t\t\t\t\t<div class=\"elementor-cta__content\">\n\t\t\t\t\n\t\t\t\t\t\t\t\t\t<h2 class=\"elementor-cta__title elementor-cta__content-item elementor-content-item\">\n\t\t\t\t\t\tInstitut du M\u00e9dicament de Strasbourg\t\t\t\t\t<\/h2>\n\t\t\t\t\n\t\t\t\t\t\t\t\t\t<div class=\"elementor-cta__description elementor-cta__content-item elementor-content-item\">\n\t\t\t\t\t\tCet institut unique en Europe est sp\u00e9cialis\u00e9 dans les recherches sur le cancer et les maladies auto-immunes, mais aussi dans les domaines de la douleur et des maladies infectieuses.\t\t\t\t\t<\/div>\n\t\t\t\t\n\t\t\t\t\t\t\t\t\t<div class=\"elementor-cta__button-wrapper elementor-cta__content-item elementor-content-item \">\n\t\t\t\t\t<span class=\"elementor-cta__button elementor-button elementor-size-sm\">\n\t\t\t\t\t\t\u00bb En savoir plus\t\t\t\t\t<\/span>\n\t\t\t\t\t<\/div>\n\t\t\t\t\t\t\t<\/div>\n\t\t\t\t\t\t<\/a>\n\t\t\t\t<\/div>\n\t\t\t\t<\/div>\n\t\t\t\t<div class=\"elementor-element elementor-element-892d610 elementor-cta--layout-image-above elementor-cta--valign-top elementor-cta--skin-classic elementor-animated-content elementor-bg-transform elementor-bg-transform-zoom-in elementor-widget elementor-widget-call-to-action\" data-id=\"892d610\" data-element_type=\"widget\" data-widget_type=\"call-to-action.default\">\n\t\t\t\t<div class=\"elementor-widget-container\">\n\t\t\t\t\t<a class=\"elementor-cta\" data-e-bg-lazyload=\".elementor-bg\" href=\"https:\/\/fondation-lehn.fr\/\/syschem\">\n\t\t\t\t\t<div class=\"elementor-cta__bg-wrapper\">\n\t\t\t\t<div class=\"elementor-cta__bg elementor-bg\" style=\"background-image: var(--e-bg-lazyload-loaded); --e-bg-lazyload: url(https:\/\/fondation-lehn.fr\/wp-content\/uploads\/2020\/07\/ISIS_2020_S-031-tiny2-1024x554.jpg);\" role=\"img\" aria-label=\"ISIS_2020_S-031-tiny2\"><\/div>\n\t\t\t\t<div class=\"elementor-cta__bg-overlay\"><\/div>\n\t\t\t<\/div>\n\t\t\t\t\t\t\t<div class=\"elementor-cta__content\">\n\t\t\t\t\n\t\t\t\t\t\t\t\t\t<h2 class=\"elementor-cta__title elementor-cta__content-item elementor-content-item\">\n\t\t\t\t\t\tSysChem, l'institut recherche & formation Chimie des syst\u00e8mes complexes\t\t\t\t\t<\/h2>\n\t\t\t\t\n\t\t\t\t\t\t\t\t\t<div class=\"elementor-cta__description elementor-cta__content-item elementor-content-item\">\n\t\t\t\t\t\tQuand la recherche de pointe et la formation d'excellence s'unissent pour porter des sujets ambitieux porteurs de progr\u00e8s dans les domaines de la sant\u00e9, de l\u2019environnement et des technologies de l\u2019information.\t\t\t\t\t<\/div>\n\t\t\t\t\n\t\t\t\t\t\t\t\t\t<div class=\"elementor-cta__button-wrapper elementor-cta__content-item elementor-content-item \">\n\t\t\t\t\t<span class=\"elementor-cta__button elementor-button elementor-size-sm\">\n\t\t\t\t\t\t\u00bb En savoir plus\t\t\t\t\t<\/span>\n\t\t\t\t\t<\/div>\n\t\t\t\t\t\t\t<\/div>\n\t\t\t\t\t\t<\/a>\n\t\t\t\t<\/div>\n\t\t\t\t<\/div>\n\t\t\t\t<div class=\"elementor-element elementor-element-de8865c elementor-cta--layout-image-above elementor-cta--valign-top elementor-cta--skin-classic elementor-animated-content elementor-bg-transform elementor-bg-transform-zoom-in elementor-widget elementor-widget-call-to-action\" data-id=\"de8865c\" data-element_type=\"widget\" data-widget_type=\"call-to-action.default\">\n\t\t\t\t<div class=\"elementor-widget-container\">\n\t\t\t\t\t<a class=\"elementor-cta\" data-e-bg-lazyload=\".elementor-bg\" href=\"https:\/\/fondation-lehn.fr\/\/projet\/aide-urgence-etudiants-chimie\/\">\n\t\t\t\t\t<div class=\"elementor-cta__bg-wrapper\">\n\t\t\t\t<div class=\"elementor-cta__bg elementor-bg\" style=\"background-image: var(--e-bg-lazyload-loaded); --e-bg-lazyload: url(https:\/\/fondation-lehn.fr\/wp-content\/uploads\/2020\/04\/side-view-of-beautiful-young-woman-freelancer-with-blue-eyes-having-bored-mournful-facial-expression-sitting-at-her-workplace-with-laptop2-tiny2-scaled.jpg);\" role=\"img\" aria-label=\"side-view-of-beautiful-young-woman-freelancer-with-blue-eyes-having-bored-mournful-facial-expression-sitting-at-her-workplace-with-laptop2-tiny2\"><\/div>\n\t\t\t\t<div class=\"elementor-cta__bg-overlay\"><\/div>\n\t\t\t<\/div>\n\t\t\t\t\t\t\t<div class=\"elementor-cta__content\">\n\t\t\t\t\n\t\t\t\t\t\t\t\t\t<h2 class=\"elementor-cta__title elementor-cta__content-item elementor-content-item\">\n\t\t\t\t\t\tProgramme d'aide d'urgence pour les \u00e9tudiants en chimie\t\t\t\t\t<\/h2>\n\t\t\t\t\n\t\t\t\t\t\t\t\t\t<div class=\"elementor-cta__description elementor-cta__content-item elementor-content-item\">\n\t\t\t\t\t\tDes aides d\u2019urgence pour celles et ceux qui ont des besoins financiers urgents  li\u00e9s \u00e0 la crise sanitaire sans pr\u00e9c\u00e9dent.\t\t\t\t\t<\/div>\n\t\t\t\t\n\t\t\t\t\t\t\t\t\t<div class=\"elementor-cta__button-wrapper elementor-cta__content-item elementor-content-item \">\n\t\t\t\t\t<span class=\"elementor-cta__button elementor-button elementor-size-sm\">\n\t\t\t\t\t\t\u00bb En savoir plus\t\t\t\t\t<\/span>\n\t\t\t\t\t<\/div>\n\t\t\t\t\t\t\t<\/div>\n\t\t\t\t\t\t<\/a>\n\t\t\t\t<\/div>\n\t\t\t\t<\/div>\n\t\t\t\t<div class=\"elementor-element elementor-element-2e50fbf elementor-cta--layout-image-above elementor-cta--valign-top elementor-cta--skin-classic elementor-animated-content elementor-bg-transform elementor-bg-transform-zoom-in elementor-widget elementor-widget-call-to-action\" data-id=\"2e50fbf\" data-element_type=\"widget\" data-widget_type=\"call-to-action.default\">\n\t\t\t\t<div class=\"elementor-widget-container\">\n\t\t\t\t\t<a class=\"elementor-cta\" data-e-bg-lazyload=\".elementor-bg\" href=\"https:\/\/fondation-lehn.fr\/\/projet\/bourses-chimie\/\">\n\t\t\t\t\t<div class=\"elementor-cta__bg-wrapper\">\n\t\t\t\t<div class=\"elementor-cta__bg elementor-bg\" style=\"background-image: var(--e-bg-lazyload-loaded); --e-bg-lazyload: url(https:\/\/fondation-lehn.fr\/wp-content\/uploads\/2020\/04\/two-happy-students-with-backpacks-and-books-in-their-hands-smiling-at-camerat-tiny2-1024x519.jpg);\" role=\"img\" aria-label=\"two-happy-students-with-backpacks-and-books-in-their-hands-smiling-at-camerat-tiny2\"><\/div>\n\t\t\t\t<div class=\"elementor-cta__bg-overlay\"><\/div>\n\t\t\t<\/div>\n\t\t\t\t\t\t\t<div class=\"elementor-cta__content\">\n\t\t\t\t\n\t\t\t\t\t\t\t\t\t<h2 class=\"elementor-cta__title elementor-cta__content-item elementor-content-item\">\n\t\t\t\t\t\tDes bourses pour soutenir de brillants \u00e9tudiants en chimie\t\t\t\t\t<\/h2>\n\t\t\t\t\n\t\t\t\t\t\t\t\t\t<div class=\"elementor-cta__description elementor-cta__content-item elementor-content-item\">\n\t\t\t\t\t\tSoutenir des \u00e9tudiants plein de talents niveau master \u00e0 la Facult\u00e9 de chimie, \u00e0 une \u00e9tape importante de leur vie.\t\t\t\t\t<\/div>\n\t\t\t\t\n\t\t\t\t\t\t\t\t\t<div class=\"elementor-cta__button-wrapper elementor-cta__content-item elementor-content-item \">\n\t\t\t\t\t<span class=\"elementor-cta__button elementor-button elementor-size-sm\">\n\t\t\t\t\t\t\u00bb En savoir plus\t\t\t\t\t<\/span>\n\t\t\t\t\t<\/div>\n\t\t\t\t\t\t\t<\/div>\n\t\t\t\t\t\t<\/a>\n\t\t\t\t<\/div>\n\t\t\t\t<\/div>\n\t\t\t\t\t<\/div>\n\t\t<\/div>\n\t\t\t\t<div class=\"elementor-column elementor-col-50 elementor-top-column elementor-element elementor-element-279c1a1 colonneDroite\" data-id=\"279c1a1\" data-element_type=\"column\" data-settings=\"{&quot;background_background&quot;:&quot;classic&quot;}\">\n\t\t\t<div class=\"elementor-widget-wrap elementor-element-populated\">\n\t\t\t\t\t\t<section class=\"elementor-section elementor-inner-section elementor-element elementor-element-19fe699 elementor-section-boxed elementor-section-height-default elementor-section-height-default\" data-id=\"19fe699\" data-element_type=\"section\">\n\t\t\t\t\t\t<div class=\"elementor-container elementor-column-gap-default\">\n\t\t\t\t\t<div class=\"elementor-column elementor-col-50 elementor-inner-column elementor-element elementor-element-cec4b5f\" data-id=\"cec4b5f\" data-element_type=\"column\">\n\t\t\t<div class=\"elementor-widget-wrap elementor-element-populated\">\n\t\t\t\t\t\t<div class=\"elementor-element elementor-element-e714983 elementor-widget elementor-widget-image\" data-id=\"e714983\" data-element_type=\"widget\" data-widget_type=\"image.default\">\n\t\t\t\t<div class=\"elementor-widget-container\">\n\t\t\t\t\t\t\t\t\t\t\t\t\t<img fetchpriority=\"high\" width=\"800\" height=\"304\" src=\"https:\/\/fondation-lehn.fr\/wp-content\/uploads\/2016\/07\/unistra.png\" class=\"attachment-large size-large wp-image-3461\" alt=\"\" \/>\t\t\t\t\t\t\t\t\t\t\t\t\t<\/div>\n\t\t\t\t<\/div>\n\t\t\t\t\t<\/div>\n\t\t<\/div>\n\t\t\t\t<div class=\"elementor-column elementor-col-50 elementor-inner-column elementor-element elementor-element-c1eaa54\" data-id=\"c1eaa54\" data-element_type=\"column\">\n\t\t\t<div class=\"elementor-widget-wrap elementor-element-populated\">\n\t\t\t\t\t\t<div class=\"elementor-element elementor-element-4e852e6 elementor-widget elementor-widget-image\" data-id=\"4e852e6\" data-element_type=\"widget\" data-widget_type=\"image.default\">\n\t\t\t\t<div class=\"elementor-widget-container\">\n\t\t\t\t\t\t\t\t\t\t\t\t\t<img width=\"800\" height=\"809\" src=\"https:\/\/fondation-lehn.fr\/wp-content\/uploads\/2020\/04\/CNRS.png\" class=\"attachment-large size-large wp-image-7072\" alt=\"\" srcset=\"https:\/\/fondation-lehn.fr\/wp-content\/uploads\/2020\/04\/CNRS.png 1012w, https:\/\/fondation-lehn.fr\/wp-content\/uploads\/2020\/04\/CNRS-296x300.png 296w, https:\/\/fondation-lehn.fr\/wp-content\/uploads\/2020\/04\/CNRS-768x777.png 768w, https:\/\/fondation-lehn.fr\/wp-content\/uploads\/2020\/04\/CNRS-600x607.png 600w, https:\/\/fondation-lehn.fr\/wp-content\/uploads\/2020\/04\/CNRS-100x100.png 100w\" sizes=\"(max-width: 800px) 100vw, 800px\" \/>\t\t\t\t\t\t\t\t\t\t\t\t\t<\/div>\n\t\t\t\t<\/div>\n\t\t\t\t\t<\/div>\n\t\t<\/div>\n\t\t\t\t\t<\/div>\n\t\t<\/section>\n\t\t\t\t<div class=\"elementor-element elementor-element-9bc4c68 elementor-widget elementor-widget-heading\" data-id=\"9bc4c68\" data-element_type=\"widget\" id=\"formDon\" data-widget_type=\"heading.default\">\n\t\t\t\t<div class=\"elementor-widget-container\">\n\t\t\t<h2 class=\"elementor-heading-title elementor-size-large\">Je souhaite soutenir :<\/h2>\t\t<\/div>\n\t\t\t\t<\/div>\n\t\t\t\t<div class=\"elementor-element elementor-element-e932aa7 elementor-add-to-cart--layout-stacked e-add-to-cart--show-quantity-yes elementor-invisible elementor-widget elementor-widget-woocommerce-product-add-to-cart\" data-id=\"e932aa7\" data-element_type=\"widget\" data-settings=\"{&quot;_animation&quot;:&quot;fadeIn&quot;}\" data-widget_type=\"woocommerce-product-add-to-cart.default\">\n\t\t\t\t<div class=\"elementor-widget-container\">\n\t\t\t\n\t\t<div class=\"elementor-add-to-cart elementor-product-variable\">\n\t\t\t\t\t<\/div>\n\n\t\t\t\t<\/div>\n\t\t\t\t<\/div>\n\t\t\t\t<div class=\"elementor-element elementor-element-e586651 elementor-widget elementor-widget-heading\" data-id=\"e586651\" data-element_type=\"widget\" data-widget_type=\"heading.default\">\n\t\t\t\t<div class=\"elementor-widget-container\">\n\t\t\t<h2 class=\"elementor-heading-title elementor-size-large\">Vos avantages fiscaux<\/h2>\t\t<\/div>\n\t\t\t\t<\/div>\n\t\t\t\t<div class=\"elementor-element elementor-element-9255004 elementor-widget elementor-widget-text-editor\" data-id=\"9255004\" data-element_type=\"widget\" data-widget_type=\"text-editor.default\">\n\t\t\t\t<div class=\"elementor-widget-container\">\n\t\t\t\t\t\t\t<p>La fondation vous d\u00e9livre un re\u00e7u fiscal pour d\u00e9duire votre don de vos imp\u00f4ts.<\/p>\n<p><strong>Si vous \u00eates assujetti(e) \u00e0 l\u2019Imp\u00f4t sur le Revenu<\/strong>, vous pouvez d\u00e9duire 66% du montant de votre don de votre imp\u00f4t, dans la limite de 20% du revenu imposable.<\/p>\n<p><strong>Si vous \u00eates assujetti(e) \u00e0 l\u2019Imp\u00f4t sur la Fortune Immobili\u00e8re (IFI, ex ISF)<\/strong>, vous pouvez d\u00e9duire 75% du montant de votre don de votre IFI dans la limite de 50000 \u20ac.<\/p>\t\t\t\t\t\t<\/div>\n\t\t\t\t<\/div>\n\t\t\t\t\t<\/div>\n\t\t<\/div>\n\t\t\t\t\t<\/div>\n\t\t<\/section>\n\t\t\t\t<section class=\"elementor-section elementor-top-section elementor-element elementor-element-2b8a56a elementor-section-boxed elementor-section-height-default elementor-section-height-default\" data-id=\"2b8a56a\" data-element_type=\"section\">\n\t\t\t\t\t\t<div class=\"elementor-container elementor-column-gap-default\">\n\t\t\t\t\t<div class=\"elementor-column elementor-col-50 elementor-top-column elementor-element elementor-element-8a4b64c\" data-id=\"8a4b64c\" data-element_type=\"column\">\n\t\t\t<div class=\"elementor-widget-wrap elementor-element-populated\">\n\t\t\t\t\t\t<div class=\"elementor-element elementor-element-f867f7a elementor-widget elementor-widget-heading\" data-id=\"f867f7a\" data-element_type=\"widget\" data-widget_type=\"heading.default\">\n\t\t\t\t<div class=\"elementor-widget-container\">\n\t\t\t<h4 class=\"elementor-heading-title elementor-size-large\">Une question ?<\/h4>\t\t<\/div>\n\t\t\t\t<\/div>\n\t\t\t\t<div class=\"elementor-element elementor-element-f96688c elementor-widget elementor-widget-text-editor\" data-id=\"f96688c\" data-element_type=\"widget\" data-widget_type=\"text-editor.default\">\n\t\t\t\t<div class=\"elementor-widget-container\">\n\t\t\t\t\t\t\t<p><strong>Ga\u00ebtan Chambon<\/strong><br \/>Relations donateurs<br \/>Tel : 03 68 85 53 05<br \/>chambon@fondation-lehn.fr<\/p><h3><u>Legs, donations, assurances-vie :<\/u> Nous sommes \u00e0 votre \u00e9coute, en toute confidentialit\u00e9 et sans aucun engagement de votre part. Contactez-nous !<\/h3>\t\t\t\t\t\t<\/div>\n\t\t\t\t<\/div>\n\t\t\t\t\t<\/div>\n\t\t<\/div>\n\t\t\t\t<div class=\"elementor-column elementor-col-50 elementor-top-column elementor-element elementor-element-2d0d03e\" data-id=\"2d0d03e\" data-element_type=\"column\">\n\t\t\t<div class=\"elementor-widget-wrap elementor-element-populated\">\n\t\t\t\t\t\t<div class=\"elementor-element elementor-element-16261b9 elementor-widget elementor-widget-heading\" data-id=\"16261b9\" data-element_type=\"widget\" data-widget_type=\"heading.default\">\n\t\t\t\t<div class=\"elementor-widget-container\">\n\t\t\t<h4 class=\"elementor-heading-title elementor-size-large\">Vous remercier de votre soutien<\/h4>\t\t<\/div>\n\t\t\t\t<\/div>\n\t\t\t\t<div class=\"elementor-element elementor-element-680d623 elementor-widget elementor-widget-text-editor\" data-id=\"680d623\" data-element_type=\"widget\" data-widget_type=\"text-editor.default\">\n\t\t\t\t<div class=\"elementor-widget-container\">\n\t\t\t\t\t\t\t<p>Pour tout don \u00e0 la Fondation Jean-Marie Lehn, vous b\u00e9n\u00e9ficiez de notre programme de reconnaissance. Selon le montant de votre don, nous nous engageons notamment \u00e0 :<\/p><ul><li>vous informer sur l\u2019impact de votre don et les avanc\u00e9es qu\u2019il aura permises<\/li><li>vous offrir une visibilit\u00e9 en associant votre nom au projet soutenu<\/li><li>vous faire participer aux temps forts de l\u2019Universit\u00e9 de Strasbourg<\/li><li>vous permettre un contact direct avec les b\u00e9n\u00e9ficiaires de votre don, qu\u2019ils soient boursiers ou experts<\/li><\/ul><p><a href=\"https:\/\/fondation-lehn.fr\/\/programme-de-reconnaissance\/\"><span style=\"color: #1797aa;\"><strong>\u00bb<\/strong> Consultez le programme d\u00e9taill\u00e9 de reconnaissance de la campagne 2018-2022.<\/span><\/a><\/p>\t\t\t\t\t\t<\/div>\n\t\t\t\t<\/div>\n\t\t\t\t\t<\/div>\n\t\t<\/div>\n\t\t\t\t\t<\/div>\n\t\t<\/section>\n\t\t\t\t<section class=\"elementor-section elementor-top-section elementor-element elementor-element-f1dd573 elementor-section-boxed elementor-section-height-default elementor-section-height-default\" data-id=\"f1dd573\" data-element_type=\"section\">\n\t\t\t\t\t\t<div class=\"elementor-container elementor-column-gap-default\">\n\t\t\t\t\t<div class=\"elementor-column elementor-col-100 elementor-top-column elementor-element elementor-element-733ddfa\" data-id=\"733ddfa\" data-element_type=\"column\">\n\t\t\t<div class=\"elementor-widget-wrap elementor-element-populated\">\n\t\t\t\t\t\t<div class=\"elementor-element elementor-element-e1d2b46 elementor-widget-divider--view-line elementor-widget elementor-widget-divider\" data-id=\"e1d2b46\" data-element_type=\"widget\" data-widget_type=\"divider.default\">\n\t\t\t\t<div class=\"elementor-widget-container\">\n\t\t\t\t\t<div class=\"elementor-divider\">\n\t\t\t<span class=\"elementor-divider-separator\">\n\t\t\t\t\t\t<\/span>\n\t\t<\/div>\n\t\t\t\t<\/div>\n\t\t\t\t<\/div>\n\t\t\t\t\t<\/div>\n\t\t<\/div>\n\t\t\t\t\t<\/div>\n\t\t<\/section>\n\t\t\t\t<\/div>\n\t\t","protected":false},"excerpt":{"rendered":"<p>La Fondation Jean-Marie Lehn s&#8217;engage aux c\u00f4t\u00e9s de la Fondation Universit\u00e9 de Strasbourg \u00e0 soutenir l&#8217;excellence, la cr\u00e9ativit\u00e9 et l&#8217;innovation de l&#8217;Universit\u00e9 de Strasbourg et du CNRS. \u00ab Tous Nobels! \u00bb est la plus ambitieuse campagne de collecte de dons port\u00e9e par les deux fondations. L\u2019objectif de 50 millions d\u2019euros \u00e0 l\u2019horizon 2022 permettra de [&hellip;]<\/p>\n","protected":false},"featured_media":7395,"template":"","meta":[],"acf":[],"yoast_head":"<!-- This site is optimized with the Yoast SEO plugin v15.5 - https:\/\/yoast.com\/wordpress\/plugins\/seo\/ -->\n<title>Les projets - Fondation Jean-Marie Lehn<\/title>\n<meta name=\"robots\" content=\"index, follow, max-snippet:-1, max-image-preview:large, max-video-preview:-1\" \/>\n<link rel=\"canonical\" href=\"https:\/\/fondation-lehn.fr\/projet\/dons\/\" \/>\n<meta property=\"og:locale\" content=\"en_US\" \/>\n<meta property=\"og:type\" content=\"article\" \/>\n<meta property=\"og:title\" content=\"Les projets - Fondation Jean-Marie Lehn\" \/>\n<meta property=\"og:description\" content=\"La Fondation Jean-Marie Lehn s&#8217;engage aux c\u00f4t\u00e9s de la Fondation Universit\u00e9 de Strasbourg \u00e0 soutenir l&#8217;excellence, la cr\u00e9ativit\u00e9 et l&#8217;innovation de l&#8217;Universit\u00e9 de Strasbourg et du CNRS. \u00ab Tous Nobels! \u00bb est la plus ambitieuse campagne de collecte de dons port\u00e9e par les deux fondations. L\u2019objectif de 50 millions d\u2019euros \u00e0 l\u2019horizon 2022 permettra de [&hellip;]\" \/>\n<meta property=\"og:url\" content=\"https:\/\/fondation-lehn.fr\/projet\/dons\/\" \/>\n<meta property=\"og:site_name\" content=\"Fondation Jean-Marie Lehn\" \/>\n<meta property=\"article:publisher\" content=\"https:\/\/www.facebook.com\/Fondation-pour-la-Recherche-en-Chimie-244345315919500\/?fref=ts\" \/>\n<meta property=\"article:modified_time\" content=\"2024-05-14T03:53:37+00:00\" \/>\n<meta name=\"twitter:card\" content=\"summary_large_image\" \/>\n<meta name=\"twitter:image\" content=\"https:\/\/fondation-lehn.fr\/wp-content\/uploads\/2020\/05\/icone-coeur-vert.svg\" \/>\n<meta name=\"twitter:site\" content=\"@Fondation_FRC\" \/>\n<meta name=\"twitter:label1\" content=\"Est. reading time\">\n\t<meta name=\"twitter:data1\" content=\"2 minutes\">\n<script type=\"application\/ld+json\" class=\"yoast-schema-graph\">{\"@context\":\"https:\/\/schema.org\",\"@graph\":[{\"@type\":\"WebSite\",\"@id\":\"https:\/\/fondation-lehn.fr\/#website\",\"url\":\"https:\/\/fondation-lehn.fr\/\",\"name\":\"Fondation Jean-Marie Lehn\",\"description\":\"La Fondation accompagne le d\\u00e9veloppement du p\\u00f4le de recherche en chimie de l&#039;Universit\\u00e9 de Strasbourg et du CNRS\",\"potentialAction\":[{\"@type\":\"SearchAction\",\"target\":\"https:\/\/fondation-lehn.fr\/?s={search_term_string}\",\"query-input\":\"required name=search_term_string\"}],\"inLanguage\":\"en-US\"},{\"@type\":\"ImageObject\",\"@id\":\"https:\/\/fondation-lehn.fr\/projet\/dons\/#primaryimage\",\"inLanguage\":\"en-US\",\"url\":\"https:\/\/fondation-lehn.fr\/wp-content\/uploads\/2020\/05\/icone-coeur-vert.svg\"},{\"@type\":\"WebPage\",\"@id\":\"https:\/\/fondation-lehn.fr\/projet\/dons\/#webpage\",\"url\":\"https:\/\/fondation-lehn.fr\/projet\/dons\/\",\"name\":\"Les projets - Fondation Jean-Marie Lehn\",\"isPartOf\":{\"@id\":\"https:\/\/fondation-lehn.fr\/#website\"},\"primaryImageOfPage\":{\"@id\":\"https:\/\/fondation-lehn.fr\/projet\/dons\/#primaryimage\"},\"datePublished\":\"2020-04-09T15:08:47+00:00\",\"dateModified\":\"2024-05-14T03:53:37+00:00\",\"inLanguage\":\"en-US\",\"potentialAction\":[{\"@type\":\"ReadAction\",\"target\":[\"https:\/\/fondation-lehn.fr\/projet\/dons\/\"]}]}]}<\/script>\n<!-- \/ Yoast SEO plugin. -->","_links":{"self":[{"href":"https:\/\/fondation-lehn.fr\/en\/wp-json\/wp\/v2\/product\/6560"}],"collection":[{"href":"https:\/\/fondation-lehn.fr\/en\/wp-json\/wp\/v2\/product"}],"about":[{"href":"https:\/\/fondation-lehn.fr\/en\/wp-json\/wp\/v2\/types\/product"}],"version-history":[{"count":159,"href":"https:\/\/fondation-lehn.fr\/en\/wp-json\/wp\/v2\/product\/6560\/revisions"}],"predecessor-version":[{"id":23481,"href":"https:\/\/fondation-lehn.fr\/en\/wp-json\/wp\/v2\/product\/6560\/revisions\/23481"}],"wp:featuredmedia":[{"embeddable":true,"href":"https:\/\/fondation-lehn.fr\/en\/wp-json\/wp\/v2\/media\/7395"}],"wp:attachment":[{"href":"https:\/\/fondation-lehn.fr\/en\/wp-json\/wp\/v2\/media?parent=6560"}],"curies":[{"name":"wp","href":"https:\/\/api.w.org\/{rel}","templated":true}]}}