{"id":7712,"date":"2020-06-10T20:38:09","date_gmt":"2020-06-10T18:38:09","guid":{"rendered":"https:\/\/icfrc.fr\/?post_type=product&#038;p=7712"},"modified":"2024-05-15T10:11:18","modified_gmt":"2024-05-15T08:11:18","slug":"ims","status":"publish","type":"product","link":"https:\/\/fondation-lehn.fr\/en\/projet\/ims\/","title":{"rendered":"Institut du M\u00e9dicament de Strasbourg"},"content":{"rendered":"\t\t<div data-elementor-type=\"product-post\" data-elementor-id=\"7712\" class=\"elementor elementor-7712\" data-elementor-post-type=\"product\">\n\t\t\t\t\t\t<section class=\"elementor-section elementor-top-section elementor-element elementor-element-86cbd3c elementor-section-stretched elementor-section-height-min-height elementor-section-items-bottom elementor-section-full_width elementor-section-height-default\" data-id=\"86cbd3c\" data-element_type=\"section\" data-settings=\"{&quot;stretch_section&quot;:&quot;section-stretched&quot;,&quot;background_background&quot;:&quot;slideshow&quot;,&quot;background_slideshow_gallery&quot;:[{&quot;id&quot;:10180,&quot;url&quot;:&quot;https:\\\/\\\/fondation-lehn.fr\\\/\\\/wp-content\\\/uploads\\\/2020\\\/11\\\/doctor-using-modern-computer-tiny3-scaled.jpg&quot;}],&quot;background_slideshow_ken_burns&quot;:&quot;yes&quot;,&quot;background_slideshow_loop&quot;:&quot;yes&quot;,&quot;background_slideshow_slide_duration&quot;:5000,&quot;background_slideshow_slide_transition&quot;:&quot;fade&quot;,&quot;background_slideshow_transition_duration&quot;:500,&quot;background_slideshow_ken_burns_zoom_direction&quot;:&quot;in&quot;}\">\n\t\t\t\t\t\t<div class=\"elementor-container elementor-column-gap-default\">\n\t\t\t\t\t<div class=\"elementor-column elementor-col-100 elementor-top-column elementor-element elementor-element-2da099e\" data-id=\"2da099e\" data-element_type=\"column\">\n\t\t\t<div class=\"elementor-widget-wrap elementor-element-populated\">\n\t\t\t\t\t\t<section class=\"elementor-section elementor-inner-section elementor-element elementor-element-7c7b114 elementor-section-boxed elementor-section-height-default elementor-section-height-default\" data-id=\"7c7b114\" data-element_type=\"section\">\n\t\t\t\t\t\t<div class=\"elementor-container elementor-column-gap-default\">\n\t\t\t\t\t<div class=\"elementor-column elementor-col-50 elementor-inner-column elementor-element elementor-element-17cdd41\" data-id=\"17cdd41\" data-element_type=\"column\">\n\t\t\t<div class=\"elementor-widget-wrap elementor-element-populated\">\n\t\t\t\t\t\t<div class=\"elementor-element elementor-element-4b624d5 elementor-widget elementor-widget-heading\" data-id=\"4b624d5\" data-element_type=\"widget\" data-widget_type=\"heading.default\">\n\t\t\t\t<div class=\"elementor-widget-container\">\n\t\t\t<h2 class=\"elementor-heading-title elementor-size-xl\">Notre v\u0153u \u00e0 tous : Faire progresser la recherche pour un monde en meilleur sant\u00e9 !<\/h2>\t\t<\/div>\n\t\t\t\t<\/div>\n\t\t\t\t\t<\/div>\n\t\t<\/div>\n\t\t\t\t<div class=\"elementor-column elementor-col-50 elementor-inner-column elementor-element elementor-element-909bff9\" data-id=\"909bff9\" data-element_type=\"column\">\n\t\t\t<div class=\"elementor-widget-wrap\">\n\t\t\t\t\t\t\t<\/div>\n\t\t<\/div>\n\t\t\t\t\t<\/div>\n\t\t<\/section>\n\t\t\t\t<div class=\"elementor-element elementor-element-0bc6834 elementor-align-left elementor-widget elementor-widget-button\" data-id=\"0bc6834\" data-element_type=\"widget\" data-widget_type=\"button.default\">\n\t\t\t\t<div class=\"elementor-widget-container\">\n\t\t\t\t\t<div class=\"elementor-button-wrapper\">\n\t\t\t<a class=\"elementor-button elementor-button-link elementor-size-sm\" href=\"https:\/\/fondation-lehn.fr\/\/projet\/projets\/\">\n\t\t\t\t\t\t<span class=\"elementor-button-content-wrapper\">\n\t\t\t\t\t\t\t\t\t<span class=\"elementor-button-text\">Retour aux projets<\/span>\n\t\t\t\t\t<\/span>\n\t\t\t\t\t<\/a>\n\t\t<\/div>\n\t\t\t\t<\/div>\n\t\t\t\t<\/div>\n\t\t\t\t\t<\/div>\n\t\t<\/div>\n\t\t\t\t\t<\/div>\n\t\t<\/section>\n\t\t\t\t<section class=\"elementor-section elementor-top-section elementor-element elementor-element-9e67b16 elementor-section-full_width elementor-section-height-default elementor-section-height-default\" data-id=\"9e67b16\" data-element_type=\"section\">\n\t\t\t\t\t\t<div class=\"elementor-container elementor-column-gap-default\">\n\t\t\t\t\t<div class=\"elementor-column elementor-col-50 elementor-top-column elementor-element elementor-element-b7d208c\" data-id=\"b7d208c\" data-element_type=\"column\" data-settings=\"{&quot;background_background&quot;:&quot;slideshow&quot;,&quot;background_slideshow_gallery&quot;:[{&quot;id&quot;:9626,&quot;url&quot;:&quot;https:\\\/\\\/fondation-lehn.fr\\\/\\\/wp-content\\\/uploads\\\/2020\\\/10\\\/fond-mol\\u00e9cules-blanche-pour-site-web-7_Plan-de-travail-1.svg&quot;}],&quot;background_slideshow_loop&quot;:&quot;yes&quot;,&quot;background_slideshow_slide_duration&quot;:5000,&quot;background_slideshow_slide_transition&quot;:&quot;fade&quot;,&quot;background_slideshow_transition_duration&quot;:500}\">\n\t\t\t<div class=\"elementor-widget-wrap elementor-element-populated\">\n\t\t\t\t\t\t<div class=\"elementor-element elementor-element-342ddbd elementor-widget elementor-widget-woocommerce-product-title elementor-page-title elementor-widget-heading\" data-id=\"342ddbd\" data-element_type=\"widget\" data-widget_type=\"woocommerce-product-title.default\">\n\t\t\t\t<div class=\"elementor-widget-container\">\n\t\t\t<h1 class=\"product_title entry-title elementor-heading-title elementor-size-xl\">L'Institut du M\u00e9dicament de Strasbourg<\/h1>\t\t<\/div>\n\t\t\t\t<\/div>\n\t\t\t\t<div class=\"elementor-element elementor-element-131804a elementor-widget elementor-widget-text-editor\" data-id=\"131804a\" data-element_type=\"widget\" data-widget_type=\"text-editor.default\">\n\t\t\t\t<div class=\"elementor-widget-container\">\n\t\t\t\t\t\t\t<p>Cet institut est <strong><span style=\"color: #ff6600;\">unique en Europe<\/span><\/strong>. Il r\u00e8gne un v\u00e9ritable climat d\u2019\u00e9mulation au sein de cette communaut\u00e9 de 200 chercheurs, des \u00e9quipes qui interagissent quotidiennement pour faire avancer la recherche m\u00e9dicale dans les domaines suivant :<\/p>\t\t\t\t\t\t<\/div>\n\t\t\t\t<\/div>\n\t\t\t\t<section class=\"elementor-section elementor-inner-section elementor-element elementor-element-7ea1204 elementor-section-boxed elementor-section-height-default elementor-section-height-default\" data-id=\"7ea1204\" data-element_type=\"section\">\n\t\t\t\t\t\t<div class=\"elementor-container elementor-column-gap-narrow\">\n\t\t\t\t\t<div class=\"elementor-column elementor-col-33 elementor-inner-column elementor-element elementor-element-1ed5151\" data-id=\"1ed5151\" data-element_type=\"column\">\n\t\t\t<div class=\"elementor-widget-wrap elementor-element-populated\">\n\t\t\t\t\t\t<div class=\"elementor-element elementor-element-317bb76 elementor-widget elementor-widget-image\" data-id=\"317bb76\" data-element_type=\"widget\" data-widget_type=\"image.default\">\n\t\t\t\t<div class=\"elementor-widget-container\">\n\t\t\t\t\t\t\t\t\t\t\t\t\t<img fetchpriority=\"high\" width=\"800\" height=\"776\" src=\"https:\/\/fondation-lehn.fr\/wp-content\/uploads\/2020\/06\/picto-IMS-cancer-1024x993.png\" class=\"attachment-large size-large wp-image-13804\" alt=\"\" srcset=\"https:\/\/fondation-lehn.fr\/wp-content\/uploads\/2020\/06\/picto-IMS-cancer-1024x993.png 1024w, https:\/\/fondation-lehn.fr\/wp-content\/uploads\/2020\/06\/picto-IMS-cancer-300x291.png 300w, https:\/\/fondation-lehn.fr\/wp-content\/uploads\/2020\/06\/picto-IMS-cancer-768x745.png 768w, https:\/\/fondation-lehn.fr\/wp-content\/uploads\/2020\/06\/picto-IMS-cancer-1536x1490.png 1536w, https:\/\/fondation-lehn.fr\/wp-content\/uploads\/2020\/06\/picto-IMS-cancer-2048x1986.png 2048w, https:\/\/fondation-lehn.fr\/wp-content\/uploads\/2020\/06\/picto-IMS-cancer-600x582.png 600w\" sizes=\"(max-width: 800px) 100vw, 800px\" \/>\t\t\t\t\t\t\t\t\t\t\t\t\t<\/div>\n\t\t\t\t<\/div>\n\t\t\t\t<div class=\"elementor-element elementor-element-421ca20 elementor-widget elementor-widget-heading\" data-id=\"421ca20\" data-element_type=\"widget\" data-widget_type=\"heading.default\">\n\t\t\t\t<div class=\"elementor-widget-container\">\n\t\t\t<h2 class=\"elementor-heading-title elementor-size-default\">Cancer<\/h2>\t\t<\/div>\n\t\t\t\t<\/div>\n\t\t\t\t\t<\/div>\n\t\t<\/div>\n\t\t\t\t<div class=\"elementor-column elementor-col-33 elementor-inner-column elementor-element elementor-element-97b6b66\" data-id=\"97b6b66\" data-element_type=\"column\">\n\t\t\t<div class=\"elementor-widget-wrap elementor-element-populated\">\n\t\t\t\t\t\t<div class=\"elementor-element elementor-element-d40cff6 elementor-widget elementor-widget-image\" data-id=\"d40cff6\" data-element_type=\"widget\" data-widget_type=\"image.default\">\n\t\t\t\t<div class=\"elementor-widget-container\">\n\t\t\t\t\t\t\t\t\t\t\t\t\t<img width=\"800\" height=\"924\" src=\"https:\/\/fondation-lehn.fr\/wp-content\/uploads\/2020\/06\/picto-IMS-douleur-887x1024.png\" class=\"attachment-large size-large wp-image-13803\" alt=\"\" srcset=\"https:\/\/fondation-lehn.fr\/wp-content\/uploads\/2020\/06\/picto-IMS-douleur-887x1024.png 887w, https:\/\/fondation-lehn.fr\/wp-content\/uploads\/2020\/06\/picto-IMS-douleur-260x300.png 260w, https:\/\/fondation-lehn.fr\/wp-content\/uploads\/2020\/06\/picto-IMS-douleur-768x886.png 768w, https:\/\/fondation-lehn.fr\/wp-content\/uploads\/2020\/06\/picto-IMS-douleur-1331x1536.png 1331w, https:\/\/fondation-lehn.fr\/wp-content\/uploads\/2020\/06\/picto-IMS-douleur-1774x2048.png 1774w, https:\/\/fondation-lehn.fr\/wp-content\/uploads\/2020\/06\/picto-IMS-douleur-600x693.png 600w\" sizes=\"(max-width: 800px) 100vw, 800px\" \/>\t\t\t\t\t\t\t\t\t\t\t\t\t<\/div>\n\t\t\t\t<\/div>\n\t\t\t\t<div class=\"elementor-element elementor-element-64677c3 elementor-widget elementor-widget-heading\" data-id=\"64677c3\" data-element_type=\"widget\" data-widget_type=\"heading.default\">\n\t\t\t\t<div class=\"elementor-widget-container\">\n\t\t\t<h2 class=\"elementor-heading-title elementor-size-default\">Douleur<\/h2>\t\t<\/div>\n\t\t\t\t<\/div>\n\t\t\t\t\t<\/div>\n\t\t<\/div>\n\t\t\t\t<div class=\"elementor-column elementor-col-33 elementor-inner-column elementor-element elementor-element-5d98259\" data-id=\"5d98259\" data-element_type=\"column\">\n\t\t\t<div class=\"elementor-widget-wrap elementor-element-populated\">\n\t\t\t\t\t\t<div class=\"elementor-element elementor-element-fbb6a8e elementor-widget elementor-widget-image\" data-id=\"fbb6a8e\" data-element_type=\"widget\" data-widget_type=\"image.default\">\n\t\t\t\t<div class=\"elementor-widget-container\">\n\t\t\t\t\t\t\t\t\t\t\t\t\t<img width=\"800\" height=\"850\" src=\"https:\/\/fondation-lehn.fr\/wp-content\/uploads\/2020\/06\/picto-IMS-inflammation-964x1024.png\" class=\"attachment-large size-large wp-image-13800\" alt=\"\" srcset=\"https:\/\/fondation-lehn.fr\/wp-content\/uploads\/2020\/06\/picto-IMS-inflammation-964x1024.png 964w, https:\/\/fondation-lehn.fr\/wp-content\/uploads\/2020\/06\/picto-IMS-inflammation-282x300.png 282w, https:\/\/fondation-lehn.fr\/wp-content\/uploads\/2020\/06\/picto-IMS-inflammation-768x816.png 768w, https:\/\/fondation-lehn.fr\/wp-content\/uploads\/2020\/06\/picto-IMS-inflammation-1446x1536.png 1446w, https:\/\/fondation-lehn.fr\/wp-content\/uploads\/2020\/06\/picto-IMS-inflammation-1927x2048.png 1927w, https:\/\/fondation-lehn.fr\/wp-content\/uploads\/2020\/06\/picto-IMS-inflammation-600x638.png 600w\" sizes=\"(max-width: 800px) 100vw, 800px\" \/>\t\t\t\t\t\t\t\t\t\t\t\t\t<\/div>\n\t\t\t\t<\/div>\n\t\t\t\t<div class=\"elementor-element elementor-element-efaff45 elementor-widget elementor-widget-heading\" data-id=\"efaff45\" data-element_type=\"widget\" data-widget_type=\"heading.default\">\n\t\t\t\t<div class=\"elementor-widget-container\">\n\t\t\t<h2 class=\"elementor-heading-title elementor-size-default\">Inflammation<\/h2>\t\t<\/div>\n\t\t\t\t<\/div>\n\t\t\t\t\t<\/div>\n\t\t<\/div>\n\t\t\t\t\t<\/div>\n\t\t<\/section>\n\t\t\t\t<section class=\"elementor-section elementor-inner-section elementor-element elementor-element-d9ec851 elementor-section-boxed elementor-section-height-default elementor-section-height-default\" data-id=\"d9ec851\" data-element_type=\"section\">\n\t\t\t\t\t\t<div class=\"elementor-container elementor-column-gap-default\">\n\t\t\t\t\t<div class=\"elementor-column elementor-col-50 elementor-inner-column elementor-element elementor-element-bca75f8\" data-id=\"bca75f8\" data-element_type=\"column\">\n\t\t\t<div class=\"elementor-widget-wrap elementor-element-populated\">\n\t\t\t\t\t\t<div class=\"elementor-element elementor-element-a107527 elementor-widget elementor-widget-image\" data-id=\"a107527\" data-element_type=\"widget\" data-widget_type=\"image.default\">\n\t\t\t\t<div class=\"elementor-widget-container\">\n\t\t\t\t\t\t\t\t\t\t\t\t\t<img loading=\"lazy\" width=\"722\" height=\"1024\" src=\"https:\/\/fondation-lehn.fr\/wp-content\/uploads\/2020\/06\/picto-IMS-neurologique-722x1024.png\" class=\"attachment-large size-large wp-image-13798\" alt=\"\" srcset=\"https:\/\/fondation-lehn.fr\/wp-content\/uploads\/2020\/06\/picto-IMS-neurologique-722x1024.png 722w, https:\/\/fondation-lehn.fr\/wp-content\/uploads\/2020\/06\/picto-IMS-neurologique-212x300.png 212w, https:\/\/fondation-lehn.fr\/wp-content\/uploads\/2020\/06\/picto-IMS-neurologique-768x1088.png 768w, https:\/\/fondation-lehn.fr\/wp-content\/uploads\/2020\/06\/picto-IMS-neurologique-1084x1536.png 1084w, https:\/\/fondation-lehn.fr\/wp-content\/uploads\/2020\/06\/picto-IMS-neurologique-1445x2048.png 1445w, https:\/\/fondation-lehn.fr\/wp-content\/uploads\/2020\/06\/picto-IMS-neurologique-600x850.png 600w\" sizes=\"(max-width: 722px) 100vw, 722px\" \/>\t\t\t\t\t\t\t\t\t\t\t\t\t<\/div>\n\t\t\t\t<\/div>\n\t\t\t\t<div class=\"elementor-element elementor-element-ce343f1 elementor-widget elementor-widget-heading\" data-id=\"ce343f1\" data-element_type=\"widget\" data-widget_type=\"heading.default\">\n\t\t\t\t<div class=\"elementor-widget-container\">\n\t\t\t<h2 class=\"elementor-heading-title elementor-size-default\">Maladies du syst\u00e8me nerveux<\/h2>\t\t<\/div>\n\t\t\t\t<\/div>\n\t\t\t\t\t<\/div>\n\t\t<\/div>\n\t\t\t\t<div class=\"elementor-column elementor-col-50 elementor-inner-column elementor-element elementor-element-7142214\" data-id=\"7142214\" data-element_type=\"column\">\n\t\t\t<div class=\"elementor-widget-wrap elementor-element-populated\">\n\t\t\t\t\t\t<div class=\"elementor-element elementor-element-ff5f95b elementor-widget elementor-widget-image\" data-id=\"ff5f95b\" data-element_type=\"widget\" data-widget_type=\"image.default\">\n\t\t\t\t<div class=\"elementor-widget-container\">\n\t\t\t\t\t\t\t\t\t\t\t\t\t<img loading=\"lazy\" width=\"745\" height=\"1024\" src=\"https:\/\/fondation-lehn.fr\/wp-content\/uploads\/2020\/06\/picto-IMS-intestinal-745x1024.png\" class=\"attachment-large size-large wp-image-13799\" alt=\"\" srcset=\"https:\/\/fondation-lehn.fr\/wp-content\/uploads\/2020\/06\/picto-IMS-intestinal-745x1024.png 745w, https:\/\/fondation-lehn.fr\/wp-content\/uploads\/2020\/06\/picto-IMS-intestinal-218x300.png 218w, https:\/\/fondation-lehn.fr\/wp-content\/uploads\/2020\/06\/picto-IMS-intestinal-768x1055.png 768w, https:\/\/fondation-lehn.fr\/wp-content\/uploads\/2020\/06\/picto-IMS-intestinal-1118x1536.png 1118w, https:\/\/fondation-lehn.fr\/wp-content\/uploads\/2020\/06\/picto-IMS-intestinal-1490x2048.png 1490w, https:\/\/fondation-lehn.fr\/wp-content\/uploads\/2020\/06\/picto-IMS-intestinal-600x825.png 600w\" sizes=\"(max-width: 745px) 100vw, 745px\" \/>\t\t\t\t\t\t\t\t\t\t\t\t\t<\/div>\n\t\t\t\t<\/div>\n\t\t\t\t<div class=\"elementor-element elementor-element-d957438 elementor-widget elementor-widget-heading\" data-id=\"d957438\" data-element_type=\"widget\" data-widget_type=\"heading.default\">\n\t\t\t\t<div class=\"elementor-widget-container\">\n\t\t\t<h2 class=\"elementor-heading-title elementor-size-default\">Maladies du syst\u00e8me digestif<\/h2>\t\t<\/div>\n\t\t\t\t<\/div>\n\t\t\t\t\t<\/div>\n\t\t<\/div>\n\t\t\t\t\t<\/div>\n\t\t<\/section>\n\t\t\t\t<section class=\"elementor-section elementor-inner-section elementor-element elementor-element-6582bf2 elementor-section-boxed elementor-section-height-default elementor-section-height-default\" data-id=\"6582bf2\" data-element_type=\"section\">\n\t\t\t\t\t\t<div class=\"elementor-container elementor-column-gap-default\">\n\t\t\t\t\t<div class=\"elementor-column elementor-col-50 elementor-inner-column elementor-element elementor-element-a1fa7b1\" data-id=\"a1fa7b1\" data-element_type=\"column\">\n\t\t\t<div class=\"elementor-widget-wrap elementor-element-populated\">\n\t\t\t\t\t\t<div class=\"elementor-element elementor-element-2029db9 elementor-widget elementor-widget-image\" data-id=\"2029db9\" data-element_type=\"widget\" data-widget_type=\"image.default\">\n\t\t\t\t<div class=\"elementor-widget-container\">\n\t\t\t\t\t\t\t\t\t\t\t\t\t<img loading=\"lazy\" width=\"800\" height=\"803\" src=\"https:\/\/fondation-lehn.fr\/wp-content\/uploads\/2020\/06\/picto-IMS-infection-1020x1024.png\" class=\"attachment-large size-large wp-image-13801\" alt=\"\" srcset=\"https:\/\/fondation-lehn.fr\/wp-content\/uploads\/2020\/06\/picto-IMS-infection-1020x1024.png 1020w, https:\/\/fondation-lehn.fr\/wp-content\/uploads\/2020\/06\/picto-IMS-infection-300x300.png 300w, https:\/\/fondation-lehn.fr\/wp-content\/uploads\/2020\/06\/picto-IMS-infection-150x150.png 150w, https:\/\/fondation-lehn.fr\/wp-content\/uploads\/2020\/06\/picto-IMS-infection-768x771.png 768w, https:\/\/fondation-lehn.fr\/wp-content\/uploads\/2020\/06\/picto-IMS-infection-1530x1536.png 1530w, https:\/\/fondation-lehn.fr\/wp-content\/uploads\/2020\/06\/picto-IMS-infection-2040x2048.png 2040w, https:\/\/fondation-lehn.fr\/wp-content\/uploads\/2020\/06\/picto-IMS-infection-600x602.png 600w, https:\/\/fondation-lehn.fr\/wp-content\/uploads\/2020\/06\/picto-IMS-infection-100x100.png 100w\" sizes=\"(max-width: 800px) 100vw, 800px\" \/>\t\t\t\t\t\t\t\t\t\t\t\t\t<\/div>\n\t\t\t\t<\/div>\n\t\t\t\t<div class=\"elementor-element elementor-element-b24b4ed elementor-widget elementor-widget-heading\" data-id=\"b24b4ed\" data-element_type=\"widget\" data-widget_type=\"heading.default\">\n\t\t\t\t<div class=\"elementor-widget-container\">\n\t\t\t<h2 class=\"elementor-heading-title elementor-size-default\">Maladies Infectieuses<\/h2>\t\t<\/div>\n\t\t\t\t<\/div>\n\t\t\t\t\t<\/div>\n\t\t<\/div>\n\t\t\t\t<div class=\"elementor-column elementor-col-50 elementor-inner-column elementor-element elementor-element-592a301\" data-id=\"592a301\" data-element_type=\"column\">\n\t\t\t<div class=\"elementor-widget-wrap elementor-element-populated\">\n\t\t\t\t\t\t<div class=\"elementor-element elementor-element-10cb4e1 elementor-widget elementor-widget-image\" data-id=\"10cb4e1\" data-element_type=\"widget\" data-widget_type=\"image.default\">\n\t\t\t\t<div class=\"elementor-widget-container\">\n\t\t\t\t\t\t\t\t\t\t\t\t\t<img loading=\"lazy\" width=\"800\" height=\"563\" src=\"https:\/\/fondation-lehn.fr\/wp-content\/uploads\/2020\/06\/picto-IMS-rare-1024x720.png\" class=\"attachment-large size-large wp-image-13797\" alt=\"\" srcset=\"https:\/\/fondation-lehn.fr\/wp-content\/uploads\/2020\/06\/picto-IMS-rare-1024x720.png 1024w, https:\/\/fondation-lehn.fr\/wp-content\/uploads\/2020\/06\/picto-IMS-rare-300x211.png 300w, https:\/\/fondation-lehn.fr\/wp-content\/uploads\/2020\/06\/picto-IMS-rare-768x540.png 768w, https:\/\/fondation-lehn.fr\/wp-content\/uploads\/2020\/06\/picto-IMS-rare-1536x1080.png 1536w, https:\/\/fondation-lehn.fr\/wp-content\/uploads\/2020\/06\/picto-IMS-rare-2048x1440.png 2048w, https:\/\/fondation-lehn.fr\/wp-content\/uploads\/2020\/06\/picto-IMS-rare-600x422.png 600w\" sizes=\"(max-width: 800px) 100vw, 800px\" \/>\t\t\t\t\t\t\t\t\t\t\t\t\t<\/div>\n\t\t\t\t<\/div>\n\t\t\t\t<div class=\"elementor-element elementor-element-032d7aa elementor-widget elementor-widget-heading\" data-id=\"032d7aa\" data-element_type=\"widget\" data-widget_type=\"heading.default\">\n\t\t\t\t<div class=\"elementor-widget-container\">\n\t\t\t<h2 class=\"elementor-heading-title elementor-size-default\">Maladies  rares<\/h2>\t\t<\/div>\n\t\t\t\t<\/div>\n\t\t\t\t\t<\/div>\n\t\t<\/div>\n\t\t\t\t\t<\/div>\n\t\t<\/section>\n\t\t\t\t<div class=\"elementor-element elementor-element-13ed1e6 elementor-widget elementor-widget-heading\" data-id=\"13ed1e6\" data-element_type=\"widget\" data-widget_type=\"heading.default\">\n\t\t\t\t<div class=\"elementor-widget-container\">\n\t\t\t<h2 class=\"elementor-heading-title elementor-size-large\">Pourquoi s'engager aux c\u00f4t\u00e9s des chercheurs de l'Institut du M\u00e9dicament de Strasbourg ?<\/h2>\t\t<\/div>\n\t\t\t\t<\/div>\n\t\t\t\t<section class=\"elementor-section elementor-inner-section elementor-element elementor-element-2f7f35f elementor-section-boxed elementor-section-height-default elementor-section-height-default\" data-id=\"2f7f35f\" data-element_type=\"section\">\n\t\t\t\t\t\t<div class=\"elementor-container elementor-column-gap-default\">\n\t\t\t\t\t<div class=\"elementor-column elementor-col-50 elementor-inner-column elementor-element elementor-element-c351f9b\" data-id=\"c351f9b\" data-element_type=\"column\">\n\t\t\t<div class=\"elementor-widget-wrap elementor-element-populated\">\n\t\t\t\t\t\t<div class=\"elementor-element elementor-element-17cac63 elementor-headline--style-rotate elementor-widget elementor-widget-animated-headline\" data-id=\"17cac63\" data-element_type=\"widget\" data-settings=\"{&quot;headline_style&quot;:&quot;rotate&quot;,&quot;animation_type&quot;:&quot;slide&quot;,&quot;rotating_text&quot;:&quot;.&quot;,&quot;loop&quot;:&quot;yes&quot;,&quot;rotate_iteration_delay&quot;:2500}\" data-widget_type=\"animated-headline.default\">\n\t\t\t\t<div class=\"elementor-widget-container\">\n\t\t\t\t\t<h3 class=\"elementor-headline elementor-headline-animation-type-slide\">\n\t\t\t\t\t<span class=\"elementor-headline-plain-text elementor-headline-text-wrapper\">1<\/span>\n\t\t\t\t<span class=\"elementor-headline-dynamic-wrapper elementor-headline-text-wrapper\">\n\t\t\t\t\t<span class=\"elementor-headline-dynamic-text elementor-headline-text-active\">\n\t\t\t\t.\t\t\t<\/span>\n\t\t\t\t\t\t<\/span>\n\t\t\t\t<\/h3>\n\t\t\t\t<\/div>\n\t\t\t\t<\/div>\n\t\t\t\t\t<\/div>\n\t\t<\/div>\n\t\t\t\t<div class=\"elementor-column elementor-col-50 elementor-inner-column elementor-element elementor-element-8d31d56\" data-id=\"8d31d56\" data-element_type=\"column\">\n\t\t\t<div class=\"elementor-widget-wrap elementor-element-populated\">\n\t\t\t\t\t\t<div class=\"elementor-element elementor-element-93cb240 elementor-widget elementor-widget-text-editor\" data-id=\"93cb240\" data-element_type=\"widget\" data-widget_type=\"text-editor.default\">\n\t\t\t\t<div class=\"elementor-widget-container\">\n\t\t\t\t\t\t\t<p>Chaque <span style=\"color: #000000;\">avanc\u00e9e<\/span>, chaque d\u00e9couverte est <span style=\"color: #ff6600;\"><strong>un pas de plus contre les maladies<\/strong><\/span> qui vous touchent directement, vous ou vos proches.<\/p>\t\t\t\t\t\t<\/div>\n\t\t\t\t<\/div>\n\t\t\t\t\t<\/div>\n\t\t<\/div>\n\t\t\t\t\t<\/div>\n\t\t<\/section>\n\t\t\t\t<section class=\"elementor-section elementor-inner-section elementor-element elementor-element-bde2ac3 elementor-section-boxed elementor-section-height-default elementor-section-height-default\" data-id=\"bde2ac3\" data-element_type=\"section\" data-settings=\"{&quot;background_background&quot;:&quot;slideshow&quot;,&quot;background_slideshow_gallery&quot;:[],&quot;background_slideshow_loop&quot;:&quot;yes&quot;,&quot;background_slideshow_slide_duration&quot;:5000,&quot;background_slideshow_slide_transition&quot;:&quot;fade&quot;,&quot;background_slideshow_transition_duration&quot;:500}\">\n\t\t\t\t\t\t<div class=\"elementor-container elementor-column-gap-default\">\n\t\t\t\t\t<div class=\"elementor-column elementor-col-50 elementor-inner-column elementor-element elementor-element-d93f6aa\" data-id=\"d93f6aa\" data-element_type=\"column\">\n\t\t\t<div class=\"elementor-widget-wrap elementor-element-populated\">\n\t\t\t\t\t\t<div class=\"elementor-element elementor-element-c575309 elementor-headline--style-rotate elementor-widget elementor-widget-animated-headline\" data-id=\"c575309\" data-element_type=\"widget\" data-settings=\"{&quot;headline_style&quot;:&quot;rotate&quot;,&quot;animation_type&quot;:&quot;slide&quot;,&quot;rotating_text&quot;:&quot;.&quot;,&quot;loop&quot;:&quot;yes&quot;,&quot;rotate_iteration_delay&quot;:2500}\" data-widget_type=\"animated-headline.default\">\n\t\t\t\t<div class=\"elementor-widget-container\">\n\t\t\t\t\t<h3 class=\"elementor-headline elementor-headline-animation-type-slide\">\n\t\t\t\t\t<span class=\"elementor-headline-plain-text elementor-headline-text-wrapper\">2<\/span>\n\t\t\t\t<span class=\"elementor-headline-dynamic-wrapper elementor-headline-text-wrapper\">\n\t\t\t\t\t<span class=\"elementor-headline-dynamic-text elementor-headline-text-active\">\n\t\t\t\t.\t\t\t<\/span>\n\t\t\t\t\t\t<\/span>\n\t\t\t\t<\/h3>\n\t\t\t\t<\/div>\n\t\t\t\t<\/div>\n\t\t\t\t\t<\/div>\n\t\t<\/div>\n\t\t\t\t<div class=\"elementor-column elementor-col-50 elementor-inner-column elementor-element elementor-element-3a44a1f\" data-id=\"3a44a1f\" data-element_type=\"column\" data-settings=\"{&quot;background_background&quot;:&quot;slideshow&quot;,&quot;background_slideshow_gallery&quot;:[],&quot;background_slideshow_loop&quot;:&quot;yes&quot;,&quot;background_slideshow_slide_duration&quot;:5000,&quot;background_slideshow_slide_transition&quot;:&quot;fade&quot;,&quot;background_slideshow_transition_duration&quot;:500}\">\n\t\t\t<div class=\"elementor-widget-wrap elementor-element-populated\">\n\t\t\t\t\t\t<div class=\"elementor-element elementor-element-92c859f elementor-widget elementor-widget-text-editor\" data-id=\"92c859f\" data-element_type=\"widget\" data-widget_type=\"text-editor.default\">\n\t\t\t\t<div class=\"elementor-widget-container\">\n\t\t\t\t\t\t\t<p>Transmettre aux g\u00e9n\u00e9rations futures, \u00e0 vos enfants et petits-enfants, <strong><span style=\"color: #ff6600;\">un monde en meilleur sant\u00e9<\/span><\/strong>.<\/p>\t\t\t\t\t\t<\/div>\n\t\t\t\t<\/div>\n\t\t\t\t\t<\/div>\n\t\t<\/div>\n\t\t\t\t\t<\/div>\n\t\t<\/section>\n\t\t\t\t<section class=\"elementor-section elementor-inner-section elementor-element elementor-element-7453f67 elementor-section-boxed elementor-section-height-default elementor-section-height-default\" data-id=\"7453f67\" data-element_type=\"section\" data-settings=\"{&quot;background_background&quot;:&quot;slideshow&quot;,&quot;background_slideshow_gallery&quot;:[],&quot;background_slideshow_loop&quot;:&quot;yes&quot;,&quot;background_slideshow_slide_duration&quot;:5000,&quot;background_slideshow_slide_transition&quot;:&quot;fade&quot;,&quot;background_slideshow_transition_duration&quot;:500}\">\n\t\t\t\t\t\t<div class=\"elementor-container elementor-column-gap-default\">\n\t\t\t\t\t<div class=\"elementor-column elementor-col-50 elementor-inner-column elementor-element elementor-element-a8f5814\" data-id=\"a8f5814\" data-element_type=\"column\">\n\t\t\t<div class=\"elementor-widget-wrap elementor-element-populated\">\n\t\t\t\t\t\t<div class=\"elementor-element elementor-element-879e11a elementor-headline--style-rotate elementor-widget elementor-widget-animated-headline\" data-id=\"879e11a\" data-element_type=\"widget\" data-settings=\"{&quot;headline_style&quot;:&quot;rotate&quot;,&quot;animation_type&quot;:&quot;slide&quot;,&quot;rotating_text&quot;:&quot;.&quot;,&quot;loop&quot;:&quot;yes&quot;,&quot;rotate_iteration_delay&quot;:2500}\" data-widget_type=\"animated-headline.default\">\n\t\t\t\t<div class=\"elementor-widget-container\">\n\t\t\t\t\t<h3 class=\"elementor-headline elementor-headline-animation-type-slide\">\n\t\t\t\t\t<span class=\"elementor-headline-plain-text elementor-headline-text-wrapper\">3<\/span>\n\t\t\t\t<span class=\"elementor-headline-dynamic-wrapper elementor-headline-text-wrapper\">\n\t\t\t\t\t<span class=\"elementor-headline-dynamic-text elementor-headline-text-active\">\n\t\t\t\t.\t\t\t<\/span>\n\t\t\t\t\t\t<\/span>\n\t\t\t\t<\/h3>\n\t\t\t\t<\/div>\n\t\t\t\t<\/div>\n\t\t\t\t\t<\/div>\n\t\t<\/div>\n\t\t\t\t<div class=\"elementor-column elementor-col-50 elementor-inner-column elementor-element elementor-element-4106330\" data-id=\"4106330\" data-element_type=\"column\" data-settings=\"{&quot;background_background&quot;:&quot;slideshow&quot;,&quot;background_slideshow_gallery&quot;:[],&quot;background_slideshow_loop&quot;:&quot;yes&quot;,&quot;background_slideshow_slide_duration&quot;:5000,&quot;background_slideshow_slide_transition&quot;:&quot;fade&quot;,&quot;background_slideshow_transition_duration&quot;:500}\">\n\t\t\t<div class=\"elementor-widget-wrap elementor-element-populated\">\n\t\t\t\t\t\t<div class=\"elementor-element elementor-element-6566288 elementor-widget elementor-widget-text-editor\" data-id=\"6566288\" data-element_type=\"widget\" data-widget_type=\"text-editor.default\">\n\t\t\t\t<div class=\"elementor-widget-container\">\n\t\t\t\t\t\t\t<p>Parce que cela n&#8217;arrive pas qu&#8217;aux autres&#8230; Avec la crise du Covid-19, nous prenons tous conscience de l&#8217;<span style=\"color: #ff6600;\"><strong>importance de pouvoir bien se soigner<\/strong><\/span>.<\/p>\t\t\t\t\t\t<\/div>\n\t\t\t\t<\/div>\n\t\t\t\t\t<\/div>\n\t\t<\/div>\n\t\t\t\t\t<\/div>\n\t\t<\/section>\n\t\t\t\t<section class=\"elementor-section elementor-inner-section elementor-element elementor-element-08f5404 elementor-section-boxed elementor-section-height-default elementor-section-height-default\" data-id=\"08f5404\" data-element_type=\"section\" data-settings=\"{&quot;background_background&quot;:&quot;slideshow&quot;,&quot;background_slideshow_gallery&quot;:[],&quot;background_slideshow_loop&quot;:&quot;yes&quot;,&quot;background_slideshow_slide_duration&quot;:5000,&quot;background_slideshow_slide_transition&quot;:&quot;fade&quot;,&quot;background_slideshow_transition_duration&quot;:500}\">\n\t\t\t\t\t\t<div class=\"elementor-container elementor-column-gap-default\">\n\t\t\t\t\t<div class=\"elementor-column elementor-col-50 elementor-inner-column elementor-element elementor-element-a0d4fc9\" data-id=\"a0d4fc9\" data-element_type=\"column\">\n\t\t\t<div class=\"elementor-widget-wrap elementor-element-populated\">\n\t\t\t\t\t\t<div class=\"elementor-element elementor-element-ba26276 elementor-headline--style-rotate elementor-widget elementor-widget-animated-headline\" data-id=\"ba26276\" data-element_type=\"widget\" data-settings=\"{&quot;headline_style&quot;:&quot;rotate&quot;,&quot;animation_type&quot;:&quot;slide&quot;,&quot;rotating_text&quot;:&quot;.&quot;,&quot;loop&quot;:&quot;yes&quot;,&quot;rotate_iteration_delay&quot;:2500}\" data-widget_type=\"animated-headline.default\">\n\t\t\t\t<div class=\"elementor-widget-container\">\n\t\t\t\t\t<h3 class=\"elementor-headline elementor-headline-animation-type-slide\">\n\t\t\t\t\t<span class=\"elementor-headline-plain-text elementor-headline-text-wrapper\">4<\/span>\n\t\t\t\t<span class=\"elementor-headline-dynamic-wrapper elementor-headline-text-wrapper\">\n\t\t\t\t\t<span class=\"elementor-headline-dynamic-text elementor-headline-text-active\">\n\t\t\t\t.\t\t\t<\/span>\n\t\t\t\t\t\t<\/span>\n\t\t\t\t<\/h3>\n\t\t\t\t<\/div>\n\t\t\t\t<\/div>\n\t\t\t\t\t<\/div>\n\t\t<\/div>\n\t\t\t\t<div class=\"elementor-column elementor-col-50 elementor-inner-column elementor-element elementor-element-6342cd9\" data-id=\"6342cd9\" data-element_type=\"column\" data-settings=\"{&quot;background_background&quot;:&quot;slideshow&quot;,&quot;background_slideshow_gallery&quot;:[],&quot;background_slideshow_loop&quot;:&quot;yes&quot;,&quot;background_slideshow_slide_duration&quot;:5000,&quot;background_slideshow_slide_transition&quot;:&quot;fade&quot;,&quot;background_slideshow_transition_duration&quot;:500}\">\n\t\t\t<div class=\"elementor-widget-wrap elementor-element-populated\">\n\t\t\t\t\t\t<div class=\"elementor-element elementor-element-f36d52d elementor-widget elementor-widget-text-editor\" data-id=\"f36d52d\" data-element_type=\"widget\" data-widget_type=\"text-editor.default\">\n\t\t\t\t<div class=\"elementor-widget-container\">\n\t\t\t\t\t\t\t<p>Soutenir l&#8217;institut c&#8217;est permettre de <strong><span style=\"color: #ff6600;\">relocaliser la production de m\u00e9dicaments en Europe <\/span><\/strong>et <strong><span style=\"color: #ff6600;\">s&#8217;assurer d&#8217;\u00eatre correctement soign\u00e9 en cas de crise sanitaire mondiale<\/span><\/strong>. Donnons aux laboratoires les moyens pour y parvenir !<\/p>\t\t\t\t\t\t<\/div>\n\t\t\t\t<\/div>\n\t\t\t\t\t<\/div>\n\t\t<\/div>\n\t\t\t\t\t<\/div>\n\t\t<\/section>\n\t\t\t\t<section class=\"elementor-section elementor-inner-section elementor-element elementor-element-3372418 elementor-section-boxed elementor-section-height-default elementor-section-height-default\" data-id=\"3372418\" data-element_type=\"section\" data-settings=\"{&quot;background_background&quot;:&quot;slideshow&quot;,&quot;background_slideshow_gallery&quot;:[],&quot;background_slideshow_loop&quot;:&quot;yes&quot;,&quot;background_slideshow_slide_duration&quot;:5000,&quot;background_slideshow_slide_transition&quot;:&quot;fade&quot;,&quot;background_slideshow_transition_duration&quot;:500}\">\n\t\t\t\t\t\t<div class=\"elementor-container elementor-column-gap-default\">\n\t\t\t\t\t<div class=\"elementor-column elementor-col-50 elementor-inner-column elementor-element elementor-element-bb3a584\" data-id=\"bb3a584\" data-element_type=\"column\">\n\t\t\t<div class=\"elementor-widget-wrap elementor-element-populated\">\n\t\t\t\t\t\t<div class=\"elementor-element elementor-element-3b3a2e7 elementor-headline--style-rotate elementor-widget elementor-widget-animated-headline\" data-id=\"3b3a2e7\" data-element_type=\"widget\" data-settings=\"{&quot;headline_style&quot;:&quot;rotate&quot;,&quot;animation_type&quot;:&quot;slide&quot;,&quot;rotating_text&quot;:&quot;.&quot;,&quot;loop&quot;:&quot;yes&quot;,&quot;rotate_iteration_delay&quot;:2500}\" data-widget_type=\"animated-headline.default\">\n\t\t\t\t<div class=\"elementor-widget-container\">\n\t\t\t\t\t<h3 class=\"elementor-headline elementor-headline-animation-type-slide\">\n\t\t\t\t\t<span class=\"elementor-headline-plain-text elementor-headline-text-wrapper\">5<\/span>\n\t\t\t\t<span class=\"elementor-headline-dynamic-wrapper elementor-headline-text-wrapper\">\n\t\t\t\t\t<span class=\"elementor-headline-dynamic-text elementor-headline-text-active\">\n\t\t\t\t.\t\t\t<\/span>\n\t\t\t\t\t\t<\/span>\n\t\t\t\t<\/h3>\n\t\t\t\t<\/div>\n\t\t\t\t<\/div>\n\t\t\t\t\t<\/div>\n\t\t<\/div>\n\t\t\t\t<div class=\"elementor-column elementor-col-50 elementor-inner-column elementor-element elementor-element-e0dfdde\" data-id=\"e0dfdde\" data-element_type=\"column\" data-settings=\"{&quot;background_background&quot;:&quot;slideshow&quot;,&quot;background_slideshow_gallery&quot;:[],&quot;background_slideshow_loop&quot;:&quot;yes&quot;,&quot;background_slideshow_slide_duration&quot;:5000,&quot;background_slideshow_slide_transition&quot;:&quot;fade&quot;,&quot;background_slideshow_transition_duration&quot;:500}\">\n\t\t\t<div class=\"elementor-widget-wrap elementor-element-populated\">\n\t\t\t\t\t\t<div class=\"elementor-element elementor-element-e9509c1 elementor-widget elementor-widget-text-editor\" data-id=\"e9509c1\" data-element_type=\"widget\" data-widget_type=\"text-editor.default\">\n\t\t\t\t<div class=\"elementor-widget-container\">\n\t\t\t\t\t\t\t<p>Par votre soutien, vous faites confiance en cette <span style=\"color: #ff6600;\"><strong>nouvelle g\u00e9n\u00e9ration de jeunes chercheurs responsables et cr\u00e9atifs<\/strong><\/span>, qui apporteront les solutions de demain.<\/p>\t\t\t\t\t\t<\/div>\n\t\t\t\t<\/div>\n\t\t\t\t\t<\/div>\n\t\t<\/div>\n\t\t\t\t\t<\/div>\n\t\t<\/section>\n\t\t\t\t<div class=\"elementor-element elementor-element-5ac0ca2 elementor-widget elementor-widget-heading\" data-id=\"5ac0ca2\" data-element_type=\"widget\" data-widget_type=\"heading.default\">\n\t\t\t\t<div class=\"elementor-widget-container\">\n\t\t\t<h2 class=\"elementor-heading-title elementor-size-large\">C'est pour toutes ces raisons que les chercheurs de l'Institut du M\u00e9dicament de Strasbourg ont besoin de votre soutien ! <p><br>Faire un don \u00e0 l'institut c'est apporter une aide directe \u00e0 la recherche pour <font color=\"#ff6600\">acc\u00e9l\u00e9rer la d\u00e9couverte de m\u00e9dicaments en France.<\/font><\/p><\/h2>\t\t<\/div>\n\t\t\t\t<\/div>\n\t\t\t\t<div class=\"elementor-element elementor-element-fe13201 elementor-position-right elementor-view-default elementor-mobile-position-top elementor-vertical-align-top elementor-invisible elementor-widget elementor-widget-icon-box\" data-id=\"fe13201\" data-element_type=\"widget\" data-settings=\"{&quot;motion_fx_motion_fx_scrolling&quot;:&quot;yes&quot;,&quot;_animation&quot;:&quot;slideInLeft&quot;,&quot;motion_fx_devices&quot;:[&quot;desktop&quot;,&quot;tablet&quot;,&quot;mobile&quot;]}\" data-widget_type=\"icon-box.default\">\n\t\t\t\t<div class=\"elementor-widget-container\">\n\t\t\t\t\t<div class=\"elementor-icon-box-wrapper\">\n\n\t\t\t\t\t\t<div class=\"elementor-icon-box-icon\">\n\t\t\t\t<span  class=\"elementor-icon elementor-animation-\">\n\t\t\t\t<i aria-hidden=\"true\" class=\"far fa-arrow-alt-circle-right\"><\/i>\t\t\t\t<\/span>\n\t\t\t<\/div>\n\t\t\t\n\t\t\t\t\t\t<div class=\"elementor-icon-box-content\">\n\n\t\t\t\t\t\t\t\t\t<h3 class=\"elementor-icon-box-title\">\n\t\t\t\t\t\t<span  >\n\t\t\t\t\t\t\tFaites un don !\t\t\t\t\t\t<\/span>\n\t\t\t\t\t<\/h3>\n\t\t\t\t\n\t\t\t\t\n\t\t\t<\/div>\n\t\t\t\n\t\t<\/div>\n\t\t\t\t<\/div>\n\t\t\t\t<\/div>\n\t\t\t\t\t<\/div>\n\t\t<\/div>\n\t\t\t\t<div class=\"elementor-column elementor-col-50 elementor-top-column elementor-element elementor-element-279c1a1\" data-id=\"279c1a1\" data-element_type=\"column\" data-settings=\"{&quot;background_background&quot;:&quot;classic&quot;}\">\n\t\t\t<div class=\"elementor-widget-wrap elementor-element-populated\">\n\t\t\t\t\t\t<div class=\"elementor-element elementor-element-d938cee elementor-headline--style-highlight elementor-widget elementor-widget-animated-headline\" data-id=\"d938cee\" data-element_type=\"widget\" data-settings=\"{&quot;highlighted_text&quot;:&quot;donne&quot;,&quot;headline_style&quot;:&quot;highlight&quot;,&quot;marker&quot;:&quot;circle&quot;,&quot;loop&quot;:&quot;yes&quot;,&quot;highlight_animation_duration&quot;:1200,&quot;highlight_iteration_delay&quot;:8000}\" data-widget_type=\"animated-headline.default\">\n\t\t\t\t<div class=\"elementor-widget-container\">\n\t\t\t\t\t<h3 class=\"elementor-headline\">\n\t\t\t\t\t<span class=\"elementor-headline-plain-text elementor-headline-text-wrapper\">Je <\/span>\n\t\t\t\t<span class=\"elementor-headline-dynamic-wrapper elementor-headline-text-wrapper\">\n\t\t\t\t\t<span class=\"elementor-headline-dynamic-text elementor-headline-text-active\">donne<\/span>\n\t\t\t\t<\/span>\n\t\t\t\t\t<span class=\"elementor-headline-plain-text elementor-headline-text-wrapper\">\u00e0 l'Institut du M\u00e9dicament<\/span>\n\t\t\t\t\t<\/h3>\n\t\t\t\t<\/div>\n\t\t\t\t<\/div>\n\t\t\t\t<div class=\"elementor-element elementor-element-8dc1e6e tostick elementor-widget elementor-widget-html\" data-id=\"8dc1e6e\" data-element_type=\"widget\" data-settings=\"{&quot;sticky&quot;:&quot;top&quot;,&quot;sticky_on&quot;:[&quot;desktop&quot;],&quot;sticky_offset&quot;:100,&quot;sticky_parent&quot;:&quot;yes&quot;,&quot;sticky_effects_offset&quot;:0}\" data-widget_type=\"html.default\">\n\t\t\t\t<div class=\"elementor-widget-container\">\n\t\t\t<div>\t\t<\/div>\n\t\t\t\t<\/div>\n\t\t\t\t<div class=\"elementor-element elementor-element-594a0da elementor-widget elementor-widget-heading\" data-id=\"594a0da\" data-element_type=\"widget\" data-widget_type=\"heading.default\">\n\t\t\t\t<div class=\"elementor-widget-container\">\n\t\t\t<h2 class=\"elementor-heading-title elementor-size-large\">Mon don aidera \u00e0 lutter contre :<\/h2>\t\t<\/div>\n\t\t\t\t<\/div>\n\t\t\t\t<div class=\"elementor-element elementor-element-e932aa7 elementor-widget__width-initial elementor-add-to-cart--align-left elementor-add-to-cart--layout-stacked e-add-to-cart--show-quantity-yes elementor-invisible elementor-widget elementor-widget-woocommerce-product-add-to-cart\" data-id=\"e932aa7\" data-element_type=\"widget\" data-settings=\"{&quot;_animation&quot;:&quot;fadeIn&quot;}\" data-widget_type=\"woocommerce-product-add-to-cart.default\">\n\t\t\t\t<div class=\"elementor-widget-container\">\n\t\t\t\n\t\t<div class=\"elementor-add-to-cart elementor-product-variable\">\n\t\t\t\t\t<\/div>\n\n\t\t\t\t<\/div>\n\t\t\t\t<\/div>\n\t\t\t\t<div class=\"elementor-element elementor-element-c93925f elementor-widget elementor-widget-html\" data-id=\"c93925f\" data-element_type=\"widget\" data-widget_type=\"html.default\">\n\t\t\t\t<div class=\"elementor-widget-container\">\n\t\t\t<\/div>\t\t<\/div>\n\t\t\t\t<\/div>\n\t\t\t\t\t<\/div>\n\t\t<\/div>\n\t\t\t\t\t<\/div>\n\t\t<\/section>\n\t\t\t\t<section class=\"elementor-section elementor-top-section elementor-element elementor-element-7a779c9 elementor-section-boxed elementor-section-height-default elementor-section-height-default\" data-id=\"7a779c9\" data-element_type=\"section\">\n\t\t\t\t\t\t<div class=\"elementor-container elementor-column-gap-default\">\n\t\t\t\t\t<div class=\"elementor-column elementor-col-50 elementor-top-column elementor-element elementor-element-015b426\" data-id=\"015b426\" data-element_type=\"column\">\n\t\t\t<div class=\"elementor-widget-wrap elementor-element-populated\">\n\t\t\t\t\t\t<div class=\"elementor-element elementor-element-bdb338e elementor-widget elementor-widget-heading\" data-id=\"bdb338e\" data-element_type=\"widget\" data-widget_type=\"heading.default\">\n\t\t\t\t<div class=\"elementor-widget-container\">\n\t\t\t<h4 class=\"elementor-heading-title elementor-size-large\">Une question ?<\/h4>\t\t<\/div>\n\t\t\t\t<\/div>\n\t\t\t\t<div class=\"elementor-element elementor-element-9eb2ff4 elementor-widget elementor-widget-text-editor\" data-id=\"9eb2ff4\" data-element_type=\"widget\" data-widget_type=\"text-editor.default\">\n\t\t\t\t<div class=\"elementor-widget-container\">\n\t\t\t\t\t\t\t<h3><strong>Fondation Jean-Marie Lehn<\/strong><\/h3><p><strong>Ga\u00ebtan Chambon, <\/strong>Relations donateurs<br \/>Tel : 03 68 85 53 05 | chambon@fondation-lehn.fr<\/p><h3>L&#8217;Institut du M\u00e9dicament :<\/h3><p><strong>Sylviane Muller, <\/strong>Directrice<\/p><table style=\"border-collapse: collapse; width: 100%;\"><tbody><tr><td style=\"width: 50%;\"><img loading=\"lazy\" class=\"alignnone wp-image-3461\" src=\"https:\/\/fondation-lehn.fr\/\/wp-content\/uploads\/2016\/07\/unistra.png\" alt=\"\" width=\"132\" height=\"50\" \/><\/td><td style=\"width: 50%;\"><img loading=\"lazy\" class=\"wp-image-7072 alignnone\" src=\"https:\/\/fondation-lehn.fr\/\/wp-content\/uploads\/2020\/04\/CNRS-296x300.png\" alt=\"\" width=\"49\" height=\"50\" srcset=\"https:\/\/fondation-lehn.fr\/wp-content\/uploads\/2020\/04\/CNRS-296x300.png 296w, https:\/\/fondation-lehn.fr\/wp-content\/uploads\/2020\/04\/CNRS-150x150.png 150w, https:\/\/fondation-lehn.fr\/wp-content\/uploads\/2020\/04\/CNRS-768x777.png 768w, https:\/\/fondation-lehn.fr\/wp-content\/uploads\/2020\/04\/CNRS-600x607.png 600w, https:\/\/fondation-lehn.fr\/wp-content\/uploads\/2020\/04\/CNRS-300x300.png 300w, https:\/\/fondation-lehn.fr\/wp-content\/uploads\/2020\/04\/CNRS-100x100.png 100w, https:\/\/fondation-lehn.fr\/wp-content\/uploads\/2020\/04\/CNRS.png 1012w\" sizes=\"(max-width: 49px) 100vw, 49px\" \/><\/td><\/tr><\/tbody><\/table>\t\t\t\t\t\t<\/div>\n\t\t\t\t<\/div>\n\t\t\t\t\t<\/div>\n\t\t<\/div>\n\t\t\t\t<div class=\"elementor-column elementor-col-50 elementor-top-column elementor-element elementor-element-3b0f2ec\" data-id=\"3b0f2ec\" data-element_type=\"column\">\n\t\t\t<div class=\"elementor-widget-wrap elementor-element-populated\">\n\t\t\t\t\t\t<div class=\"elementor-element elementor-element-ef4dd23 elementor-widget elementor-widget-heading\" data-id=\"ef4dd23\" data-element_type=\"widget\" data-widget_type=\"heading.default\">\n\t\t\t\t<div class=\"elementor-widget-container\">\n\t\t\t<h4 class=\"elementor-heading-title elementor-size-large\">Vos avantages fiscaux<\/h4>\t\t<\/div>\n\t\t\t\t<\/div>\n\t\t\t\t<div class=\"elementor-element elementor-element-57b7883 elementor-widget elementor-widget-text-editor\" data-id=\"57b7883\" data-element_type=\"widget\" data-widget_type=\"text-editor.default\">\n\t\t\t\t<div class=\"elementor-widget-container\">\n\t\t\t\t\t\t\t<p>La fondation vous d\u00e9livre un re\u00e7u fiscal pour d\u00e9duire votre don de vos imp\u00f4ts.<\/p><ul><li><strong>Si vous \u00eates assujetti(e) \u00e0 l\u2019Imp\u00f4t sur le Revenu<\/strong>, vous pouvez d\u00e9duire 66% du montant de votre don de votre imp\u00f4t, dans la limite de 20% du revenu imposable.<\/li><li><strong>Si vous \u00eates assujetti(e) \u00e0 l\u2019Imp\u00f4t sur la Fortune Immobili\u00e8re (IFI, ex ISF)<\/strong>, vous pouvez d\u00e9duire 75% du montant de votre don de votre IFI dans la limite de 50000\u20ac.<\/li><\/ul>\t\t\t\t\t\t<\/div>\n\t\t\t\t<\/div>\n\t\t\t\t<div class=\"elementor-element elementor-element-5d14ac9 elementor-widget elementor-widget-heading\" data-id=\"5d14ac9\" data-element_type=\"widget\" data-widget_type=\"heading.default\">\n\t\t\t\t<div class=\"elementor-widget-container\">\n\t\t\t<h4 class=\"elementor-heading-title elementor-size-large\">Vous remercier de votre soutien<\/h4>\t\t<\/div>\n\t\t\t\t<\/div>\n\t\t\t\t<div class=\"elementor-element elementor-element-cdcbe3f elementor-widget elementor-widget-text-editor\" data-id=\"cdcbe3f\" data-element_type=\"widget\" data-widget_type=\"text-editor.default\">\n\t\t\t\t<div class=\"elementor-widget-container\">\n\t\t\t\t\t\t\t<p>Pour tout don \u00e0 la Fondation Jean-Marie Lehn, vous b\u00e9n\u00e9ficiez de notre programme de reconnaissance. Selon le montant de votre don, nous nous engageons notamment \u00e0 :<\/p><ul><li>vous informer sur l\u2019impact de votre don et les avanc\u00e9es qu\u2019il aura permises<\/li><li>vous offrir une visibilit\u00e9 en associant votre nom au projet soutenu<\/li><li>vous faire participer aux temps forts de l\u2019Universit\u00e9 de Strasbourg<\/li><li>vous permettre un contact direct avec les b\u00e9n\u00e9ficiaires de votre don, qu\u2019ils soient boursiers ou experts<\/li><\/ul><p><a href=\"https:\/\/fondation-lehn.fr\/\/programme-de-reconnaissance\/\"><span style=\"color: #1797aa;\"><strong>\u00bb<\/strong> Consultez le programme d\u00e9taill\u00e9 de reconnaissance de la campagne 2018-2022.<\/span><\/a><\/p>\t\t\t\t\t\t<\/div>\n\t\t\t\t<\/div>\n\t\t\t\t\t<\/div>\n\t\t<\/div>\n\t\t\t\t\t<\/div>\n\t\t<\/section>\n\t\t\t\t<section class=\"elementor-section elementor-top-section elementor-element elementor-element-85f3033 elementor-section-boxed elementor-section-height-default elementor-section-height-default\" data-id=\"85f3033\" data-element_type=\"section\">\n\t\t\t\t\t\t<div class=\"elementor-container elementor-column-gap-default\">\n\t\t\t\t\t<div class=\"elementor-column elementor-col-100 elementor-top-column elementor-element elementor-element-dd1ab7e\" data-id=\"dd1ab7e\" data-element_type=\"column\">\n\t\t\t<div class=\"elementor-widget-wrap elementor-element-populated\">\n\t\t\t\t\t\t<div class=\"elementor-element elementor-element-ffe27d3 elementor-widget-divider--view-line elementor-widget elementor-widget-divider\" data-id=\"ffe27d3\" data-element_type=\"widget\" data-widget_type=\"divider.default\">\n\t\t\t\t<div class=\"elementor-widget-container\">\n\t\t\t\t\t<div class=\"elementor-divider\">\n\t\t\t<span class=\"elementor-divider-separator\">\n\t\t\t\t\t\t<\/span>\n\t\t<\/div>\n\t\t\t\t<\/div>\n\t\t\t\t<\/div>\n\t\t\t\t\t<\/div>\n\t\t<\/div>\n\t\t\t\t\t<\/div>\n\t\t<\/section>\n\t\t\t\t<\/div>\n\t\t","protected":false},"excerpt":{"rendered":"<p>Notre v\u0153u \u00e0 tous : Faire progresser la recherche pour un monde en meilleur sant\u00e9 ! Retour aux projets Cet institut est unique en Europe. Il r\u00e8gne un v\u00e9ritable climat d\u2019\u00e9mulation au sein de cette communaut\u00e9 de 200 chercheurs, des \u00e9quipes qui interagissent quotidiennement pour faire avancer la recherche m\u00e9dicale dans les domaines suivant : [&hellip;]<\/p>\n","protected":false},"featured_media":7410,"template":"","meta":[],"acf":[],"yoast_head":"<!-- This site is optimized with the Yoast SEO plugin v15.5 - https:\/\/yoast.com\/wordpress\/plugins\/seo\/ -->\n<title>Institut du M\u00e9dicament de Strasbourg - Fondation Jean-Marie Lehn<\/title>\n<meta name=\"robots\" content=\"index, follow, max-snippet:-1, max-image-preview:large, max-video-preview:-1\" \/>\n<link rel=\"canonical\" href=\"https:\/\/fondation-lehn.fr\/projet\/ims\/\" \/>\n<meta property=\"og:locale\" content=\"en_US\" \/>\n<meta property=\"og:type\" content=\"article\" \/>\n<meta property=\"og:title\" content=\"Institut du M\u00e9dicament de Strasbourg - Fondation Jean-Marie Lehn\" \/>\n<meta property=\"og:description\" content=\"Notre v\u0153u \u00e0 tous : Faire progresser la recherche pour un monde en meilleur sant\u00e9 ! Retour aux projets Cet institut est unique en Europe. Il r\u00e8gne un v\u00e9ritable climat d\u2019\u00e9mulation au sein de cette communaut\u00e9 de 200 chercheurs, des \u00e9quipes qui interagissent quotidiennement pour faire avancer la recherche m\u00e9dicale dans les domaines suivant : [&hellip;]\" \/>\n<meta property=\"og:url\" content=\"https:\/\/fondation-lehn.fr\/projet\/ims\/\" \/>\n<meta property=\"og:site_name\" content=\"Fondation Jean-Marie Lehn\" \/>\n<meta property=\"article:publisher\" content=\"https:\/\/www.facebook.com\/Fondation-pour-la-Recherche-en-Chimie-244345315919500\/?fref=ts\" \/>\n<meta property=\"article:modified_time\" content=\"2024-05-15T08:11:18+00:00\" \/>\n<meta name=\"twitter:card\" content=\"summary_large_image\" \/>\n<meta name=\"twitter:image\" content=\"https:\/\/fondation-lehn.fr\/wp-content\/uploads\/2020\/05\/icone-m\u00e9docs-vert.svg\" \/>\n<meta name=\"twitter:site\" content=\"@Fondation_FRC\" \/>\n<meta name=\"twitter:label1\" content=\"Est. reading time\">\n\t<meta name=\"twitter:data1\" content=\"2 minutes\">\n<script type=\"application\/ld+json\" class=\"yoast-schema-graph\">{\"@context\":\"https:\/\/schema.org\",\"@graph\":[{\"@type\":\"WebSite\",\"@id\":\"https:\/\/fondation-lehn.fr\/#website\",\"url\":\"https:\/\/fondation-lehn.fr\/\",\"name\":\"Fondation Jean-Marie Lehn\",\"description\":\"La Fondation accompagne le d\\u00e9veloppement du p\\u00f4le de recherche en chimie de l&#039;Universit\\u00e9 de Strasbourg et du CNRS\",\"potentialAction\":[{\"@type\":\"SearchAction\",\"target\":\"https:\/\/fondation-lehn.fr\/?s={search_term_string}\",\"query-input\":\"required name=search_term_string\"}],\"inLanguage\":\"en-US\"},{\"@type\":\"ImageObject\",\"@id\":\"https:\/\/fondation-lehn.fr\/projet\/ims\/#primaryimage\",\"inLanguage\":\"en-US\",\"url\":\"https:\/\/fondation-lehn.fr\/wp-content\/uploads\/2020\/05\/icone-m\\u00e9docs-vert.svg\"},{\"@type\":\"WebPage\",\"@id\":\"https:\/\/fondation-lehn.fr\/projet\/ims\/#webpage\",\"url\":\"https:\/\/fondation-lehn.fr\/projet\/ims\/\",\"name\":\"Institut du M\\u00e9dicament de Strasbourg - Fondation Jean-Marie Lehn\",\"isPartOf\":{\"@id\":\"https:\/\/fondation-lehn.fr\/#website\"},\"primaryImageOfPage\":{\"@id\":\"https:\/\/fondation-lehn.fr\/projet\/ims\/#primaryimage\"},\"datePublished\":\"2020-06-10T18:38:09+00:00\",\"dateModified\":\"2024-05-15T08:11:18+00:00\",\"inLanguage\":\"en-US\",\"potentialAction\":[{\"@type\":\"ReadAction\",\"target\":[\"https:\/\/fondation-lehn.fr\/projet\/ims\/\"]}]}]}<\/script>\n<!-- \/ Yoast SEO plugin. -->","_links":{"self":[{"href":"https:\/\/fondation-lehn.fr\/en\/wp-json\/wp\/v2\/product\/7712"}],"collection":[{"href":"https:\/\/fondation-lehn.fr\/en\/wp-json\/wp\/v2\/product"}],"about":[{"href":"https:\/\/fondation-lehn.fr\/en\/wp-json\/wp\/v2\/types\/product"}],"version-history":[{"count":529,"href":"https:\/\/fondation-lehn.fr\/en\/wp-json\/wp\/v2\/product\/7712\/revisions"}],"predecessor-version":[{"id":23499,"href":"https:\/\/fondation-lehn.fr\/en\/wp-json\/wp\/v2\/product\/7712\/revisions\/23499"}],"wp:featuredmedia":[{"embeddable":true,"href":"https:\/\/fondation-lehn.fr\/en\/wp-json\/wp\/v2\/media\/7410"}],"wp:attachment":[{"href":"https:\/\/fondation-lehn.fr\/en\/wp-json\/wp\/v2\/media?parent=7712"}],"curies":[{"name":"wp","href":"https:\/\/api.w.org\/{rel}","templated":true}]}}