{"id":7747,"date":"2020-06-11T11:31:37","date_gmt":"2020-06-11T09:31:37","guid":{"rendered":"https:\/\/icfrc.fr\/?post_type=product&#038;p=7747"},"modified":"2024-05-15T10:12:58","modified_gmt":"2024-05-15T08:12:58","slug":"syschem","status":"publish","type":"product","link":"https:\/\/fondation-lehn.fr\/en\/projet\/syschem\/","title":{"rendered":"SysChem | Institut Recherche &#038; Formation Chimie des Syst\u00e8mes Complexes"},"content":{"rendered":"\t\t<div data-elementor-type=\"product-post\" data-elementor-id=\"7747\" class=\"elementor elementor-7747\" data-elementor-post-type=\"product\">\n\t\t\t\t\t\t<section class=\"elementor-section elementor-top-section elementor-element elementor-element-9eee601 elementor-section-stretched elementor-section-height-min-height elementor-section-items-bottom elementor-section-full_width elementor-section-height-default\" data-id=\"9eee601\" data-element_type=\"section\" data-settings=\"{&quot;stretch_section&quot;:&quot;section-stretched&quot;,&quot;background_background&quot;:&quot;slideshow&quot;,&quot;background_slideshow_gallery&quot;:[{&quot;id&quot;:8877,&quot;url&quot;:&quot;https:\\\/\\\/fondation-lehn.fr\\\/\\\/wp-content\\\/uploads\\\/2020\\\/07\\\/ISIS_2020_S-031-tiny2.jpg&quot;}],&quot;background_slideshow_loop&quot;:&quot;yes&quot;,&quot;background_slideshow_slide_duration&quot;:5000,&quot;background_slideshow_slide_transition&quot;:&quot;fade&quot;,&quot;background_slideshow_transition_duration&quot;:500}\">\n\t\t\t\t\t\t\t<div class=\"elementor-background-overlay\"><\/div>\n\t\t\t\t\t\t\t<div class=\"elementor-container elementor-column-gap-default\">\n\t\t\t\t\t<div class=\"elementor-column elementor-col-100 elementor-top-column elementor-element elementor-element-a681198\" data-id=\"a681198\" data-element_type=\"column\" data-settings=\"{&quot;background_background&quot;:&quot;slideshow&quot;,&quot;background_slideshow_gallery&quot;:[],&quot;background_slideshow_loop&quot;:&quot;yes&quot;,&quot;background_slideshow_slide_duration&quot;:5000,&quot;background_slideshow_slide_transition&quot;:&quot;fade&quot;,&quot;background_slideshow_transition_duration&quot;:500}\">\n\t\t\t<div class=\"elementor-widget-wrap elementor-element-populated\">\n\t\t\t\t\t\t<div class=\"elementor-element elementor-element-6687cf6 elementor-align-left elementor-widget elementor-widget-button\" data-id=\"6687cf6\" data-element_type=\"widget\" data-widget_type=\"button.default\">\n\t\t\t\t<div class=\"elementor-widget-container\">\n\t\t\t\t\t<div class=\"elementor-button-wrapper\">\n\t\t\t<a class=\"elementor-button elementor-button-link elementor-size-sm\" href=\"https:\/\/fondation-lehn.fr\/\/projet\/projets\/\">\n\t\t\t\t\t\t<span class=\"elementor-button-content-wrapper\">\n\t\t\t\t\t\t\t\t\t<span class=\"elementor-button-text\">Retour aux projets<\/span>\n\t\t\t\t\t<\/span>\n\t\t\t\t\t<\/a>\n\t\t<\/div>\n\t\t\t\t<\/div>\n\t\t\t\t<\/div>\n\t\t\t\t\t<\/div>\n\t\t<\/div>\n\t\t\t\t\t<\/div>\n\t\t<\/section>\n\t\t\t\t<section class=\"elementor-section elementor-top-section elementor-element elementor-element-9e67b16 elementor-section-boxed elementor-section-height-default elementor-section-height-default\" data-id=\"9e67b16\" data-element_type=\"section\">\n\t\t\t\t\t\t<div class=\"elementor-container elementor-column-gap-default\">\n\t\t\t\t\t<div class=\"elementor-column elementor-col-50 elementor-top-column elementor-element elementor-element-b7d208c\" data-id=\"b7d208c\" data-element_type=\"column\">\n\t\t\t<div class=\"elementor-widget-wrap elementor-element-populated\">\n\t\t\t\t\t\t<div class=\"elementor-element elementor-element-342ddbd elementor-hidden-desktop elementor-hidden-tablet elementor-hidden-phone elementor-widget elementor-widget-woocommerce-product-title elementor-page-title elementor-widget-heading\" data-id=\"342ddbd\" data-element_type=\"widget\" data-widget_type=\"woocommerce-product-title.default\">\n\t\t\t\t<div class=\"elementor-widget-container\">\n\t\t\t<h2 class=\"product_title entry-title elementor-heading-title elementor-size-xl\">SysChem | Institut Recherche &#038; Formation Chimie des Syst\u00e8mes Complexes<\/h2>\t\t<\/div>\n\t\t\t\t<\/div>\n\t\t\t\t<div class=\"elementor-element elementor-element-61143a6 elementor-widget elementor-widget-heading\" data-id=\"61143a6\" data-element_type=\"widget\" data-widget_type=\"heading.default\">\n\t\t\t\t<div class=\"elementor-widget-container\">\n\t\t\t<h1 class=\"elementor-heading-title elementor-size-large\">SysChem, l'institut recherche &amp; formation sp\u00e9cialis\u00e9 en mat\u00e9riaux intelligents, technologies biom\u00e9dicales, \u00e9nergie et chimie verte<\/h1>\t\t<\/div>\n\t\t\t\t<\/div>\n\t\t\t\t<section class=\"elementor-section elementor-inner-section elementor-element elementor-element-b7804b9 elementor-section-boxed elementor-section-height-default elementor-section-height-default\" data-id=\"b7804b9\" data-element_type=\"section\">\n\t\t\t\t\t\t<div class=\"elementor-container elementor-column-gap-default\">\n\t\t\t\t\t<div class=\"elementor-column elementor-col-50 elementor-inner-column elementor-element elementor-element-699b087\" data-id=\"699b087\" data-element_type=\"column\">\n\t\t\t<div class=\"elementor-widget-wrap elementor-element-populated\">\n\t\t\t\t\t\t<div class=\"elementor-element elementor-element-41642ff elementor-widget elementor-widget-image\" data-id=\"41642ff\" data-element_type=\"widget\" data-widget_type=\"image.default\">\n\t\t\t\t<div class=\"elementor-widget-container\">\n\t\t\t\t\t\t\t\t\t\t\t\t\t<img src=\"https:\/\/fondation-lehn.fr\/wp-content\/uploads\/2020\/05\/icone-r\u00e9seau-vert.svg\" class=\"attachment-full size-full wp-image-7428\" alt=\"\" \/>\t\t\t\t\t\t\t\t\t\t\t\t\t<\/div>\n\t\t\t\t<\/div>\n\t\t\t\t\t<\/div>\n\t\t<\/div>\n\t\t\t\t<div class=\"elementor-column elementor-col-50 elementor-inner-column elementor-element elementor-element-048d2fd\" data-id=\"048d2fd\" data-element_type=\"column\">\n\t\t\t<div class=\"elementor-widget-wrap elementor-element-populated\">\n\t\t\t\t\t\t<div class=\"elementor-element elementor-element-bd7e6ad elementor-widget elementor-widget-heading\" data-id=\"bd7e6ad\" data-element_type=\"widget\" data-widget_type=\"heading.default\">\n\t\t\t\t<div class=\"elementor-widget-container\">\n\t\t\t<h4 class=\"elementor-heading-title elementor-size-medium\">Un institut alliant recherche de pointe et formation d'excellence \u00e0 Strasbourg<\/h4>\t\t<\/div>\n\t\t\t\t<\/div>\n\t\t\t\t\t<\/div>\n\t\t<\/div>\n\t\t\t\t\t<\/div>\n\t\t<\/section>\n\t\t\t\t<section class=\"elementor-section elementor-inner-section elementor-element elementor-element-1f72f17 elementor-section-boxed elementor-section-height-default elementor-section-height-default\" data-id=\"1f72f17\" data-element_type=\"section\">\n\t\t\t\t\t\t<div class=\"elementor-container elementor-column-gap-default\">\n\t\t\t\t\t<div class=\"elementor-column elementor-col-50 elementor-inner-column elementor-element elementor-element-9e6fc95\" data-id=\"9e6fc95\" data-element_type=\"column\">\n\t\t\t<div class=\"elementor-widget-wrap elementor-element-populated\">\n\t\t\t\t\t\t<div class=\"elementor-element elementor-element-3cd4b29 elementor-widget elementor-widget-image\" data-id=\"3cd4b29\" data-element_type=\"widget\" data-widget_type=\"image.default\">\n\t\t\t\t<div class=\"elementor-widget-container\">\n\t\t\t\t\t\t\t\t\t\t\t\t\t<img src=\"https:\/\/fondation-lehn.fr\/wp-content\/uploads\/2020\/05\/icone-r\u00e9seau-vert.svg\" class=\"attachment-full size-full wp-image-7428\" alt=\"\" \/>\t\t\t\t\t\t\t\t\t\t\t\t\t<\/div>\n\t\t\t\t<\/div>\n\t\t\t\t\t<\/div>\n\t\t<\/div>\n\t\t\t\t<div class=\"elementor-column elementor-col-50 elementor-inner-column elementor-element elementor-element-62e9cab\" data-id=\"62e9cab\" data-element_type=\"column\">\n\t\t\t<div class=\"elementor-widget-wrap elementor-element-populated\">\n\t\t\t\t\t\t<div class=\"elementor-element elementor-element-e11788a elementor-widget elementor-widget-heading\" data-id=\"e11788a\" data-element_type=\"widget\" data-widget_type=\"heading.default\">\n\t\t\t\t<div class=\"elementor-widget-container\">\n\t\t\t<h4 class=\"elementor-heading-title elementor-size-medium\">Une discipline \u00e9mergente reconnue \u00e0 l'internationale, n\u00e9e \u00e0 Strasbourg, porteuse de progr\u00e8s en sant\u00e9 mais aussi en environnement<\/h4>\t\t<\/div>\n\t\t\t\t<\/div>\n\t\t\t\t\t<\/div>\n\t\t<\/div>\n\t\t\t\t\t<\/div>\n\t\t<\/section>\n\t\t\t\t<section class=\"elementor-section elementor-inner-section elementor-element elementor-element-d61e9c8 elementor-section-boxed elementor-section-height-default elementor-section-height-default\" data-id=\"d61e9c8\" data-element_type=\"section\">\n\t\t\t\t\t\t<div class=\"elementor-container elementor-column-gap-default\">\n\t\t\t\t\t<div class=\"elementor-column elementor-col-100 elementor-inner-column elementor-element elementor-element-115a4dd\" data-id=\"115a4dd\" data-element_type=\"column\">\n\t\t\t<div class=\"elementor-widget-wrap elementor-element-populated\">\n\t\t\t\t\t\t<div class=\"elementor-element elementor-element-2d1073a elementor-widget elementor-widget-heading\" data-id=\"2d1073a\" data-element_type=\"widget\" data-widget_type=\"heading.default\">\n\t\t\t\t<div class=\"elementor-widget-container\">\n\t\t\t<h4 class=\"elementor-heading-title elementor-size-large\">Pourquoi s'engager aux c\u00f4t\u00e9s des chercheurs et \u00e9tudiants de SysChem ?<\/h4>\t\t<\/div>\n\t\t\t\t<\/div>\n\t\t\t\t\t<\/div>\n\t\t<\/div>\n\t\t\t\t\t<\/div>\n\t\t<\/section>\n\t\t\t\t<section class=\"elementor-section elementor-inner-section elementor-element elementor-element-350ce61 elementor-section-boxed elementor-section-height-default elementor-section-height-default\" data-id=\"350ce61\" data-element_type=\"section\">\n\t\t\t\t\t\t<div class=\"elementor-container elementor-column-gap-default\">\n\t\t\t\t\t<div class=\"elementor-column elementor-col-50 elementor-inner-column elementor-element elementor-element-86c2f08\" data-id=\"86c2f08\" data-element_type=\"column\">\n\t\t\t<div class=\"elementor-widget-wrap elementor-element-populated\">\n\t\t\t\t\t\t<div class=\"elementor-element elementor-element-95dc9ec elementor-widget elementor-widget-image\" data-id=\"95dc9ec\" data-element_type=\"widget\" data-widget_type=\"image.default\">\n\t\t\t\t<div class=\"elementor-widget-container\">\n\t\t\t\t\t\t\t\t\t\t\t\t\t<img src=\"https:\/\/fondation-lehn.fr\/wp-content\/uploads\/2020\/05\/icone-ADN-vert.svg\" class=\"attachment-full size-full wp-image-7387\" alt=\"\" \/>\t\t\t\t\t\t\t\t\t\t\t\t\t<\/div>\n\t\t\t\t<\/div>\n\t\t\t\t\t<\/div>\n\t\t<\/div>\n\t\t\t\t<div class=\"elementor-column elementor-col-50 elementor-inner-column elementor-element elementor-element-13f6aac\" data-id=\"13f6aac\" data-element_type=\"column\">\n\t\t\t<div class=\"elementor-widget-wrap elementor-element-populated\">\n\t\t\t\t\t\t<div class=\"elementor-element elementor-element-717f923 elementor-widget elementor-widget-heading\" data-id=\"717f923\" data-element_type=\"widget\" data-widget_type=\"heading.default\">\n\t\t\t\t<div class=\"elementor-widget-container\">\n\t\t\t<h2 class=\"elementor-heading-title elementor-size-default\">Un monde en meilleur sant\u00e9 !<\/h2>\t\t<\/div>\n\t\t\t\t<\/div>\n\t\t\t\t<div class=\"elementor-element elementor-element-296dd9d elementor-widget elementor-widget-text-editor\" data-id=\"296dd9d\" data-element_type=\"widget\" data-widget_type=\"text-editor.default\">\n\t\t\t\t<div class=\"elementor-widget-container\">\n\t\t\t\t\t\t\t<p>Contribuer \u00e0 lutter contre les maladies qui vous touchent directement, vous ou vos proches.<\/p>\t\t\t\t\t\t<\/div>\n\t\t\t\t<\/div>\n\t\t\t\t\t<\/div>\n\t\t<\/div>\n\t\t\t\t\t<\/div>\n\t\t<\/section>\n\t\t\t\t<section class=\"elementor-section elementor-inner-section elementor-element elementor-element-0a860e9 elementor-section-boxed elementor-section-height-default elementor-section-height-default\" data-id=\"0a860e9\" data-element_type=\"section\">\n\t\t\t\t\t\t<div class=\"elementor-container elementor-column-gap-default\">\n\t\t\t\t\t<div class=\"elementor-column elementor-col-50 elementor-inner-column elementor-element elementor-element-232498e\" data-id=\"232498e\" data-element_type=\"column\">\n\t\t\t<div class=\"elementor-widget-wrap elementor-element-populated\">\n\t\t\t\t\t\t<div class=\"elementor-element elementor-element-1fe69f9 elementor-widget elementor-widget-image\" data-id=\"1fe69f9\" data-element_type=\"widget\" data-widget_type=\"image.default\">\n\t\t\t\t<div class=\"elementor-widget-container\">\n\t\t\t\t\t\t\t\t\t\t\t\t\t<img src=\"https:\/\/fondation-lehn.fr\/wp-content\/uploads\/2020\/05\/icone-\u00e9oliennes-vert.svg\" class=\"attachment-full size-full wp-image-7399\" alt=\"\" \/>\t\t\t\t\t\t\t\t\t\t\t\t\t<\/div>\n\t\t\t\t<\/div>\n\t\t\t\t\t<\/div>\n\t\t<\/div>\n\t\t\t\t<div class=\"elementor-column elementor-col-50 elementor-inner-column elementor-element elementor-element-37f1b8c\" data-id=\"37f1b8c\" data-element_type=\"column\">\n\t\t\t<div class=\"elementor-widget-wrap elementor-element-populated\">\n\t\t\t\t\t\t<div class=\"elementor-element elementor-element-c5fa8b7 elementor-widget elementor-widget-heading\" data-id=\"c5fa8b7\" data-element_type=\"widget\" data-widget_type=\"heading.default\">\n\t\t\t\t<div class=\"elementor-widget-container\">\n\t\t\t<h2 class=\"elementor-heading-title elementor-size-default\">Produire et consommer durablement ! Communiquer et voyager autrement !<\/h2>\t\t<\/div>\n\t\t\t\t<\/div>\n\t\t\t\t<div class=\"elementor-element elementor-element-c87238f elementor-widget elementor-widget-text-editor\" data-id=\"c87238f\" data-element_type=\"widget\" data-widget_type=\"text-editor.default\">\n\t\t\t\t<div class=\"elementor-widget-container\">\n\t\t\t\t\t\t\t<p>Contribuer au d\u00e9veloppement des \u00e9nergies renouvelables et des mat\u00e9riaux recyclables nouvelle g\u00e9n\u00e9ration<strong>.<\/strong><\/p>\t\t\t\t\t\t<\/div>\n\t\t\t\t<\/div>\n\t\t\t\t\t<\/div>\n\t\t<\/div>\n\t\t\t\t\t<\/div>\n\t\t<\/section>\n\t\t\t\t<section class=\"elementor-section elementor-inner-section elementor-element elementor-element-878ca72 elementor-section-boxed elementor-section-height-default elementor-section-height-default\" data-id=\"878ca72\" data-element_type=\"section\">\n\t\t\t\t\t\t<div class=\"elementor-container elementor-column-gap-default\">\n\t\t\t\t\t<div class=\"elementor-column elementor-col-50 elementor-inner-column elementor-element elementor-element-ff9c2a3\" data-id=\"ff9c2a3\" data-element_type=\"column\">\n\t\t\t<div class=\"elementor-widget-wrap elementor-element-populated\">\n\t\t\t\t\t\t<div class=\"elementor-element elementor-element-3e7005a elementor-widget elementor-widget-image\" data-id=\"3e7005a\" data-element_type=\"widget\" data-widget_type=\"image.default\">\n\t\t\t\t<div class=\"elementor-widget-container\">\n\t\t\t\t\t\t\t\t\t\t\t\t\t<img src=\"https:\/\/fondation-lehn.fr\/wp-content\/uploads\/2020\/05\/icone-microscope-vert.svg\" class=\"attachment-full size-full wp-image-7412\" alt=\"\" \/>\t\t\t\t\t\t\t\t\t\t\t\t\t<\/div>\n\t\t\t\t<\/div>\n\t\t\t\t\t<\/div>\n\t\t<\/div>\n\t\t\t\t<div class=\"elementor-column elementor-col-50 elementor-inner-column elementor-element elementor-element-0aad436\" data-id=\"0aad436\" data-element_type=\"column\">\n\t\t\t<div class=\"elementor-widget-wrap elementor-element-populated\">\n\t\t\t\t\t\t<div class=\"elementor-element elementor-element-50f614c elementor-widget elementor-widget-heading\" data-id=\"50f614c\" data-element_type=\"widget\" data-widget_type=\"heading.default\">\n\t\t\t\t<div class=\"elementor-widget-container\">\n\t\t\t<h2 class=\"elementor-heading-title elementor-size-default\">Faire progresser la recherche !<\/h2>\t\t<\/div>\n\t\t\t\t<\/div>\n\t\t\t\t<div class=\"elementor-element elementor-element-ccd4150 elementor-widget elementor-widget-text-editor\" data-id=\"ccd4150\" data-element_type=\"widget\" data-widget_type=\"text-editor.default\">\n\t\t\t\t<div class=\"elementor-widget-container\">\n\t\t\t\t\t\t\t<p>S&#8217;associer au progr\u00e8s de cette nouvelle g\u00e9n\u00e9ration de chercheurs responsables et cr\u00e9atifs.<\/p>\t\t\t\t\t\t<\/div>\n\t\t\t\t<\/div>\n\t\t\t\t\t<\/div>\n\t\t<\/div>\n\t\t\t\t\t<\/div>\n\t\t<\/section>\n\t\t\t\t<div class=\"elementor-element elementor-element-a3c6b4e elementor-widget elementor-widget-heading\" data-id=\"a3c6b4e\" data-element_type=\"widget\" data-widget_type=\"heading.default\">\n\t\t\t\t<div class=\"elementor-widget-container\">\n\t\t\t<h2 class=\"elementor-heading-title elementor-size-medium\">C'est pour toutes ces raisons que les chercheurs en chimie de Strasbourg ont besoin de votre soutien ! <p><br>\nFaire un don c'est apporter <font color=#ff6600> un soutien direct \u00e0 la recherche pour des jeunes chercheurs talentueux<\/font> \u00e0 une \u00e9tape importante de leur carri\u00e8re !<\/font><\/h2>\t\t<\/div>\n\t\t\t\t<\/div>\n\t\t\t\t<div class=\"elementor-element elementor-element-5194313 elementor-position-right elementor-view-default elementor-mobile-position-top elementor-vertical-align-top elementor-invisible elementor-widget elementor-widget-icon-box\" data-id=\"5194313\" data-element_type=\"widget\" data-settings=\"{&quot;motion_fx_motion_fx_scrolling&quot;:&quot;yes&quot;,&quot;_animation&quot;:&quot;slideInLeft&quot;,&quot;motion_fx_devices&quot;:[&quot;desktop&quot;,&quot;tablet&quot;,&quot;mobile&quot;]}\" data-widget_type=\"icon-box.default\">\n\t\t\t\t<div class=\"elementor-widget-container\">\n\t\t\t\t\t<div class=\"elementor-icon-box-wrapper\">\n\n\t\t\t\t\t\t<div class=\"elementor-icon-box-icon\">\n\t\t\t\t<span  class=\"elementor-icon elementor-animation-\">\n\t\t\t\t<i aria-hidden=\"true\" class=\"far fa-arrow-alt-circle-right\"><\/i>\t\t\t\t<\/span>\n\t\t\t<\/div>\n\t\t\t\n\t\t\t\t\t\t<div class=\"elementor-icon-box-content\">\n\n\t\t\t\t\t\t\t\t\t<h3 class=\"elementor-icon-box-title\">\n\t\t\t\t\t\t<span  >\n\t\t\t\t\t\t\tFaites un don !\t\t\t\t\t\t<\/span>\n\t\t\t\t\t<\/h3>\n\t\t\t\t\n\t\t\t\t\n\t\t\t<\/div>\n\t\t\t\n\t\t<\/div>\n\t\t\t\t<\/div>\n\t\t\t\t<\/div>\n\t\t\t\t\t<\/div>\n\t\t<\/div>\n\t\t\t\t<div class=\"elementor-column elementor-col-50 elementor-top-column elementor-element elementor-element-279c1a1\" data-id=\"279c1a1\" data-element_type=\"column\" data-settings=\"{&quot;background_background&quot;:&quot;classic&quot;}\">\n\t\t\t<div class=\"elementor-widget-wrap elementor-element-populated\">\n\t\t\t\t\t\t<section class=\"elementor-section elementor-inner-section elementor-element elementor-element-a050f2a elementor-section-boxed elementor-section-height-default elementor-section-height-default\" data-id=\"a050f2a\" data-element_type=\"section\">\n\t\t\t\t\t\t<div class=\"elementor-container elementor-column-gap-default\">\n\t\t\t\t\t<div class=\"elementor-column elementor-col-100 elementor-inner-column elementor-element elementor-element-9c6aca6\" data-id=\"9c6aca6\" data-element_type=\"column\">\n\t\t\t<div class=\"elementor-widget-wrap elementor-element-populated\">\n\t\t\t\t\t\t<div class=\"elementor-element elementor-element-e7dc766 elementor-headline--style-highlight elementor-widget elementor-widget-animated-headline\" data-id=\"e7dc766\" data-element_type=\"widget\" data-settings=\"{&quot;highlighted_text&quot;:&quot;donne&quot;,&quot;headline_style&quot;:&quot;highlight&quot;,&quot;marker&quot;:&quot;circle&quot;,&quot;loop&quot;:&quot;yes&quot;,&quot;highlight_animation_duration&quot;:1200,&quot;highlight_iteration_delay&quot;:8000}\" data-widget_type=\"animated-headline.default\">\n\t\t\t\t<div class=\"elementor-widget-container\">\n\t\t\t\t\t<h3 class=\"elementor-headline\">\n\t\t\t\t\t<span class=\"elementor-headline-plain-text elementor-headline-text-wrapper\">Je <\/span>\n\t\t\t\t<span class=\"elementor-headline-dynamic-wrapper elementor-headline-text-wrapper\">\n\t\t\t\t\t<span class=\"elementor-headline-dynamic-text elementor-headline-text-active\">donne<\/span>\n\t\t\t\t<\/span>\n\t\t\t\t\t<span class=\"elementor-headline-plain-text elementor-headline-text-wrapper\">pour faire progresser la recherche !<\/span>\n\t\t\t\t\t<\/h3>\n\t\t\t\t<\/div>\n\t\t\t\t<\/div>\n\t\t\t\t\t<\/div>\n\t\t<\/div>\n\t\t\t\t\t<\/div>\n\t\t<\/section>\n\t\t\t\t<div class=\"elementor-element elementor-element-e932aa7 elementor-add-to-cart--layout-stacked e-add-to-cart--show-quantity-yes elementor-widget elementor-widget-woocommerce-product-add-to-cart\" data-id=\"e932aa7\" data-element_type=\"widget\" data-settings=\"{&quot;sticky&quot;:&quot;top&quot;,&quot;sticky_on&quot;:[&quot;desktop&quot;],&quot;sticky_offset&quot;:110,&quot;sticky_parent&quot;:&quot;yes&quot;,&quot;sticky_effects_offset&quot;:0}\" data-widget_type=\"woocommerce-product-add-to-cart.default\">\n\t\t\t\t<div class=\"elementor-widget-container\">\n\t\t\t\n\t\t<div class=\"elementor-add-to-cart elementor-product-simple\">\n\t\t\t\t\t<\/div>\n\n\t\t\t\t<\/div>\n\t\t\t\t<\/div>\n\t\t\t\t\t<\/div>\n\t\t<\/div>\n\t\t\t\t\t<\/div>\n\t\t<\/section>\n\t\t\t\t<section class=\"elementor-section elementor-top-section elementor-element elementor-element-ffe470c elementor-section-boxed elementor-section-height-default elementor-section-height-default\" data-id=\"ffe470c\" data-element_type=\"section\">\n\t\t\t\t\t\t<div class=\"elementor-container elementor-column-gap-default\">\n\t\t\t\t\t<div class=\"elementor-column elementor-col-50 elementor-top-column elementor-element elementor-element-c281cb9\" data-id=\"c281cb9\" data-element_type=\"column\">\n\t\t\t<div class=\"elementor-widget-wrap elementor-element-populated\">\n\t\t\t\t\t\t<div class=\"elementor-element elementor-element-e183e4d elementor-widget elementor-widget-heading\" data-id=\"e183e4d\" data-element_type=\"widget\" data-widget_type=\"heading.default\">\n\t\t\t\t<div class=\"elementor-widget-container\">\n\t\t\t<h4 class=\"elementor-heading-title elementor-size-large\">Une question ?<\/h4>\t\t<\/div>\n\t\t\t\t<\/div>\n\t\t\t\t<div class=\"elementor-element elementor-element-5440b02 elementor-widget elementor-widget-text-editor\" data-id=\"5440b02\" data-element_type=\"widget\" data-widget_type=\"text-editor.default\">\n\t\t\t\t<div class=\"elementor-widget-container\">\n\t\t\t\t\t\t\t<h3><strong>Fondation Jean-Marie Lehn<\/strong><\/h3><p><strong>Ga\u00ebtan Chambon, <\/strong>Relations Donateurs<br \/>Tel : 03 68 85 53 05 | chambon@fondation-lehn.fr<\/p><table><tbody><tr><td><img class=\"alignnone wp-image-3461\" src=\"https:\/\/fondation-lehn.fr\/\/wp-content\/uploads\/2016\/07\/unistra.png\" alt=\"\" width=\"132\" height=\"50\" \/><\/td><td><img class=\"wp-image-7072 alignnone\" src=\"https:\/\/fondation-lehn.fr\/\/wp-content\/uploads\/2020\/04\/CNRS-296x300.png\" alt=\"\" width=\"49\" height=\"50\" srcset=\"https:\/\/fondation-lehn.fr\/wp-content\/uploads\/2020\/04\/CNRS-296x300.png 296w, https:\/\/fondation-lehn.fr\/wp-content\/uploads\/2020\/04\/CNRS-150x150.png 150w, https:\/\/fondation-lehn.fr\/wp-content\/uploads\/2020\/04\/CNRS-768x777.png 768w, https:\/\/fondation-lehn.fr\/wp-content\/uploads\/2020\/04\/CNRS-600x607.png 600w, https:\/\/fondation-lehn.fr\/wp-content\/uploads\/2020\/04\/CNRS-300x300.png 300w, https:\/\/fondation-lehn.fr\/wp-content\/uploads\/2020\/04\/CNRS-100x100.png 100w, https:\/\/fondation-lehn.fr\/wp-content\/uploads\/2020\/04\/CNRS.png 1012w\" sizes=\"(max-width: 49px) 100vw, 49px\" \/><\/td><\/tr><\/tbody><\/table>\t\t\t\t\t\t<\/div>\n\t\t\t\t<\/div>\n\t\t\t\t\t<\/div>\n\t\t<\/div>\n\t\t\t\t<div class=\"elementor-column elementor-col-50 elementor-top-column elementor-element elementor-element-dd2ada2\" data-id=\"dd2ada2\" data-element_type=\"column\">\n\t\t\t<div class=\"elementor-widget-wrap elementor-element-populated\">\n\t\t\t\t\t\t<div class=\"elementor-element elementor-element-ff652e6 elementor-widget elementor-widget-heading\" data-id=\"ff652e6\" data-element_type=\"widget\" data-widget_type=\"heading.default\">\n\t\t\t\t<div class=\"elementor-widget-container\">\n\t\t\t<h4 class=\"elementor-heading-title elementor-size-large\">Vos avantages fiscaux<\/h4>\t\t<\/div>\n\t\t\t\t<\/div>\n\t\t\t\t<div class=\"elementor-element elementor-element-d3fb35b elementor-widget elementor-widget-text-editor\" data-id=\"d3fb35b\" data-element_type=\"widget\" data-widget_type=\"text-editor.default\">\n\t\t\t\t<div class=\"elementor-widget-container\">\n\t\t\t\t\t\t\t<p>La fondation vous d\u00e9livre un re\u00e7u fiscal pour d\u00e9duire votre don de vos imp\u00f4ts.<\/p><ul><li><strong>Si vous \u00eates assujetti(e) \u00e0 l\u2019Imp\u00f4t sur le Revenu<\/strong>, vous pouvez d\u00e9duire 66% du montant de votre don de votre imp\u00f4t, dans la limite de 20% du revenu imposable.<\/li><li><strong>Si vous \u00eates assujetti(e) \u00e0 l\u2019Imp\u00f4t sur la Fortune Immobili\u00e8re (IFI, ex ISF)<\/strong>, vous pouvez d\u00e9duire 75% du montant de votre don de votre IFI dans la limite de 50000 \u20ac.<\/li><\/ul>\t\t\t\t\t\t<\/div>\n\t\t\t\t<\/div>\n\t\t\t\t<div class=\"elementor-element elementor-element-af5ef17 elementor-widget elementor-widget-heading\" data-id=\"af5ef17\" data-element_type=\"widget\" data-widget_type=\"heading.default\">\n\t\t\t\t<div class=\"elementor-widget-container\">\n\t\t\t<h4 class=\"elementor-heading-title elementor-size-large\">Vous remercier de votre soutien<\/h4>\t\t<\/div>\n\t\t\t\t<\/div>\n\t\t\t\t<div class=\"elementor-element elementor-element-1abd52b elementor-widget elementor-widget-text-editor\" data-id=\"1abd52b\" data-element_type=\"widget\" data-widget_type=\"text-editor.default\">\n\t\t\t\t<div class=\"elementor-widget-container\">\n\t\t\t\t\t\t\t<p>Pour tout don \u00e0 la Fondation Jean-Marie Lehn, vous b\u00e9n\u00e9ficiez de notre programme de reconnaissance. Selon le montant de votre don, nous nous engageons notamment \u00e0 :<\/p><ul><li>vous informer sur l\u2019impact de votre don et les avanc\u00e9es qu\u2019il aura permises<\/li><li>vous offrir une visibilit\u00e9 en associant votre nom au projet soutenu<\/li><li>vous faire participer aux temps forts de l\u2019Universit\u00e9 de Strasbourg<\/li><li>vous permettre un contact direct avec les b\u00e9n\u00e9ficiaires de votre don, qu\u2019ils soient boursiers ou experts<\/li><\/ul><p><a href=\"https:\/\/fondation-lehn.fr\/\/programme-de-reconnaissance\/\"><span style=\"color: #1797aa;\"><strong>\u00bb<\/strong> Consultez le programme d\u00e9taill\u00e9 de reconnaissance de la campagne 2018-2022.<\/span><\/a><\/p>\t\t\t\t\t\t<\/div>\n\t\t\t\t<\/div>\n\t\t\t\t\t<\/div>\n\t\t<\/div>\n\t\t\t\t\t<\/div>\n\t\t<\/section>\n\t\t\t\t<section class=\"elementor-section elementor-top-section elementor-element elementor-element-fe57ec2 elementor-section-boxed elementor-section-height-default elementor-section-height-default\" data-id=\"fe57ec2\" data-element_type=\"section\">\n\t\t\t\t\t\t<div class=\"elementor-container elementor-column-gap-default\">\n\t\t\t\t\t<div class=\"elementor-column elementor-col-100 elementor-top-column elementor-element elementor-element-bd3b44a\" data-id=\"bd3b44a\" data-element_type=\"column\">\n\t\t\t<div class=\"elementor-widget-wrap elementor-element-populated\">\n\t\t\t\t\t\t<div class=\"elementor-element elementor-element-be3a49e elementor-widget-divider--view-line elementor-widget elementor-widget-divider\" data-id=\"be3a49e\" data-element_type=\"widget\" data-widget_type=\"divider.default\">\n\t\t\t\t<div class=\"elementor-widget-container\">\n\t\t\t\t\t<div class=\"elementor-divider\">\n\t\t\t<span class=\"elementor-divider-separator\">\n\t\t\t\t\t\t<\/span>\n\t\t<\/div>\n\t\t\t\t<\/div>\n\t\t\t\t<\/div>\n\t\t\t\t\t<\/div>\n\t\t<\/div>\n\t\t\t\t\t<\/div>\n\t\t<\/section>\n\t\t\t\t<\/div>\n\t\t","protected":false},"excerpt":{"rendered":"<p>Retour aux projets SysChem, l&#8217;institut recherche &amp; formation sp\u00e9cialis\u00e9 en mat\u00e9riaux intelligents, technologies biom\u00e9dicales, \u00e9nergie et chimie verte Un institut alliant recherche de pointe et formation d&#8217;excellence \u00e0 Strasbourg Une discipline \u00e9mergente reconnue \u00e0 l&#8217;internationale, n\u00e9e \u00e0 Strasbourg, porteuse de progr\u00e8s en sant\u00e9 mais aussi en environnement Pourquoi s&#8217;engager aux c\u00f4t\u00e9s des chercheurs et \u00e9tudiants [&hellip;]<\/p>\n","protected":false},"featured_media":7414,"template":"","meta":[],"acf":[],"yoast_head":"<!-- This site is optimized with the Yoast SEO plugin v15.5 - https:\/\/yoast.com\/wordpress\/plugins\/seo\/ -->\n<title>SysChem | Institut Recherche &amp; Formation Chimie des Syst\u00e8mes Complexes - Fondation Jean-Marie Lehn<\/title>\n<meta name=\"robots\" content=\"index, follow, max-snippet:-1, max-image-preview:large, max-video-preview:-1\" \/>\n<link rel=\"canonical\" href=\"https:\/\/fondation-lehn.fr\/projet\/syschem\/\" \/>\n<meta property=\"og:locale\" content=\"en_US\" \/>\n<meta property=\"og:type\" content=\"article\" \/>\n<meta property=\"og:title\" content=\"SysChem | Institut Recherche &amp; Formation Chimie des Syst\u00e8mes Complexes - Fondation Jean-Marie Lehn\" \/>\n<meta property=\"og:description\" content=\"Retour aux projets SysChem, l&#8217;institut recherche &amp; formation sp\u00e9cialis\u00e9 en mat\u00e9riaux intelligents, technologies biom\u00e9dicales, \u00e9nergie et chimie verte Un institut alliant recherche de pointe et formation d&#8217;excellence \u00e0 Strasbourg Une discipline \u00e9mergente reconnue \u00e0 l&#8217;internationale, n\u00e9e \u00e0 Strasbourg, porteuse de progr\u00e8s en sant\u00e9 mais aussi en environnement Pourquoi s&#8217;engager aux c\u00f4t\u00e9s des chercheurs et \u00e9tudiants [&hellip;]\" \/>\n<meta property=\"og:url\" content=\"https:\/\/fondation-lehn.fr\/projet\/syschem\/\" \/>\n<meta property=\"og:site_name\" content=\"Fondation Jean-Marie Lehn\" \/>\n<meta property=\"article:publisher\" content=\"https:\/\/www.facebook.com\/Fondation-pour-la-Recherche-en-Chimie-244345315919500\/?fref=ts\" \/>\n<meta property=\"article:modified_time\" content=\"2024-05-15T08:12:58+00:00\" \/>\n<meta name=\"twitter:card\" content=\"summary_large_image\" \/>\n<meta name=\"twitter:image\" content=\"https:\/\/fondation-lehn.fr\/wp-content\/uploads\/2020\/05\/icone-mol\u00e9cule-vert.svg\" \/>\n<meta name=\"twitter:site\" content=\"@Fondation_FRC\" \/>\n<meta name=\"twitter:label1\" content=\"Est. reading time\">\n\t<meta name=\"twitter:data1\" content=\"1 minute\">\n<script type=\"application\/ld+json\" class=\"yoast-schema-graph\">{\"@context\":\"https:\/\/schema.org\",\"@graph\":[{\"@type\":\"WebSite\",\"@id\":\"https:\/\/fondation-lehn.fr\/#website\",\"url\":\"https:\/\/fondation-lehn.fr\/\",\"name\":\"Fondation Jean-Marie Lehn\",\"description\":\"La Fondation accompagne le d\\u00e9veloppement du p\\u00f4le de recherche en chimie de l&#039;Universit\\u00e9 de Strasbourg et du CNRS\",\"potentialAction\":[{\"@type\":\"SearchAction\",\"target\":\"https:\/\/fondation-lehn.fr\/?s={search_term_string}\",\"query-input\":\"required name=search_term_string\"}],\"inLanguage\":\"en-US\"},{\"@type\":\"ImageObject\",\"@id\":\"https:\/\/fondation-lehn.fr\/projet\/syschem\/#primaryimage\",\"inLanguage\":\"en-US\",\"url\":\"https:\/\/fondation-lehn.fr\/wp-content\/uploads\/2020\/05\/icone-mol\\u00e9cule-vert.svg\"},{\"@type\":\"WebPage\",\"@id\":\"https:\/\/fondation-lehn.fr\/projet\/syschem\/#webpage\",\"url\":\"https:\/\/fondation-lehn.fr\/projet\/syschem\/\",\"name\":\"SysChem | Institut Recherche & Formation Chimie des Syst\\u00e8mes Complexes - Fondation Jean-Marie Lehn\",\"isPartOf\":{\"@id\":\"https:\/\/fondation-lehn.fr\/#website\"},\"primaryImageOfPage\":{\"@id\":\"https:\/\/fondation-lehn.fr\/projet\/syschem\/#primaryimage\"},\"datePublished\":\"2020-06-11T09:31:37+00:00\",\"dateModified\":\"2024-05-15T08:12:58+00:00\",\"inLanguage\":\"en-US\",\"potentialAction\":[{\"@type\":\"ReadAction\",\"target\":[\"https:\/\/fondation-lehn.fr\/projet\/syschem\/\"]}]}]}<\/script>\n<!-- \/ Yoast SEO plugin. -->","_links":{"self":[{"href":"https:\/\/fondation-lehn.fr\/en\/wp-json\/wp\/v2\/product\/7747"}],"collection":[{"href":"https:\/\/fondation-lehn.fr\/en\/wp-json\/wp\/v2\/product"}],"about":[{"href":"https:\/\/fondation-lehn.fr\/en\/wp-json\/wp\/v2\/types\/product"}],"version-history":[{"count":208,"href":"https:\/\/fondation-lehn.fr\/en\/wp-json\/wp\/v2\/product\/7747\/revisions"}],"predecessor-version":[{"id":23502,"href":"https:\/\/fondation-lehn.fr\/en\/wp-json\/wp\/v2\/product\/7747\/revisions\/23502"}],"wp:featuredmedia":[{"embeddable":true,"href":"https:\/\/fondation-lehn.fr\/en\/wp-json\/wp\/v2\/media\/7414"}],"wp:attachment":[{"href":"https:\/\/fondation-lehn.fr\/en\/wp-json\/wp\/v2\/media?parent=7747"}],"curies":[{"name":"wp","href":"https:\/\/api.w.org\/{rel}","templated":true}]}}